{"id":8201,"date":"2023-07-30T00:03:36","date_gmt":"2023-07-30T00:03:36","guid":{"rendered":"https:\/\/portosma.com.br\/?page_id=8201"},"modified":"2024-12-01T14:10:51","modified_gmt":"2024-12-01T14:10:51","slug":"pagina-especial-da-soamar-brasil","status":"publish","type":"page","link":"https:\/\/portosma.com.br\/index.php\/pagina-especial-da-soamar-brasil\/","title":{"rendered":"P\u00e1gina especial da Soamar Brasil"},"content":{"rendered":"<h1><a href=\"https:\/\/portosma.com.br\/index.php\/anuario-da-soamar-brasil-ano-2024\/\"><img fetchpriority=\"high\" decoding=\"async\" class=\"alignnone wp-image-19132 size-full\" src=\"https:\/\/portosma.com.br\/wp-content\/uploads\/2024\/12\/ANUARIO-SB-2024.jpg\" alt=\"\" width=\"900\" height=\"319\" srcset=\"https:\/\/portosma.com.br\/wp-content\/uploads\/2024\/12\/ANUARIO-SB-2024.jpg 900w, https:\/\/portosma.com.br\/wp-content\/uploads\/2024\/12\/ANUARIO-SB-2024-300x106.jpg 300w, https:\/\/portosma.com.br\/wp-content\/uploads\/2024\/12\/ANUARIO-SB-2024-768x272.jpg 768w\" sizes=\"(max-width: 900px) 100vw, 900px\" \/><\/a><\/h1>\n<h1><em><strong>Jorge Eduardo Pessoa Arag\u00e3o \u00e9 o novo presidente da Soamar Brasil<\/strong><\/em><\/h1>\n<h4><em><strong>O Soamarino da Soamar Recife, Jorge Eduardo Pessoa de Arag\u00e3o, recebeu a &#8220;Cana do Leme&#8221; das m\u00e3os de Orson Ant\u00f4nio Feres Moraes R\u00eago.<\/strong><\/em><\/h4>\n<p>A Sociedade Amigos do Brasil realizou no \u00faltimo dia 15\/11, no Audit\u00f3rio da Escola de Marinheiros do Estado de Pernambuco, a sua XXIV Conven\u00e7\u00e3o Nacional e Assembleia Geral Extraordin\u00e1ria com os seguintes objetivos: elei\u00e7\u00e3o do vice-presidente para o per\u00edodo de 2024\/206, a posse dos novos membros do seu Conselho Consultivo e, por \u00faltimo, a passagem da \u201cCana do Leme\u201d do ent\u00e3o presidente Orson Ant\u00f4nio Feres Moraes R\u00eago para o agora novo presidente Jorge Eduardo Pessoa Arag\u00e3o. A cerim\u00f4nia c\u00edvico-militar aconteceu sob o comando do Almirante de Esquadra Claudio Henrique MELLO de Almeida que, na oportunidade, representou o Almirante de Esquadra Marcos Sampaio OLSEN, Comandante da Marinha do Brasil.<\/p>\n<p>Foi eleito para o cargo de vice-presidente da Soamar Brasil o senhor Ant\u00f4nio Carlos Martins, atual presidente da Soamar do Distrito Federal. Os novos membros do Conselho Consultivo empossados s\u00e3o os ex-presidentes da Soamae Brasil Joanilson de Paula R\u00eago, Ant\u00f4nio Alberto Coutinho, Vilmar Rivoire, Luiz Mariano Rebelo, Meton C\u00e9sar de Vasconcelos, C\u00e9sar Amorim Krieger e Orson Ant\u00f4nio Feres Moraes R\u00eago.<\/p>\n<p>Prestigiaram a solenidade as seguintes autoridades: Almirante de Esquadra Mello (Comandante de Opera\u00e7\u00f5es Navais), no ato, representando o Comandante da Marinha. Almirante de Esquadra Alipio Jorge, Vice-Almirante Andr\u00e9 Ferreira(Chefe De Gabinete Do Comandante Da Marinha); Vice-Almirante Reis Leite (Comandante do&nbsp; 3\u00baDN), Contra- Almirante Pavoni, Vice-Almirante Afr\u00e2nio, VA Leandro, Contra Almirante Bueno, General de Divis\u00e3o Ananias, General de Divis\u00e3o Gomes de Matos. Tamb\u00e9m prestigiaram o evento os ex-presidentes da Soamar Brasil: Meton de Vasconcelos e Cesar Krieger. Al\u00e9m dos presidentes das Soamares Regionais, o evento teve ainda a presen\u00e7a do Presidente do CONAPRA&nbsp; Bruno Fonseca e o representantes da Empresa de Praticagem Pernambuco Pilots.<\/p>\n<h4><span style=\"color: #333399;\">Palavras de Agradecimentos e Despedidas de Orson Ant\u00f4nio Feres Moraes R\u00eago<\/span><\/h4>\n<p><img decoding=\"async\" class=\"alignnone wp-image-18826 size-full\" src=\"https:\/\/portosma.com.br\/wp-content\/uploads\/2024\/11\/SB2024-01.jpg\" alt=\"\" width=\"900\" height=\"381\" srcset=\"https:\/\/portosma.com.br\/wp-content\/uploads\/2024\/11\/SB2024-01.jpg 900w, https:\/\/portosma.com.br\/wp-content\/uploads\/2024\/11\/SB2024-01-300x127.jpg 300w, https:\/\/portosma.com.br\/wp-content\/uploads\/2024\/11\/SB2024-01-768x325.jpg 768w\" sizes=\"(max-width: 900px) 100vw, 900px\" \/><\/p>\n<p>Hoje, chegando ao final do mandato \u00e0 frente da Soamar Brasil e, ap\u00f3s exatos 1.469 dias deste long\u00ednquo segundo mandato como Presidente desta nobre institui\u00e7\u00e3o, passa um filme em minha cabe\u00e7a fazendo-me lembrar da expectativa e emo\u00e7\u00e3o com que fui tomado quando assumi, em S\u00e3o Lu\u00eds, no dia 16 de Novembro de 2016, o cargo de Presidente da Diretoria Executiva da Soamar Brasil pela 1\u00aa vez. Recordo-me que, ap\u00f3s as elei\u00e7\u00f5es ocorridas em Novembro de 2014, durante a XX Conven\u00e7\u00e3o da Soamar Brasil, em Vit\u00f3ria-ES, dizia a alguns Presidentes e Soamarinos que est\u00e1vamos com um enorme desafio pela frente. L\u00e1 mesmo, iniciei os trabalhos como Vice-Presidente da Soamar Brasil, quando comecei a estudar com mais profundidade alguns casos de Soamares Regionais.<\/p>\n<p>\u00c0 \u00e9poca, juntamente como saudoso Presidente Valter Porto, fizemos um acordo consciente para minimizarmos o desafio que t\u00ednhamos pela frente e reiterava ali a minha motiva\u00e7\u00e3o por aquela nova e estimulante miss\u00e3o direcionada a mim pelos Presidentes e Soamarinos presentes naquela elei\u00e7\u00e3o. Ao cumprir o meu primeiro ciclo, em 2018 e ser eleito novamente Vice-Presidente da Soamar Brasil na XXII Conven\u00e7\u00e3o Nacional da Soamar Brasil, obedecendo o rito de nosso Estatuto, vi que ainda poderia dar muito mais, que ainda tinha muita coisa pra ser feita em prol da nossa Soamar Brasil e humildemente, al\u00e9m de Vice-Presidente tornei-me um Conselheiro com um pouco mais de experi\u00eancia na gest\u00e3o da Soamar.<\/p>\n<p>Hoje, constato que esse tempo foi repleto de realiza\u00e7\u00f5es. Muitos desafios existiram e me exigiram vontade de vencer, determina\u00e7\u00e3o para n\u00e3o me abater perante as dificuldades e confian\u00e7a para executar as demandas de nossa administra\u00e7\u00e3o. Para tal, nunca deixei de me por \u00e0 disposi\u00e7\u00e3o do trabalho e de acompanhar o Presidente Cesar Krieger, visando \u00e0 \u00e9poca, estruturar o que seria a nossa Diretoria Executiva para segunda Gest\u00e3o de 2020 a 2022, por\u00e9m, vieram as enormes dificuldades que enfrentamos no Brasil e no mundo. Crise Sanit\u00e1ria, momentos pol\u00edticos conturbados pelo qual viv\u00edamos me fez bem entender os Convites para posterga\u00e7\u00e3o de meu mandato que, em car\u00e1ter extraordin\u00e1rio, votado e aprovado por nossos Presidentes, fora ampliado pelos anos de 2023 e 2024.<\/p>\n<p>Neste momento, ao avistar o atracadouro no que ser\u00e1 o meu \u00faltimo aportamento neste segundo ciclo na Presid\u00eancia da Soamar Brasil, e ao me deparar com o t\u00e9rmino de minha singradura, meu cora\u00e7\u00e3o se enche de um sentimento amb\u00edguo, misto de nostalgia e alegria, criado, ora pelo fim do mandato, ora pela reconfortante sensa\u00e7\u00e3o do dever cumprido. Foram dias intensos, vividos com extrema dedica\u00e7\u00e3o ao mandato a mim confiado. Iniciando minhas despedidas, \u00e9 dever de justi\u00e7a registrar os agradecimentos \u00e0queles que colaboraram para o exerc\u00edcio do meu cargo.<\/p>\n<p>Primeiramente, deixo patentes meus agradecimentos ao Almirante de Esquadra Marcos Sampaio OLSEN, Comandante da Marinha, nesta cerim\u00f4nia representada pelo Almirante de Esquadra Claudio Henrique MELLO de Almeida, que muito me honra ao presidir esta cerim\u00f4nia. A presen\u00e7as de Vossas Excel\u00eancias traz muito orgulho a todos n\u00f3s. Ao Almirante OLSEN, sei que desde o primeiro dia de sua gest\u00e3o, Vossa Excel\u00eancia emprestou seu prest\u00edgio, lideran\u00e7a e capacidade em prol da nossa SOAMAR BRASIL. De forma inteligente, soube ver e entender as demandas da Soamar e, com de orienta\u00e7\u00f5es e a\u00e7\u00f5es singelas e objetivas, impulsionou nossa institui\u00e7\u00e3o e estimulou nossos Soamarinos. Mesmo diante de sua intensa agenda, o Comandante da Marinha n\u00e3o poupou esfor\u00e7os para manter contato cont\u00ednuo com cada Soamarino e com todas as Soamares regionais, muitas vezes durante visitas e inspe\u00e7\u00f5es \u00e0s unidades da Marinha em todo o Brasil. Senhor Almirante, n\u00e3o tenho como agradecer pelo apoio de Vossa Excel\u00eancia para o fortalecimento de nossa Soamar Brasil. Pode ter a certeza de que, a mesma marca de sua administra\u00e7\u00e3o no tim\u00e3o da Marinha, com a incorpora\u00e7\u00e3o de importantes navios, submarinos, aeronaves e equipamentos de fuzileiros navais e com o aperfei\u00e7oamento de seu pessoal, tem reflexo na sua SOAMAR e nos seus soamarinos, espelhados no exemplo de Vossa Excel\u00eancia. N\u00e3o posso deixar de agradecer \u00e0 Sra. Rosaly Marcella Olsen, sempre presente ao lado do nosso Comandante, mas tamb\u00e9m liderando as Volunt\u00e1rias Cisne Branco. Tem sido marcante a aproxima\u00e7\u00e3o e parceria entre as VCB e as SOAMARES em todo o Brasil.<\/p>\n<p>Agrade\u00e7o a amigos que sempre me apoiaram e estimularam e que aqui est\u00e3o presentes, a Almirante de Esquadra (Rf\u00b0) Al\u00edpio Jorge, Almirante de Esquadra ((Rf\u00b0) \u00d6berg, Aos Srs. Almirantes de Esquadra que comp\u00f5em o Almirantado, aos sempre sol\u00edcitos e cordiais entusiastas da Soamar, e aos Vice-Almirantes Comandantes de Distritos e suas OMs subordinadas, que sempre nos receberam com distin\u00e7\u00e3o. Aos Almirantes Rodrigo Otavio Fernandes de H\u00f4nkis, Almirante Wilson Pereira de Lima Filho, que nunca mediram esfor\u00e7os para fazer a Soamar ser difundida.<\/p>\n<p>Ao amigo Contra-Almirante PAVONI, atual Diretor do Centro de Comunica\u00e7\u00f5es da Marinha e sua tripula\u00e7\u00f5es de Bras\u00edlia e Rio de Janeiro, que t\u00e3o bem nos acolhem e tentam ao m\u00e1ximo solucionar as demandas da Soamar Brasil e de outras Soamares. Sabemos que esses anos foram at\u00edpicos e que muitas \u201cfainas\u201d em paralelo aconteceram, mas vossa boa vontade em nos pronto atender faz a diferen\u00e7a. Agrade\u00e7o tamb\u00e9m a todos os Almirantes e Oficiais de diversas patentes, Pra\u00e7as e Civis que comp\u00f5em a Marinha do Brasil pela considera\u00e7\u00e3o, apoio, orienta\u00e7\u00f5es, a conviv\u00eancia social e apre\u00e7o com que distinguiram a mim e a nossa Soamar Brasil.<\/p>\n<p>Em uma men\u00e7\u00e3o muito especial, meu agradecimento com louvor ao Almirante de Esquadra (RM1) Flavio Augusto Viana ROCHA. Quando Diretor do Centro de Comunica\u00e7\u00f5es da Marinha foi um verdadeiro e incans\u00e1vel \u201cBandeirante\u201d. Juntamente comigo, desbravamos o Brasil por onde eu jamais imaginaria em ir. Al\u00e9m de divulgarmos as atividades da Marinha e da SOAMAR em diferentes rinc\u00f5es, novas culturas foram conhecidas, 07 novas Soamares foram implantadas, 02 foram reimplantas e 07 recuperadas. Mas, principalmente, muitos AMIGOS novos foram conquistados. Esse \u00e9 o meu legado pessoal. A amizade que fiz com Vossa Excel\u00eancia, que sempre demonstrou um sentimento especial \u00e0 SOAMAR t\u00e3o rec\u00edproco quanto o nosso amor pela Marinha. Honrou-me muito ter desfrutado de sua conviv\u00eancia e de seu time do CCSM. Nos momentos em que todos estavam descansando, est\u00e1vamos em busca de novos amigos procurando estabelecer uma nova Associa\u00e7\u00e3o que se espelhasse em nossa Marinha do Brasil. Tenho a certeza de que esta experi\u00eancia se tornou um marco para a continuidade da Soamar Brasil. Ia esquecendo que, ter vossa presen\u00e7a at\u00e9 em dias atuais em Cerim\u00f4nias de passagem de Cargos de Presidentes de outras Soamares Regionais do Brasil afora muito engrandeceu cada evento prestigiado. De cora\u00e7\u00e3o, meu muito obrigado.<\/p>\n<p>Da mesma forma, aos amigos Comandantes de OMs que prestigiaram nossa Soamar Brasil e Soamares Regionais, aproveito para deixar o meu respeito e considera\u00e7\u00e3o prof\u00edcuos. Sem o apoio de todos, incluindo as diversas tripula\u00e7\u00f5es das Oms com as quais convivi nesse per\u00edodo, n\u00e3o conseguir\u00edamos cumprir o previsto em nosso Estatuto e assim conscientizarmos a todos sobre a import\u00e2ncia de nossa Soamar e de nossa Marinha.<\/p>\n<p>Estendo este agradecimento de forma muito especial aos Presidentes de Soamares Regionais, que compuseram nossas coordena\u00e7\u00f5es junto as demais Soamares dos Distritos Navais, os meus Diretores e Conselheiros Fiscais das gest\u00f5es 2016-2018 e 2020-2024, Presidentes de Soamares Regionais, o Presidente da Soamar Brasil em Portugal pelo apoio, amizade e por suas prestimosas ajudas, al\u00e9m de demonstra\u00e7\u00f5es constantes de amor \u00e0 Soamar e \u00e0 Marinha do Brasil, que \u00e9 o sentimento comum que nos une. Gostaria tamb\u00e9m, de mencionar todas as Empresas Parceiras e Pessoas F\u00edsicas que ajudaram a tornar nossa miss\u00e3o mais f\u00e1cil no decorrer de nossa trajet\u00f3ria na condu\u00e7\u00e3o da administra\u00e7\u00e3o. Sou grato a voc\u00eas.<\/p>\n<p>Externando a minha gratid\u00e3o pelo apoio sempre constante, registro tamb\u00e9m meus agradecimentos a todos os Soamarinos do Maranh\u00e3o. Em um especial reconhecimento ao Soamarino Batista, sa\u00fado todos os Veteranos Soamarinos que ajudaram na minha forma\u00e7\u00e3o. Sem os senhores, a nossa institui\u00e7\u00e3o n\u00e3o seria grande como \u00e9. O que somente ratifica o meu pensar que \u00e9 dizer sempre: \u201cSem parcerias e apoios, n\u00e3o existe gest\u00e3o. Estaremos sempre juntos&#8230;\u201d.<\/p>\n<p>\u00c0 Marinha do Brasil, estou certo de que todos os esfor\u00e7os no sentido de continuamos no firme prop\u00f3sito de estreitar o relacionamento que nos une a esta institui\u00e7\u00e3o centen\u00e1ria de credibilidade inabal\u00e1vel, est\u00e3o sendo feitos.<\/p>\n<p>Isso muito nos orgulha de poder divulgar e compartilhar seus feitos com a Na\u00e7\u00e3o Brasileira. Continuamos tendo pela frente, a saud\u00e1vel tarefa de espraiar, no meio acad\u00eamico e nossa sociedade, os projetos que nossa Marinha do Brasil tem a oferecer ao povo Brasileiro, assim como difundirmos a cultura mar\u00edtima.<\/p>\n<p>N\u00e3o podia esquecer de agradecer aos amigos que iniciaram comigo na vida Marinheiro quando ingressamos na Escola de Forma\u00e7\u00e3o de Oficiais da Marinha Mercante em Bel\u00e9m-PA em 1984. \u00c0s Turmas Infante Dom Henrique (1986) e Deputado Affonso Costa (1987), minha gratid\u00e3o por mantermos essa amizade longa, especial e sincera.<\/p>\n<p>\u00c0 minha linda e querida esposa e Soamarina LUCIANA e aos meus amados filhos ORSON JUNIOR e GUSTAVO e nossa nora ANA CAROLINA, meus maiores bens, apesar de termos vivido uns anos de muita turbul\u00eancia emocional, perdas incomensur\u00e1veis, estivemos sempre unidos naquilo que \u00e9 o principal conceito de um lar feliz: O AMOR. Agrade\u00e7o toda a compreens\u00e3o que voc\u00eas tiveram, e ainda as palavras de carinho e est\u00edmulo que sempre me prestaram quando algo n\u00e3o conseguia dar certo. Estas acabavam por me revitalizar e superar momentos dif\u00edceis e de des\u00e2nimo. Prometo tirar umas \u201cf\u00e9riazinhas\u201d em breve para termos o nosso tempo.<\/p>\n<p>Ao meu amigo, JORGE EDUARDO PESSOA DE ARAG\u00c3O, que em minutos ser\u00e1 o Presidente da Soamar Brasil, ao passar-lhe a CANA DO LEME, formulo os votos de pleno \u00eaxito no exerc\u00edcio do cargo de Presidente da Diretoria Executiva da Soamar Brasil. Tenho certeza de que o nosso DEUS o conduzir\u00e1 com maestria \u00edmpar no leme desta NAU. Ser\u00e1, juntamente com sua Diretoria, um Excepcional Presidente. O tempo confirmar\u00e1 a sua hist\u00f3ria. Estarei torcendo pelo \u00eaxito de sua administra\u00e7\u00e3o. A meu DEUS e a Nossa Senhora de Nazar\u00e9, minha gratid\u00e3o por ter me guiado e guardado durante esse tempo em que estive a frente desta Institui\u00e7\u00e3o respeitada e que recentemente completou45 anos de not\u00e1vel exist\u00eancia.<\/p>\n<p>Acredito muito nos anos que est\u00e3o por vir para a nossa Soamar, pois a maturidade e o reconhecimento de todos, ao trabalho prestado de forma volunt\u00e1ria e dedicado, sempre nos encher\u00e3o de motiva\u00e7\u00e3o a fazer sempre mais.<\/p>\n<p>\u201cNAU SOAMAR BRASIL\u201d em posi\u00e7\u00e3o. J\u00e1 completando a amarra\u00e7\u00e3o. Daqui a poucos instantes, me dirigirei ao patamar do \u201cconv\u00e9s principal da escada de portal\u00f3\u201d para despedida e desembarque desta que s\u00f3 me fez aprender a ter mais qualidade em meus relacionamentos pessoais, profissionais e principalmente me d\u00e1 a certeza di\u00e1ria da evid\u00eancia de todas as virtudes que o ser humano tem que ter em seu cotidiano. Nesse momento, v\u00eam \u00e0 minha lembran\u00e7a, flashes dos 1.469 dias dessa gest\u00e3o e os 730 dias da gest\u00e3o 2016-2018 no tim\u00e3o da SOAMAR BRASIL. Foram dias vividos intensamente, ora pelas reuni\u00f5es e Encontros realizados, pelos eventos sociais e culturais e principalmente pelas amizades firmadas e novas conquistadas.<\/p>\n<p>Passo a Presid\u00eancia da Soamar Brasil com o sentimento do dever cumprido e mais, com a gratid\u00e3o de ter reencontrado e feito novos amigos. As recorda\u00e7\u00f5es me deixar\u00e3o sempre presentes com voc\u00eas.<\/p>\n<p>Lembro que a NAU \u201cSoamar Brasil\u201d iniciar\u00e1 uma nova jornada com seu novo Presidente em Comando. Acredito nesse ideal e sempre \u201cmarcharei\u201d ao lado de voc\u00eas. Pra isso, \u00e9 fundamental o apoio ao Presidente Jorge Arag\u00e3o. Amigo, tenho confian\u00e7a de que todos os seus atos sempre ser\u00e3o em prol da Soamar Brasil e a Marinha do Brasil. A Marinha conta conosco.<\/p>\n<p>Por fim, agrade\u00e7o a todos que se doaram com afinco na compreens\u00e3o de nosso ideal, que \u00e9 difundir as id\u00e9ias de um grande brasileiro, que foi o Almirante de Esquadra MAXIMIANO EDUARDO DA SILVA FONSECA, Patrono das SOAMARES, que com sua grande vis\u00e3o de futuro, lan\u00e7ou os alicerces desta nossa Associa\u00e7\u00e3o, com o prop\u00f3sito de v\u00ea-la prosperar e tendo como efeito direto o progresso do Pa\u00eds e da nossa Marinha. A Ele a nossa eterna gratid\u00e3o e reconhecimento.<\/p>\n<p>\u00c9 chegada a hora. Pe\u00e7o permiss\u00e3o ao Comandante de Opera\u00e7\u00f5es Navais para desembarcar.<\/p>\n<p>Parab\u00e9ns a todos os SOAMARINOS do BRASIL, PORTUGAL e aos Amigos da Marinha que em breve se tornar\u00e3o Soamarinos.<\/p>\n<p>&#8220;BRAVO ZULU\u201d!!!<br \/>\n\u2018\u2019VIVA A SOMAR BRASIL\u2019\u2019 !!!!\u201cVIVA A MARINHA\u201d!!!<br \/>\nRecife-PE, 15 de novembro de 2024.<br \/>\n<strong>ORSON ANTONIO F\u00c9RES MORAES R\u00caGO<\/strong><br \/>\nEx-Presidente da Soamar-Brasil<\/p>\n<h4><span style=\"color: #333399;\"><strong>Palavras iniciais do novo presidente empossado da Soamar Brasil, Jorge Eduardo Pessoa De Arag\u00e3o<\/strong><\/span><\/h4>\n<p><img decoding=\"async\" class=\"alignnone wp-image-18827 size-full\" src=\"https:\/\/portosma.com.br\/wp-content\/uploads\/2024\/11\/SB2024-02.jpg\" alt=\"\" width=\"900\" height=\"379\" srcset=\"https:\/\/portosma.com.br\/wp-content\/uploads\/2024\/11\/SB2024-02.jpg 900w, https:\/\/portosma.com.br\/wp-content\/uploads\/2024\/11\/SB2024-02-300x126.jpg 300w, https:\/\/portosma.com.br\/wp-content\/uploads\/2024\/11\/SB2024-02-768x323.jpg 768w\" sizes=\"(max-width: 900px) 100vw, 900px\" \/><\/p>\n<p>Caro Ministro da Defesa, Sr. Jos\u00e9 M\u00facio Monteiro, em nome do qual sa\u00fado as demais autoridades civis.<\/p>\n<p>Caro Comandante de Opera\u00e7\u00f5es Navais, Almirante de Esquadra Cl\u00e1udio Henrique MELLO de Almeida, que preside e abrilhanta essa cerim\u00f4nia, em nome do qual sa\u00fado todas as demais autoridades militares e civis aqui presentes e j\u00e1 nominadas.<br \/>\nIn\u00edcio agradecendo a Deus as ben\u00e7\u00e3os, desafios e oportunidades que me tem sido oferecidas ao longo da vida.<\/p>\n<p>Agrade\u00e7o a minha fam\u00edlia pelo apoio irrestrito aos desafios que sempre arrumo, pois sabem que o meu esp\u00edrito \u00e9 movido a est\u00edmulos, objetividade e realiza\u00e7\u00f5es e sou grato a Marinha do Brasil pela aten\u00e7\u00e3o que me \u00e9 dispensada e pela confian\u00e7a em mim depositada. Atrav\u00e9s do Presidente da SOAMAR Recife\/PE, minha SOAMAR, base e sede dessa cerim\u00f4nia, Sr. Jos\u00e9 Carlos de Morais Guerra, agrade\u00e7o a presen\u00e7a dos Presidentes das SOAMARes Regionais, que se deslocaram de suas sedes para abrilhantar esse evento. Presidentes, temos muitos desafios e conto com a ajuda e paci\u00eancia dos senhores e senhoras e todos os seus associados. Somos muitos, somos fortes e unidos podemos realizar!<\/p>\n<p>&nbsp;<\/p>\n<p>Convivo com a Invicta Marinha do Brasil desde crian\u00e7a e por ela tenho grande admira\u00e7\u00e3o e respeito, assim como e em igual intensidade pelas pessoas que a fazem. Frequento esta Escola h\u00e1 quase 6 d\u00e9cadas e a decis\u00e3o de usarmos seus espa\u00e7os para a realiza\u00e7\u00e3o desse evento \u00e9 uma pequena forma de agradecer a ela e a seus comandantes, meus queridos amigos, o reconhecimento de sua import\u00e2ncia para nossa SOAMAR, nossa cidade, nosso estado e nossa regi\u00e3o.<\/p>\n<p>Os que me conhecem sabem que o tamanho da miss\u00e3o que agora assumo, miss\u00e3o essa que traz a reboque um enorme conjunto de compromissos, \u00e9 o combust\u00edvel que me anima a enfrentar as v\u00e1rias atividades e os muitos desafios no per\u00edodo dessa gest\u00e3o de 2 anos que agora se inicia. Mar calmo n\u00e3o faz bons marinheiros.<\/p>\n<p>Conclamo as SOAMARes Regionais a avan\u00e7armos juntos na dire\u00e7\u00e3o de suprir as demandas emanadas pelo nosso Comandante da Marinha, Almirante-de-Esquadra Marcos Sampaio OLSEN, pelo Almirantado e pelo Centro de Comunica\u00e7\u00e3o Social da Marinha, hoje aqui presente com parte de sua tripula\u00e7\u00e3o e seu Diretor Contra-Almirante Alexandre Taumaturgo PAVONI, a quem aproveito para agradecer o esfor\u00e7o conjunto para a realiza\u00e7\u00e3o desta cerim\u00f4nia. Com rela\u00e7\u00e3o aos preparativos desse evento estendo meus agradecimentos aos patrocinadores, \u00e0 Maria Luiza Arag\u00e3o, ao Comandante Andrade e a tripula\u00e7\u00e3o dessa centen\u00e1ria Escola, sem os quais nada desse evento seria poss\u00edvel.<\/p>\n<p>Olhando um pouco os amigos aqui presentes, vejo ex-Capit\u00e3es-dos-Portos, ex-Comandantes da Escola Aprendizes-Marinheiros de Pernambuco, na verdade \u201cReitores\u201d, ex-Comandantes do 3\u00ba DN e tantos outros amigos que fiz ao longo de d\u00e9cadas de conviv\u00eancia. Agrade\u00e7o a todos pelas ilustres presen\u00e7as. Muitos vieram de longe e devo reconhecer nesse gesto o carinho em ter sido prestigiado com a presen\u00e7a de todos, o que muito me alegra.<\/p>\n<p>Ao Presidente Orson Feres que agora se despede da Presid\u00eancia meus sinceros agradecimentos, lembro que nos tornamos amigos numa disputa eleitoral para essa mesma fun\u00e7\u00e3o, h\u00e1 bastante tempo e com muita eleg\u00e2ncia, e que reconhe\u00e7o o seu esfor\u00e7o pessoal, sua grande aptid\u00e3o para servir e suas in\u00fameras realiza\u00e7\u00f5es ao gerir a SOAMAR Brasil por um per\u00edodo longo de fortalecimento dessa Sociedade.<\/p>\n<p>O prest\u00edgio que envolve a fun\u00e7\u00e3o de Presidente da SOAMAR Brasil \u00e9 grande, mas certamente muito maior no imagin\u00e1rio de quem observa de longe. Quem se disp\u00f5e a praticar o exerc\u00edcio da fun\u00e7\u00e3o de Presidir a SOAMAR Brasil ou Regional, n\u00e3o pode deixar-se desviar do verdadeiro objetivo ao qual se prop\u00f4s a alcan\u00e7ar e que resultar\u00e1 no sucesso da miss\u00e3o. Aos v\u00e1rios ex-Presidentes aqui presentes, membros permanentes do nosso Conselho Consultivo, meus sinceros agradecimentos e total reconhecimento pelos seus esfor\u00e7os. Voc\u00eas abrilhantam esse evento com suas honrosas presen\u00e7as e adianto que irei sempre consult\u00e1-los. Tenham paci\u00eancia e me orientem sempre que eu solicitar ou quando acharem necess\u00e1rio.<\/p>\n<p>Preciso agradecer adicionalmente a quatro amigos que foram fundamentais a consolida\u00e7\u00e3o dessa jornada, que agora culmina na Presid\u00eancia Nacional da SOAMAR. Almirante Leandro, com participa\u00e7\u00e3o fundamental nos primeiros movimentos para assumir a Presid\u00eancia da SOAMAR Recife e pelas condecora\u00e7\u00f5es concedidas, Capit\u00e3o-de-Mar-e-Guerra Marcelo Campbell, ex-Reitor dessa Escola, pelo constante, amplo total e irrestrito apoio em muitos momentos, Almirante Noriaki, por incentivar ou praticamente nos intimar ao retorno meu e de Luiza \u00e0 gest\u00e3o da SOAMAR e Almirante Afr\u00e2nio pela longa amizade e apoio fundamental nessa jornada \u00e0 Presid\u00eancia da SOAMAR Brasil.<\/p>\n<p>Sejam todos bem vindos a Terra do Altos Coqueiros, que Deus os aben\u00e7oem imensamente e que todos possam contribuir para o fortalecimento da SOAMAR e Marinha do Brasil.<\/p>\n<p>Bons ventos e Mares Tranquilos!<br \/>\nBoas \u00c1guas!<br \/>\nViva a SOAMAR!<br \/>\nViva a Marinha do Brasil!<br \/>\nBoa noite!<br \/>\nJORGE EDUARDO PESSOA DE ARAG\u00c3O<br \/>\nPresidente da Soamar Brasil<\/p>\n<h4><img loading=\"lazy\" decoding=\"async\" class=\"alignnone wp-image-18836 size-full\" src=\"https:\/\/portosma.com.br\/wp-content\/uploads\/2024\/11\/SB2024-11.jpg\" alt=\"\" width=\"900\" height=\"496\" srcset=\"https:\/\/portosma.com.br\/wp-content\/uploads\/2024\/11\/SB2024-11.jpg 900w, https:\/\/portosma.com.br\/wp-content\/uploads\/2024\/11\/SB2024-11-300x165.jpg 300w, https:\/\/portosma.com.br\/wp-content\/uploads\/2024\/11\/SB2024-11-768x423.jpg 768w\" sizes=\"(max-width: 900px) 100vw, 900px\" \/><\/h4>\n<figure id=\"attachment_18830\" aria-describedby=\"caption-attachment-18830\" style=\"width: 900px\" class=\"wp-caption alignnone\"><img loading=\"lazy\" decoding=\"async\" class=\"wp-image-18830 size-full\" src=\"https:\/\/portosma.com.br\/wp-content\/uploads\/2024\/11\/SB2024-05.jpg\" alt=\"\" width=\"900\" height=\"484\" srcset=\"https:\/\/portosma.com.br\/wp-content\/uploads\/2024\/11\/SB2024-05.jpg 900w, https:\/\/portosma.com.br\/wp-content\/uploads\/2024\/11\/SB2024-05-300x161.jpg 300w, https:\/\/portosma.com.br\/wp-content\/uploads\/2024\/11\/SB2024-05-768x413.jpg 768w\" sizes=\"(max-width: 900px) 100vw, 900px\" \/><figcaption id=\"caption-attachment-18830\" class=\"wp-caption-text\"><span style=\"color: #800000;\"><em><strong>O Presidente da Soamar do Distrito Federal, Ant\u00f4nio Carlos Martins, \u00e9 o novo vice-presidente da Soamar Brasil, Na outra foto, o presidente Arag\u00e3o em seu juramento de posse.<\/strong><\/em><\/span><\/figcaption><\/figure>\n<p><img loading=\"lazy\" decoding=\"async\" class=\"alignnone wp-image-18828 size-full\" src=\"https:\/\/portosma.com.br\/wp-content\/uploads\/2024\/11\/SB2024-03.jpg\" alt=\"\" width=\"900\" height=\"497\" srcset=\"https:\/\/portosma.com.br\/wp-content\/uploads\/2024\/11\/SB2024-03.jpg 900w, https:\/\/portosma.com.br\/wp-content\/uploads\/2024\/11\/SB2024-03-300x166.jpg 300w, https:\/\/portosma.com.br\/wp-content\/uploads\/2024\/11\/SB2024-03-768x424.jpg 768w\" sizes=\"(max-width: 900px) 100vw, 900px\" \/> &nbsp;<\/p>\n<p><img loading=\"lazy\" decoding=\"async\" class=\"alignnone wp-image-18831 size-full\" src=\"https:\/\/portosma.com.br\/wp-content\/uploads\/2024\/11\/SB2024-06.jpg\" alt=\"\" width=\"900\" height=\"433\" srcset=\"https:\/\/portosma.com.br\/wp-content\/uploads\/2024\/11\/SB2024-06.jpg 900w, https:\/\/portosma.com.br\/wp-content\/uploads\/2024\/11\/SB2024-06-300x144.jpg 300w, https:\/\/portosma.com.br\/wp-content\/uploads\/2024\/11\/SB2024-06-768x369.jpg 768w\" sizes=\"(max-width: 900px) 100vw, 900px\" \/><\/p>\n<p><img loading=\"lazy\" decoding=\"async\" class=\"alignnone wp-image-18832 size-full\" src=\"https:\/\/portosma.com.br\/wp-content\/uploads\/2024\/11\/SB2024-07.jpg\" alt=\"\" width=\"900\" height=\"423\" srcset=\"https:\/\/portosma.com.br\/wp-content\/uploads\/2024\/11\/SB2024-07.jpg 900w, https:\/\/portosma.com.br\/wp-content\/uploads\/2024\/11\/SB2024-07-300x141.jpg 300w, https:\/\/portosma.com.br\/wp-content\/uploads\/2024\/11\/SB2024-07-768x361.jpg 768w\" sizes=\"(max-width: 900px) 100vw, 900px\" \/><\/p>\n<p><img loading=\"lazy\" decoding=\"async\" class=\"alignnone wp-image-18833 size-full\" src=\"https:\/\/portosma.com.br\/wp-content\/uploads\/2024\/11\/SB2024-08.jpg\" alt=\"\" width=\"900\" height=\"460\" srcset=\"https:\/\/portosma.com.br\/wp-content\/uploads\/2024\/11\/SB2024-08.jpg 900w, https:\/\/portosma.com.br\/wp-content\/uploads\/2024\/11\/SB2024-08-300x153.jpg 300w, https:\/\/portosma.com.br\/wp-content\/uploads\/2024\/11\/SB2024-08-768x393.jpg 768w\" sizes=\"(max-width: 900px) 100vw, 900px\" \/><\/p>\n<p><img loading=\"lazy\" decoding=\"async\" class=\"alignnone wp-image-18834 size-full\" src=\"https:\/\/portosma.com.br\/wp-content\/uploads\/2024\/11\/SB2024-09.jpg\" alt=\"\" width=\"900\" height=\"675\" srcset=\"https:\/\/portosma.com.br\/wp-content\/uploads\/2024\/11\/SB2024-09.jpg 900w, https:\/\/portosma.com.br\/wp-content\/uploads\/2024\/11\/SB2024-09-300x225.jpg 300w, https:\/\/portosma.com.br\/wp-content\/uploads\/2024\/11\/SB2024-09-768x576.jpg 768w\" sizes=\"(max-width: 900px) 100vw, 900px\" \/><\/p>\n<p><img loading=\"lazy\" decoding=\"async\" class=\"alignnone wp-image-18835 size-full\" src=\"https:\/\/portosma.com.br\/wp-content\/uploads\/2024\/11\/SB2024-10.jpg\" alt=\"\" width=\"900\" height=\"610\" srcset=\"https:\/\/portosma.com.br\/wp-content\/uploads\/2024\/11\/SB2024-10.jpg 900w, https:\/\/portosma.com.br\/wp-content\/uploads\/2024\/11\/SB2024-10-300x203.jpg 300w, https:\/\/portosma.com.br\/wp-content\/uploads\/2024\/11\/SB2024-10-768x521.jpg 768w\" sizes=\"(max-width: 900px) 100vw, 900px\" \/><\/p>\n<p><img loading=\"lazy\" decoding=\"async\" class=\"alignnone wp-image-18829 size-full\" src=\"https:\/\/portosma.com.br\/wp-content\/uploads\/2024\/11\/SB2024-04.jpg\" alt=\"\" width=\"900\" height=\"615\" srcset=\"https:\/\/portosma.com.br\/wp-content\/uploads\/2024\/11\/SB2024-04.jpg 900w, https:\/\/portosma.com.br\/wp-content\/uploads\/2024\/11\/SB2024-04-300x205.jpg 300w, https:\/\/portosma.com.br\/wp-content\/uploads\/2024\/11\/SB2024-04-768x525.jpg 768w\" sizes=\"(max-width: 900px) 100vw, 900px\" \/><\/p>\n<h3>Relat\u00f3rio Administrativo da Gest\u00e3o Ant\u00f4nio Orson &#8211; 2020-2024<\/h3>\n<p>Conforme os programas previstos nos planejamentos elaborados para a gest\u00e3o da Diretoria Executiva para os anos de 2020 a 2022 e para os mandatos excepcionalmente estendidos nos anos de 2023 e 2024, focamos inicialmente na administra\u00e7\u00e3o da Soamar Brasil para a\u00e7\u00f5es e eventos realizados em novembro e dezembro de 2020, onde fomos empossados em Cerim\u00f4nia privativa na Sala do Comandante da Marinha no Rio de Janeiro. A cerim\u00f4nia, presidida, em car\u00e1ter excepcional pois o pa\u00eds estava ainda sob o impacto da pandemia de COVID-19, pelo ent\u00e3o Exmo. Sr. Comandante da Marinha, Almirante de Esquadra ILQUES BARBOSA JUNIOR, ocasionando mudan\u00e7as no rito da Soamar Brasil no que diz respeito \u00e0 Conven\u00e7\u00e3o Nacional, que fora aberta e conduzida de forma digital, ap\u00f3s a posse, pelo ent\u00e3o Diretor do CCSM, que declarou aberta em car\u00e1ter prec\u00e1rio, a XXIII Conven\u00e7\u00e3o Nacional da Soamar Brasil. Tendo em ambos os eventos, a presen\u00e7a do Ex-Presidente da Soamar Brasil, Dr. C\u00c9SAR KRIEGER e membros da Diretoria Executiva durante o bi\u00eanio 2018\/2020, assim como de formato digital, v\u00e1rios Presidentes de Soamar(es) Regionais representando todos os Distritos Navais do Brasil. DEZ\/2020 Mesmo com parte do or\u00e7amento planejado comprometido pela falta de recursos devido a inadimpl\u00eancia das Soamar(es) Regionais e de programa\u00e7\u00f5es Extraordin\u00e1rias de viagens no per\u00edodo da Covid-19, que n\u00e3o hav\u00edamos programado em previs\u00e3o or\u00e7ament\u00e1ria da gest\u00e3o anterior, iniciamos a gest\u00e3o oficialmente, em DEZ\/2020 com viagens em representa\u00e7\u00e3o \u00e0 Bel\u00e9m \u2013 PA, para a Convite do Comandante do 4\u00ba Distrito Naval, Representamos a Soamar Brasil na Cerim\u00f4nia de Declara\u00e7\u00e3o de Praticantes da EFOMM\/CIABA e na Cerim\u00f4nia de Posse do Presidente da Soamar Par\u00e1, Sr. RELTON OSVALDO PINTO. Neste mesmo per\u00edodo, no dia 18\/12.<\/p>\n<p>JAN\/2021 Retomamos as atividades do primeiro semestre em JAN\/21, com a Reuni\u00e3o Funcional de Planejamento Estrat\u00e9gico no CCSM, em Bras\u00edlia &#8211; DF e na representa\u00e7\u00e3o das Soamar(es) \u00e0 Bel\u00e9m \u2013 PA, para Cerim\u00f4nia de posse do Comandante do Grupamento Naval do Norte. FEV\/2021 Visita de cortesia ao Capit\u00e3o dos Portos do Maranh\u00e3o. MAR\/2021 Reuni\u00e3o Funcional com a Diretoria Executiva da Soamar Brasil em S\u00e3o Lu\u00eds &#8211; MA. ABR\/2021 Reuni\u00e3o Funcional com o Diretor do CCSM, tendo como principal pauta as a\u00e7\u00f5es a serem desenvolvidas pela Soamar Brasil e demais Soamar(es), observando-se \u00e0 \u00e9poca as condi\u00e7\u00f5es impostas pela crise sanit\u00e1ria que vigorava no Brasil. Houve, tamb\u00e9m, a Representa\u00e7\u00e3o em Bras\u00edlia &#8211; DF, na Cerim\u00f4nia de posse do Almirante de Esquadra ALMIR GARNIER SANTOS, no Comando da Marinha. MAI\/2021 Representa\u00e7\u00e3o na Cerim\u00f4nia de Anivers\u00e1rio do CCSM e lan\u00e7amento da nova logomarca da Marinha do Brasil, em Bras\u00edlia &#8211; DF. Reuni\u00f5es funcionais com os Presidentes dos Conselhos superiores das Soamar Recife &#8211; PE, Soamar Maranh\u00e3o e Soamar Alagoas, visando assessoria em processos eleitorais.<\/p>\n<p>JUN\/2021 Participa\u00e7\u00e3o, em conjunto com CCSM, de Reuni\u00e3o Funcional no formato digital com empresas do segmento portu\u00e1rio e mar\u00edtimo atuantes no CAP do Porto de S\u00e3o Lu\u00eds, com a finalidade de capta\u00e7\u00e3o de recursos aos projetos da Marinha e Soamar Brasil. Representa\u00e7\u00e3o na Cerim\u00f4nia de Anivers\u00e1rio de 156 anos da Batalha Naval de Riachuelo na Capitania dos Portos do Maranh\u00e3o. JUL\/2021 Demos in\u00edcio ao processo administrativo de Recupera\u00e7\u00e3o do Estatuto de Soamares Regionais, tendo assessorado as Soamar Vale do Itaja\u00ed, Santa Catarina e Goi\u00e2nia. Assessoria \u00e0 Soamar Maranh\u00e3o com o Regulamento para Elei\u00e7\u00f5es, em S\u00e3o Lu\u00eds. Viagem de representa\u00e7\u00e3o \u00e0 Bras\u00edlia &#8211; DF, para Reuni\u00e3o Funcional com o Diretor do CCSM, tendo como pauta a programa\u00e7\u00e3o semestral, participa\u00e7\u00e3o em campanhas de conscientiza\u00e7\u00e3o social em que a Marinha do Brasil esteve engajada. AGO\/2021 Viagem de Representa\u00e7\u00e3o da Soamar Brasil \u00e0 Fortaleza em Cerim\u00f4nia de Assun\u00e7\u00e3o de cargo de Presidente da Soamar Cear\u00e1. Viagem de representa\u00e7\u00e3o na Cerim\u00f4nia do 104\u00b0 Anivers\u00e1rio da Avia\u00e7\u00e3o Naval. SET\/2021 Reuni\u00e3o Funcional com os Presidentes das Soamar(es) Regionais, em formato digital, com a participa\u00e7\u00e3o do Diretor do CCSM e Comandante da Marinha. Viagem ao Rio de Janeiro em Representa\u00e7\u00e3o na Cerim\u00f4nia Militar alusiva ao Dia do Hidr\u00f3grafo; OUT\/2021 Continuamos a execu\u00e7\u00e3o do Projeto Administrativo da Soamar Brasil, onde acompanhamos a implanta\u00e7\u00e3o do Estatuto Reformado da Soamar Alagoas, sendo que a partir desse ato, realizada a Elei\u00e7\u00e3o para Diretoria Executiva e Conselheiros no novo formato. Representa\u00e7\u00e3o na Cerim\u00f4nia alusiva ao Anivers\u00e1rio de 130 Anos do CIABA, em Bel\u00e9m \u2013 PA. Visita\u00e7\u00e3o ao Projeto Barco da Soamar Par\u00e1 junto ao Presidente RELTON OSVALDO. Representa\u00e7\u00e3o na Regata de 70 anos do Col\u00e9gio Naval, em Angra dos Reis. NOV\/2021<\/p>\n<p>Viagens em Representa\u00e7\u00e3o da Soamar Brasil na Cerim\u00f4nia de Imposi\u00e7\u00e3o da Medalha de Amigos da Marinha em Goi\u00e2nia. Participa\u00e7\u00e3o no XI Workshop de Direito Mar\u00edtimo, promovido de forma digital pelo ent\u00e3o Presidente do Tribunal Mar\u00edtimo. Viagens de Representa\u00e7\u00e3o na Cerim\u00f4nia de transmiss\u00e3o do cargo de Diretor de Pessoal da Marinha e Representa\u00e7\u00e3o na Cerim\u00f4nia de transmiss\u00e3o de cargo de Presidente da Soamar Rio de Janeiro, no Rio de Janeiro. Viagem de Representa\u00e7\u00e3o na cerim\u00f4nia de transmiss\u00e3o do Cargo de Comandante do 5\u00b0 DN em Rio Grande. DEZ\/2021 Viagens de Representa\u00e7\u00e3o da Soamar Brasil para cerim\u00f4nia de transmiss\u00e3o do Cargo de Comandante do 8\u00ba Distrito Naval, em S\u00e3o Paulo. Cerim\u00f4nia de Transmiss\u00e3o Cargo de Diretor do CCSM, em Bras\u00edlia \u2013 DF. Cerim\u00f4nia de transmiss\u00e3o de Cargo do Comandante do 4\u00ba Distrito Naval. Representa\u00e7\u00e3o na Cerim\u00f4nia de Formatura Militar dos Guardas Marinha (RM2) e Praticantes do Centro de Instru\u00e7\u00e3o Almirante Braz de Aguiar (EFOMM), em Bel\u00e9m \u2013 PA. Cerim\u00f4nia de Transmiss\u00e3o do Cargo de Comandante do 3\u00b0 Distrito Naval, em Natal. Cerim\u00f4nia de Transmiss\u00e3o do Cargo de DGDNTM no Rio de Janeiro. Representa\u00e7\u00e3o na formatura Militar do Guardas Marinha (RM2) e Praticantes da EFOMM\/CIAGA. Representa\u00e7\u00e3o em coquetel oferecido ao CM pela Soamar Rio de Janeiro. JAN\/2022 Iniciamos as atividades de representa\u00e7\u00e3o da Soamar Brasil na Cerim\u00f4nia de Assun\u00e7\u00e3o ao cargo de Capit\u00e3o dos Portos de S\u00e3o Paulo, em Santos. Assun\u00e7\u00e3o do Cargo de Capit\u00e3o dos Portos do Rio de Janeiro, no Rio de Janeiro. Cerim\u00f4nia de transmiss\u00e3o de Cargo de Comando do Centro de Instru\u00e7\u00e3o Almirante Braz de Aguiar ao em Bel\u00e9m &#8211;<\/p>\n<p>Cerim\u00f4nia de transmiss\u00e3o do Cargo de Capit\u00e3o dos Portos do Maranh\u00e3o, em S\u00e3o Lu\u00eds. FEV\/2022 Reuni\u00e3o Funcional com a Diretoria Executiva da Soamar Brasil para defini\u00e7\u00e3o de planejamento e calend\u00e1rio do ano 2022. MAR\/2022 Representa\u00e7\u00e3o da Soamar Brasil na Cerim\u00f4nia de Inaugura\u00e7\u00e3o da expans\u00e3o do Terminal I da Granel Qu\u00edmica no Porto do Itaqui, em S\u00e3o Lu\u00eds. Reuni\u00f5es com os Capit\u00e3es dos Portos de Paranagu\u00e1 e Antonina, visando capta\u00e7\u00e3o de recursos para os eventos programados pela Marinha para celebrar as comemora\u00e7\u00f5es do anivers\u00e1rio de 200 anos da Independ\u00eancia e 200 anos da chegada da Esquadra no Brasil. ABR\/2022 Representa\u00e7\u00e3o na Cerim\u00f4nia Comemorativa do 61\u00b0 Anivers\u00e1rio do CCSM, em Bras\u00edlia &#8211; DF. MAI\/2022 Representa\u00e7\u00e3o na Parada ap\u00f3s o P\u00f4r do Sol no Comando do Corpo de Fuzileiros Navais, no Rio de Janeiro. Reuni\u00e3o Funcional com Presidentes das Soamar(es) Regionais para delibera\u00e7\u00e3o sobre a capta\u00e7\u00e3o de recursos para apoio aos eventos referentes aos 200 anos da Independ\u00eancia e de 200 anos da chegada da Esquadra no Brasil. Representa\u00e7\u00e3o na Cerim\u00f4nia de inaugura\u00e7\u00e3o do Monumento ao Almirante Tamandar\u00e9, em Fortaleza. JUN\/2022 Reuni\u00e3o Funcional com o Diretor do Centro de Comunica\u00e7\u00e3o Social da Marinha do Brasil e Representa\u00e7\u00e3o na Cerim\u00f4nia de Comemora\u00e7\u00e3o do 157\u00b0 Anivers\u00e1rio da Batalha Naval de Riachuelo, em Bras\u00edlia &#8211; DF, JUL\/2022 Representa\u00e7\u00e3o na Jornada \u201cMarinha do Brasil: Mentalidade Mar\u00edtima e Economia Azul\u201d, promovida pela Soamar Porto Alegre e o Comando do 5\u00b0 DN, em Porto Alegre. AGO\/2022 Viagem para representa\u00e7\u00e3o na Sess\u00e3o Solene de Transmiss\u00e3o de Cargo de Presidente do Tribunal Mar\u00edtimo ao Vice-Almirante (RM1) RALPH DIAS. SET\/2022 Viagem para reuni\u00e3o funcional com o Diretor do CCSM e Representa\u00e7\u00e3o na Cerim\u00f4nia de Substitui\u00e7\u00e3o da Bandeira Nacional, em Bras\u00edlia &#8211; DF. Representa\u00e7\u00e3o na Cerim\u00f4nia alusiva ao Dia do Mar\u00edtimo Mundial. Cerim\u00f4nia de Mostra de Armamento do Submarino Riachuelo (S40), em Itagua\u00ed-RJ. Visita \u00e0 Diretoria de Or\u00e7amento da Marinha, no Rio de Janeiro. OUT\/2022 Representa\u00e7\u00e3o na participa\u00e7\u00e3o do C\u00edrio Fluvial a bordo do navio H37 Garnier Sampaio, em Bel\u00e9m &#8211; PA. NOV\/2022 Viagem de representa\u00e7\u00e3o na Cerim\u00f4nia alusiva ao Dia do Amigo da Marinha e reuni\u00e3o com o Comandante do 2\u00b0 Distrito Naval e Presidentes das Soamares Regionais da \u00e1rea do 2\u00b0 Distrito Naval em Salvador. Representa\u00e7\u00e3o na Cerim\u00f4nia de Transmiss\u00e3o de Cargo de Diretor-Geral do Material da Marinha. DEZ\/2022 Viagem de Representa\u00e7\u00e3o ao evento alusivo ao Dia do Amigo da Marinha, em Fortaleza. Viagem de Representa\u00e7\u00e3o \u00e0 Cerim\u00f4nia de Transmiss\u00e3o do Cargo de Chefe de Estado Maior da Marinha, em Bras\u00edlia &#8211; DF. Representa\u00e7\u00e3o na Cerim\u00f4nia de Transmiss\u00e3o do Cargo de Comandante em Chefe da Esquadra, no Rio de Janeiro. Assessoria para restaura\u00e7\u00e3o do Estatuto e Reativa\u00e7\u00e3o Administrativa da Soamar Bom Jesus da Lapa. JAN\/2023 Iniciamos as atividades de 2023 com a Cerim\u00f4nia de Inaugura\u00e7\u00e3o do Monumento ao Almirante Tamandar\u00e9, em S\u00e3o Lu\u00eds. Viagem de Representa\u00e7\u00e3o junto com alguns Presidentes das Soamar(es) na Cerim\u00f4nia de Assun\u00e7\u00e3o de Cargo de Comandante da Marinha, em Bras\u00edlia &#8211; DF. Cerim\u00f4nia de Transmiss\u00e3o do Cargo de Comandante do 3\u00b0 Distrito Naval. Representa\u00e7\u00e3o na Cerim\u00f4nia de posse do Comando do Grupamento Naval do Norte em Bel\u00e9m. Reuni\u00e3o Funcional como Assembleia Geral ORDIN\u00c1RIA DA SOAMAR-BRASIL em formato digital com Presidentes, tendo sido votado, dentre outros assuntos, a Prorroga\u00e7\u00e3o do mandato do Presidente e Diretoria da Soamar Brasil at\u00e9 NOV\/2023. FEV\/2023 Reuni\u00e3o Funcional com a Diretoria Executiva e Conselho Fiscal da SOAMAR-<\/p>\n<p>BRASIL. MAR\/2023 Sem programa\u00e7\u00e3o oficial. ABR\/2023 Representa\u00e7\u00e3o na Cerim\u00f4nia de Transmiss\u00e3o do Cargo de Diretor de Hidrografia e Navega\u00e7\u00e3o. Cerim\u00f4nia de Transmiss\u00e3o do Cargo de Chefe de Estado-Maior do Comando de Opera\u00e7\u00f5es Navais. Cerim\u00f4nia de Transmiss\u00e3o do Cargo da Diretoria de Pessoal da Marinha no Rio de Janeiro. Representa\u00e7\u00e3o na Cerim\u00f4nia de Transmiss\u00e3o do Cargo de Diretor do CCSM. Cerim\u00f4nia de Transmiss\u00e3o do Cargo de Vice\u2013CEMA, Cerim\u00f4nia de Transmiss\u00e3o do Cargo do Secret\u00e1rio Interministerial para os Recursos do Mar, em Bras\u00edlia &#8211; DF. MAI\/2023 Sem programa\u00e7\u00e3o oficial. JUN\/2023 Viagem para Representa\u00e7\u00e3o na Se\u00e7\u00e3o Magna Comemorativa do 158\u00b0 Anivers\u00e1rio da Batalha Naval de Riachuelo e do 139\u00b0 Anivers\u00e1rio do Clube Naval e Posse do novo Presidente, da Diretoria e dos Conselhos Diretor e Fiscal para o bi\u00eanio 2023\/2025. Representa\u00e7\u00e3o na Cerim\u00f4nia da Parada ao P\u00f4r do Sol alusiva ao Dia da Marinha, no Rio de Janeiro. JUL\/2023 Sem programa\u00e7\u00e3o oficial. AGO\/2023 Representa\u00e7\u00e3o no Evento de Recep\u00e7\u00e3o a bordo do NAM Atl\u00e2ntico, em Bel\u00e9m &#8211;<\/p>\n<p>Viagem para Reuni\u00e3o funcional com o Diretor do CCSM, tendo como pauta a Prorroga\u00e7\u00e3o do mandato do atual presidente e da Diretoria. Convoca\u00e7\u00e3o para Assembleia Geral Extraordin\u00e1ria em OUT\/2023 e Convoca\u00e7\u00e3o para XXIII Conven\u00e7\u00e3o Nacional da Soamar Brasil em S\u00e3o Lu\u00eds. Representa\u00e7\u00e3o na Cerim\u00f4nia de Transmiss\u00e3o do Cargo de Diretor de Assist\u00eancia Social da Marinha, no Rio de Janeiro. SET\/2023 Representa\u00e7\u00e3o na Recep\u00e7\u00e3o ao Veleiro Cisne Branco em visita ao Porto de Itaqui, em S\u00e3o Lu\u00eds. Viagem de Representa\u00e7\u00e3o na Cerim\u00f4nia alusiva ao Dia Mar\u00edtimo Mundial 2023, no Rio de Janeiro. OUT\/2023 Realiza\u00e7\u00e3o da Assembleia Geral Extraordin\u00e1ria da Soamar Brasil em formato digital. Dentre assuntos apreciados e votados, a Prorroga\u00e7\u00e3o do mandato do Presidente da Soamar Brasil, Diretoria Executiva e Conselho Fiscal at\u00e9 NOV\/2024, Normas e Regras para a Elei\u00e7\u00e3o de Vice-presidente da Somar Brasil para o bi\u00eanio 2024\/2026. NOV\/2023 Representa\u00e7\u00e3o na Cerim\u00f4nia de Anivers\u00e1rio da Data do Dia do Amigo da Marinha no Comando da For\u00e7a Aeronaval, em S\u00e3o Pedro da Aldeia-RJ. Viagens de Representa\u00e7\u00e3o na Cerim\u00f4nia de Transmiss\u00e3o do Cargo de Diretor do Centro de Opera\u00e7\u00f5es de Abastecimento. Cerim\u00f4nia de Transmiss\u00e3o do Cargo de Diretor de Gest\u00e3o Or\u00e7ament\u00e1ria da Marinha, Cerim\u00f4nia de Transmiss\u00e3o de Comandante em Chefe da Esquadra. Cerim\u00f4nia de Transmiss\u00e3o do Cargo de Diretor-Geral do Material da Marinha. DEZ\/2023 Representa\u00e7\u00e3o na Cerim\u00f4nia de Declara\u00e7\u00e3o de Praticantes do Alunos da EFOMM\/CIAGA. Viagem de Representa\u00e7\u00e3o \u00e0 Cerim\u00f4nia de Assun\u00e7\u00e3o do Cargo de Chefe do Estado Maior da Armada, em Bras\u00edlia &#8211; DF. JAN\/2024 Representa\u00e7\u00e3o na Cerim\u00f4nia de Armamento do Submarino Humait\u00e1 (S41) no Complexo Naval de Itagua\u00ed-Rio de Janeiro. FEV\/2024 Sem programa\u00e7\u00e3o oficial. MAR\/2024 Viagem de Representa\u00e7\u00e3o na Cerim\u00f4nia de Transmiss\u00e3o do Cargo de Diretor de Portos e Costas. Cerim\u00f4nia de Lan\u00e7amento ao Mar do Submarino Tonelero (S42).<\/p>\n<p>ABR\/2024 Viagens de Representa\u00e7\u00e3o \u00e0s Cerim\u00f4nia de Transmiss\u00e3o do Cargo de Comandante do 9\u00b0 Distrito Naval, em Manaus. Cerim\u00f4nia de Transmiss\u00e3o do Cargo de Comandante do 4\u00ba Distrito Naval, em Bel\u00e9m. Viagem de Representa\u00e7\u00e3o na Cerim\u00f4nia de Transmiss\u00e3o do Cargo de Diretor Geral de Navega\u00e7\u00e3o. Cerim\u00f4nia de Transmiss\u00e3o do Cargo de Diretor-Geral do Pessoal da Marinha. Cerim\u00f4nia de Transmiss\u00e3o do Cargo de Comandante de Opera\u00e7\u00f5es Navais, no Rio de Janeiro. MAI\/2024 Viagem de Representa\u00e7\u00e3o e participa\u00e7\u00e3o no 1\u00b0 Encontro Regional das Soamar do 8\u00ba Distrito Naval, em S\u00e3o Paulo. JUN\/2024 Viagem de Representa\u00e7\u00e3o e participa\u00e7\u00e3o no Encontro Regional Soamar da jurisdi\u00e7\u00e3o do Comando do 3\u00b0 Distrito Naval, em Natal. JUL\/2024 Representa\u00e7\u00e3o, pelo Vice-Presidente, na participa\u00e7\u00e3o no Encontro Regional das Soamar da \u00c1rea de Jurisdi\u00e7\u00e3o do 7\u00ba Distrito Naval, em Bras\u00edlia &#8211; DF. AGO\/2024 Representa\u00e7\u00e3o, pelo Vice-Presidente, na Cerim\u00f4nia de lan\u00e7amento da Fragata Tamandar\u00e9, em Itaja\u00ed-SC. Viagem para Reuni\u00e3o funcional com o CCSM para o Recebimento da Sala da Presid\u00eancia da Soamar Brasil na Sede do CCSM, em Bras\u00edlia &#8211; DF. SET\/2024 Reuni\u00e3o Funcional com a Diretoria Executiva e Conselho Fiscal da SOAMAR-<\/p>\n<p>OUT\/2024 Viagem de Representa\u00e7\u00e3o e participa\u00e7\u00e3o no VI Encontro Regional das Soamar da \u00c1rea de Jurisdi\u00e7\u00e3o do Comando do 2\u00b0 Distrito Naval, em Salvador &#8211; BA. NOV\/2024 Viagem para Cerim\u00f4nia de Passagem do Cargo de Presidente da Soamar Brasil e participa\u00e7\u00e3o da XIV Conven\u00e7\u00e3o Nacional da Soamar-Brasil, em Recife.<\/p>\n<p>SOAMAR BRASIL 12 REALIZA\u00c7\u00d5ES ADMINISTRATIVAS DAS GEST\u00d5ES 2020\/2022 e 2023\/2024 Aperfei\u00e7oamento nos cerimoniais de posse de Presidentes da Soamar Brasil, introduzindo a passagem da Cana do Leme, que representa a passagem de Comando (Presid\u00eancia) da Soamar Brasil, ato este j\u00e1 seguido por outras Soamares das \u00e1reas do 4\u00ba e 9\u00ba DNs; Cria\u00e7\u00e3o e Implanta\u00e7\u00e3o da Entrega ao Presidente da Soamar Brasil, durante o Cerimonial de transmiss\u00e3o de cargo, da Fl\u00e2mula que leva os mesmos padr\u00f5es da Bandeira da Soamar Brasil em forma de reconhecimento \u00e0 gest\u00e3o que se encerra; Nos Planos Administrativo e Financeiro da Soamar Brasil, regularizamos toda a situa\u00e7\u00e3o cartorial pendente afim de desbloquear financeiramente a conta da Soamar Brasil e fizemos algumas mudan\u00e7as e ajustes, sempre obedecendo ao Estatuto Regente em Vigor desde 2015; Implementa\u00e7\u00e3o do Organograma Funcional como tamb\u00e9m uma mudan\u00e7a na \u00e1rea Cont\u00e1bil da Soamar Brasil onde ajustamos um novo Plano Or\u00e7ament\u00e1rio com a cria\u00e7\u00e3o de parcerias com empresas patrocinadoras, visando dedica\u00e7\u00e3o ao estreitamento com a Marinha e todas as soamares existentes atrav\u00e9s de viagens e, na medida do poss\u00edvel, ajuda em eventos de Soamares e OM&#8217;s que enviaram projetos, de acordo com nosso Estatuto vigente. A ideia era que essas medidas alcan\u00e7assem todas as Soamar do Brasil, bem como a Soamar Brasil em Portugal, para tanto, era imperativo que as Soamar Regionais estivessem regulares perante a Soamar Brasil; Como o projeto inicial era o estudo para recupera\u00e7\u00e3o e reativa\u00e7\u00e3o das Soamares \u201cdesatualizadas\u201d, foi proposto que, de acordo com o Estatuto em vigor, houvesse um representante do grupo de Presidentes de Soamar Regionais em cada DN, participando da administra\u00e7\u00e3o em conjunto com a Soamar Brasil, no que concerne a reuni\u00f5es e audi\u00eancias junto ao CCSM, onde todos poderiam ser ouvidos e, de acordo com a precis\u00e3o e urg\u00eancia de cada, feito um calend\u00e1rio de visitas \u00e0s Soamares e OM\u2019s a que estivessem ligadas; Implanta\u00e7\u00e3o do Cargo de Presidente Coordenador;<\/p>\n<p>No plano operacional, definimos o Calend\u00e1rio Oficial de Eventos juntamente com o CCSM e Distritos Navais, onde tivemos as datas de Encontros de Soamar Regionais dos nove Distritos Navais. Tra\u00e7amos todo o planejamento, por\u00e9m, devido a causas externas como medidas contra a Pandemia do Covid-19 e travessia de um momento de acirradas discuss\u00f5es pol\u00edticas, s\u00f3 logramos \u00eaxito em 4 Encontros Regionais realizados, ficando para gest\u00e3o posterior o Encontro das Soamares dos cinco Distritos Navais remanescentes; Trabalhamos um Calend\u00e1rio de Palestras junto \u00e0s OM\u2019s de car\u00e1ter de Forma\u00e7\u00e3o da MB, como CN, EN, EGN e outros com intuito de divulgarmos a Soamar e o trabalho feito em conjunto com a Marinha do Brasil, por\u00e9m devido in\u00fameros fatores como a Pandemia do Covid-19, momento pol\u00edtico do pa\u00eds, n\u00e3o chegamos a concretiza\u00e7\u00e3o do planejamento por completo; Iniciamos a participa\u00e7\u00e3o da Soamar Brasil e Soamares Regionais no Planejamento de projetos como os dos Monumentos dos Vultos Navais e os eventos programados para Comemora\u00e7\u00e3o do Anivers\u00e1rio de 200 Anos da Independ\u00eancia e 200 da Chegada da Esquadra no Brasil; Fizemos Reuni\u00f5es de aproxima\u00e7\u00e3o com a participa\u00e7\u00e3o da Comunidade Mar\u00edtima e Portu\u00e1ria, em comum acordo com o interesse da Marinha; Solicitamos atrav\u00e9s dos Presidentes e Soamarinos de cada regi\u00e3o do Brasil, Emendas Parlamentares do Or\u00e7amento Individual e de Bancada aos Pol\u00edticos nas bases eleitorais com apoio a projetos ligados \u00e0 Marinha do Brasil; Na \u00e1rea de Divulga\u00e7\u00e3o, usamos Plataformas de divulga\u00e7\u00e3o atualizadas, como a cria\u00e7\u00e3o da Conta no Facebook e Instagram, al\u00e9m de Comunica\u00e7\u00e3o direta pelo WhatsApp. Estas foram implantadas por acharmos necess\u00e1rias para que pud\u00e9ssemos ajudar a divulgar com maior precis\u00e3o nossas atividades e as da Marinha do Brasil; Implantamos a pol\u00edtica de maior relacionamento com a Marinha, atrav\u00e9s da Diretoria do Centro de Comunica\u00e7\u00e3o da Marinha, quando passamos a receber Convites para diversos eventos e Cerim\u00f4nias da Marinha. Isso levou-nos a participa\u00e7\u00e3o em diversos eventos. Assim conseguimos divulgar nossas a\u00e7\u00f5es e fizemos um maior estreitamento com outras Organiza\u00e7\u00f5es Militares da Marinha, antes n\u00e3o atingidas em gest\u00f5es anteriores; Cria\u00e7\u00e3o junto ao CCSM do Cadastro Nacional de Soamarinos, visando a reimplanta\u00e7\u00e3o da Carteira do Soamarino com modelo e validade nacional para que os Soamarinos participem como benefici\u00e1rios dos projetos e parcerias de vultos sociais e culturais em que as Soamar Brasil e Soamares Regionais venham a executar. O modelo em desenvolvimento \u00e9 o utilizado pela Soamar Recife-PE e ser\u00e1 implantado na gest\u00e3o 2024\/2026; Iniciamos o Projeto de Manter viva a mem\u00f3ria hist\u00f3rica da Soamar, atrav\u00e9s da cria\u00e7\u00e3o do Arquivo Geral das Soamares, que ao ser conclu\u00eddo, ter\u00e1 o intuito de registrar todos os atos, fatos, eventos, ocorridos mensalmente com fins de se ter registrada a hist\u00f3ria da Soamar; Como parte do estreitamento entre a Soamar Brasil e Soamar Regionais e Soamar Brasil em Portugal, solicitamos a remessa \u00e0 Soamar-BRASIL dos Registros, Atas da Diretoria Executiva e de Conselho Deliberativo, mensalmente para divulga\u00e7\u00e3o em site e arquivamento; Inauguramos, no CCSM, o quadro com a Galeria dos Ex-Presidentes da Soamar-<\/p>\n<p>Brasil; Inauguramos a Sala da Presid\u00eancia da Soamar Brasil, localizada dentro das instala\u00e7\u00f5es do CCSM em Bras\u00edlia \u2013 DF; Iniciamos a busca de conv\u00eanios que tragam benef\u00edcios \u00e0 Soamar, como Poupex, Clube Naval e redes de farm\u00e1cias de \u00e2mbito de atua\u00e7\u00e3o nacionais, para uso desde que as mesmas estejam em dia com suas obriga\u00e7\u00f5es estatut\u00e1rias; Foi decidido em reuni\u00e3o da Diretoria Executiva da Soamar Brasil, a inclus\u00e3o permanente de datas em que o apoio Institucional e Divulga\u00e7\u00e3o atrav\u00e9s das Soamar Regionais ser\u00e3o viabilizadas. As programa\u00e7\u00f5es de eventos sociais tradicionais foram oficialmente ratificadas, como 11 de junho (Dia da Marinha), 06 de novembro (Dia do Amigo da Marinha) e 13 de dezembro (Dia do Marinheiro), al\u00e9m do apoio a outros eventos que possamos ser parceiros junto a MB;<\/p>\n<p>De \u00e2mbito social, estudamos junto \u00e0s Regionais e solicitamos aos Presidentes a observ\u00e2ncia nos Trabalhos Sociais e Culturais em que as Soamares podem participar de forma singular ou em conjunto com a Marinha do Brasil, atrav\u00e9s das Volunt\u00e1rias Cisne Branco e OM\u2019s das regi\u00f5es; No mesmo seguimento social, iniciamos apoio com algumas Soamares, no intuito de que sejam estabelecidos de conv\u00eanios entre a SOAMAR \/ IATES CLUBES \/ CINEMAS, para utiliza\u00e7\u00e3o das instala\u00e7\u00f5es sociais em eventos e esportes, em parceria com a MB, para uso pela Marinha de uma \u00e1rea de lazer para os Oficiais e Guarni\u00e7\u00e3o, como tamb\u00e9m em atividades em que a MB precise do equipamento do Clube citado para TFM (Em caso de locais em que n\u00e3o haja estruturas de apoio aos militares que servem em OM\u2019s); Representa\u00e7\u00f5es, em conjunto com as Soamares Regionais, em Eventos Sociais, Cerim\u00f4nias Militares a n\u00edvel Nacional e Internacional, quando convidados, como tamb\u00e9m participa\u00e7\u00f5es em campanhas de vacina\u00e7\u00e3o e outras em conv\u00eanios com as Secret\u00e1rias de Sa\u00fade e Seguran\u00e7a Social dos Estados e Munic\u00edpios; No \u00e2mbito Administrativo, foi proposta ao CCSM a reedi\u00e7\u00e3o do \u201cANU\u00c1RIO DA SOAMAR BRASIL\u201d, elaborado e impresso na sua primeira edi\u00e7\u00e3o pelo Ex-Presidente ROBERTO MASSOUD (2006\/2008). Aproveitando para agradecer ao CMG (RM1) RONALD, Soamarino atuante na Soamar Campinas, por todas as informa\u00e7\u00f5es sobre o \u201cSOAMAR NOT\u00cdCIAS\u201d; Implementamos, junto ao CCSM, um estudo para cria\u00e7\u00e3o, ativa\u00e7\u00e3o, reativa\u00e7\u00e3o e recupera\u00e7\u00e3o de novas e Soamares existentes, desde que atendidos todos os pr\u00e9-requisitos para cria\u00e7\u00e3o destas, de acordo com o ESTATUTO SOAMAR BRASIL em vigor. Optamos por n\u00e3o implantarmos e ativarmos no per\u00edodo de nossa gest\u00e3o; Trabalhamos na assessoria, visando a Recupera\u00e7\u00e3o e Reativa\u00e7\u00e3o de 10 Soamares Regionais; Trabalhamos na Recupera\u00e7\u00e3o dos Estatutos de 08 Soamares Regionais. Em observ\u00e2ncia que mudamos o foco para 2023 e 2024 onde o foco Administrativo na gest\u00e3o foi o de RECUPERA\u00c7\u00c3O Administrativa e Financeira. Fizemos v\u00e1rias propostas para readequa\u00e7\u00e3o financeira, havendo \u00eaxito em 100% das iniciativas e as Soamares Regionais<\/p>\n<p>voltaram a ter seus direitos reestabelecidos. Implanta\u00e7\u00e3o CONSELHO CONSULTIVO da Soamar Brasil de acordo com o Estatuto vigente;<\/p>\n<p>Seguindo a Soamares que j\u00e1 possuem em seus Munic\u00edpios e Estados, iniciamos um estudo afim de tornarmos a Soamar Brasil uma institui\u00e7\u00e3o de Utilidade P\u00fablica (OCIP);<\/p>\n<p>Realizamos 04 ENCONTROS DAS SOAMARES REGIONAIS, em 2024, como segue:<\/p>\n<p>\uf0d8 24.1- ENCONTRO DAS SOAMARES DO 2\u00b0 DISTRITO NAVAL;<br \/>\n\uf0d8 24.2- ENCONTRO DAS SOAMARES DO 3\u00b0 DISTRITO NAVAL.;<br \/>\n\uf0d8 24.3- ENCONTRO DAS SOAMARES DO 7\u00b0 DISTRITO NAVAL; e<br \/>\n\uf0d8 24.4- ENCONTRO DAS SOAMARES DO 8\u00ba DISTRITO NAVAL;<\/p>\n<p>Realizamos, em conjunto com o CCSM, o IV ENCONTRO DE PRESIDENTES<\/p>\n<p>DE SOAMAR DO BRASIL em S\u00e3o Lu\u00eds &#8211; MA, em NOV2023.<\/p>\n<p>Ao ensejo, agrade\u00e7o a todos os Presidentes que apoiaram nossa gest\u00e3o e pe\u00e7o que continuem o apoio \u00e0 Soamar Brasil nas administra\u00e7\u00f5es que se seguir\u00e3o. Lembrem-se que \u201cSOMENTE UNIDOS SEREMOS FORTES\u201d<\/p>\n<p>Cordialmente,<br \/>\n<strong>ORSON ANTONIO FERES MORAES R\u00caGO<\/strong><\/p>\n<h1><img loading=\"lazy\" decoding=\"async\" class=\"alignnone wp-image-18653 size-full\" src=\"https:\/\/portosma.com.br\/wp-content\/uploads\/2024\/11\/PORT-15-SB-1.jpg\" alt=\"\" width=\"900\" height=\"1431\" srcset=\"https:\/\/portosma.com.br\/wp-content\/uploads\/2024\/11\/PORT-15-SB-1.jpg 900w, https:\/\/portosma.com.br\/wp-content\/uploads\/2024\/11\/PORT-15-SB-1-189x300.jpg 189w, https:\/\/portosma.com.br\/wp-content\/uploads\/2024\/11\/PORT-15-SB-1-644x1024.jpg 644w, https:\/\/portosma.com.br\/wp-content\/uploads\/2024\/11\/PORT-15-SB-1-768x1221.jpg 768w\" sizes=\"(max-width: 900px) 100vw, 900px\" \/> <img loading=\"lazy\" decoding=\"async\" class=\"alignnone wp-image-18654 size-full\" src=\"https:\/\/portosma.com.br\/wp-content\/uploads\/2024\/11\/PORT-15-SB-2.jpg\" alt=\"\" width=\"900\" height=\"879\" srcset=\"https:\/\/portosma.com.br\/wp-content\/uploads\/2024\/11\/PORT-15-SB-2.jpg 900w, https:\/\/portosma.com.br\/wp-content\/uploads\/2024\/11\/PORT-15-SB-2-300x293.jpg 300w, https:\/\/portosma.com.br\/wp-content\/uploads\/2024\/11\/PORT-15-SB-2-768x750.jpg 768w\" sizes=\"(max-width: 900px) 100vw, 900px\" \/><\/h1>\n<h1><img loading=\"lazy\" decoding=\"async\" class=\"alignnone wp-image-18680 size-full\" src=\"https:\/\/portosma.com.br\/wp-content\/uploads\/2024\/11\/NOVA-PORTA-16-1.jpg\" alt=\"\" width=\"900\" height=\"1410\" srcset=\"https:\/\/portosma.com.br\/wp-content\/uploads\/2024\/11\/NOVA-PORTA-16-1.jpg 900w, https:\/\/portosma.com.br\/wp-content\/uploads\/2024\/11\/NOVA-PORTA-16-1-191x300.jpg 191w, https:\/\/portosma.com.br\/wp-content\/uploads\/2024\/11\/NOVA-PORTA-16-1-654x1024.jpg 654w, https:\/\/portosma.com.br\/wp-content\/uploads\/2024\/11\/NOVA-PORTA-16-1-768x1203.jpg 768w\" sizes=\"(max-width: 900px) 100vw, 900px\" \/> <img loading=\"lazy\" decoding=\"async\" class=\"alignnone wp-image-18681 size-full\" src=\"https:\/\/portosma.com.br\/wp-content\/uploads\/2024\/11\/NOVA-PORTA-16-2.jpg\" alt=\"\" width=\"900\" height=\"617\" srcset=\"https:\/\/portosma.com.br\/wp-content\/uploads\/2024\/11\/NOVA-PORTA-16-2.jpg 900w, https:\/\/portosma.com.br\/wp-content\/uploads\/2024\/11\/NOVA-PORTA-16-2-300x206.jpg 300w, https:\/\/portosma.com.br\/wp-content\/uploads\/2024\/11\/NOVA-PORTA-16-2-768x527.jpg 768w\" sizes=\"(max-width: 900px) 100vw, 900px\" \/><\/h1>\n<h1>Caros presidentes,<\/h1>\n<p>Conforme o rito das elei\u00e7\u00f5es estabelecido na Delibera\u00e7\u00e3o&nbsp; 01\/2010 e pelo Estatuto da Soamar Brasil vigente, especialmente&nbsp; nos termos do Art. 35 e em cumprimento da Resolu\u00e7\u00e3o Normativa 001\/2024 e seus respectivos&nbsp; resumo de provid\u00eancias,&nbsp; Edito&nbsp; e divulgo o Edital de Convoca\u00e7\u00e3o da Assembleia Geral Ordin\u00e1ria da Soamar-Brasil,&nbsp; que ser\u00e1 de forma&nbsp; presencial na cidade de Recife-PE&nbsp; no per\u00edodo&nbsp; de 14\/11\/2024 \u00e0 16\/11\/2024. Informo que este Edital est\u00e1 aqui publicado, no&nbsp; Site&nbsp; www.portosma.com.br nesta que \u00e9 a p\u00e1gina especial da Soamar Brasil.<\/p>\n<p><strong><em>Cordialmente,<\/em><br \/>\nORSON Ant\u00f4nio F\u00c9RES Moraes R\u00eago.<\/strong><br \/>\n<strong><em>Presidente da Soamar Brasil.<\/em><\/strong><\/p>\n<h1><img loading=\"lazy\" decoding=\"async\" class=\"alignnone wp-image-18250 size-full\" src=\"https:\/\/portosma.com.br\/wp-content\/uploads\/2024\/10\/EESB-01.jpg\" alt=\"\" width=\"900\" height=\"1380\" srcset=\"https:\/\/portosma.com.br\/wp-content\/uploads\/2024\/10\/EESB-01.jpg 900w, https:\/\/portosma.com.br\/wp-content\/uploads\/2024\/10\/EESB-01-196x300.jpg 196w, https:\/\/portosma.com.br\/wp-content\/uploads\/2024\/10\/EESB-01-668x1024.jpg 668w, https:\/\/portosma.com.br\/wp-content\/uploads\/2024\/10\/EESB-01-768x1178.jpg 768w\" sizes=\"(max-width: 900px) 100vw, 900px\" \/><img loading=\"lazy\" decoding=\"async\" class=\"alignnone wp-image-18252 size-full\" src=\"https:\/\/portosma.com.br\/wp-content\/uploads\/2024\/10\/EESB-02A.jpg\" alt=\"\" width=\"900\" height=\"216\" srcset=\"https:\/\/portosma.com.br\/wp-content\/uploads\/2024\/10\/EESB-02A.jpg 900w, https:\/\/portosma.com.br\/wp-content\/uploads\/2024\/10\/EESB-02A-300x72.jpg 300w, https:\/\/portosma.com.br\/wp-content\/uploads\/2024\/10\/EESB-02A-768x184.jpg 768w\" sizes=\"(max-width: 900px) 100vw, 900px\" \/><\/h1>\n<h1><img loading=\"lazy\" decoding=\"async\" class=\"alignnone wp-image-18253 size-full\" src=\"https:\/\/portosma.com.br\/wp-content\/uploads\/2024\/10\/EESB-02B.jpg\" alt=\"\" width=\"900\" height=\"346\" srcset=\"https:\/\/portosma.com.br\/wp-content\/uploads\/2024\/10\/EESB-02B.jpg 900w, https:\/\/portosma.com.br\/wp-content\/uploads\/2024\/10\/EESB-02B-300x115.jpg 300w, https:\/\/portosma.com.br\/wp-content\/uploads\/2024\/10\/EESB-02B-768x295.jpg 768w\" sizes=\"(max-width: 900px) 100vw, 900px\" \/><\/h1>\n<h1>Caros presidentes,<\/h1>\n<h4>Conforme rito do Estatuto da SOAMAR-BRASIL, publicamos a seguir a Resolu\u00e7\u00e3o Normativa 001\/2024, seu Anexo, e as Provid\u00eancias a adotar em prepara\u00e7\u00e3o para a Elei\u00e7\u00e3o para Vice-Presidente do bi\u00eanio 2024\/2026.<\/h4>\n<p><strong>ORSON ANTONIO FERES MORAES R\u00caGO<\/strong><br \/>\n<em><strong>Presidente da Soamar Brasil<\/strong><\/em><\/p>\n<p><img loading=\"lazy\" decoding=\"async\" class=\"alignnone wp-image-17965 size-full\" src=\"https:\/\/portosma.com.br\/wp-content\/uploads\/2024\/10\/DCTOS-SB-007.jpg\" alt=\"\" width=\"900\" height=\"1241\" srcset=\"https:\/\/portosma.com.br\/wp-content\/uploads\/2024\/10\/DCTOS-SB-007.jpg 900w, https:\/\/portosma.com.br\/wp-content\/uploads\/2024\/10\/DCTOS-SB-007-218x300.jpg 218w, https:\/\/portosma.com.br\/wp-content\/uploads\/2024\/10\/DCTOS-SB-007-743x1024.jpg 743w, https:\/\/portosma.com.br\/wp-content\/uploads\/2024\/10\/DCTOS-SB-007-768x1059.jpg 768w\" sizes=\"(max-width: 900px) 100vw, 900px\" \/><\/p>\n<p><img loading=\"lazy\" decoding=\"async\" class=\"alignnone wp-image-17966 size-full\" src=\"https:\/\/portosma.com.br\/wp-content\/uploads\/2024\/10\/DCTOS-SB-003.jpg\" alt=\"\" width=\"900\" height=\"1260\" srcset=\"https:\/\/portosma.com.br\/wp-content\/uploads\/2024\/10\/DCTOS-SB-003.jpg 900w, https:\/\/portosma.com.br\/wp-content\/uploads\/2024\/10\/DCTOS-SB-003-214x300.jpg 214w, https:\/\/portosma.com.br\/wp-content\/uploads\/2024\/10\/DCTOS-SB-003-731x1024.jpg 731w, https:\/\/portosma.com.br\/wp-content\/uploads\/2024\/10\/DCTOS-SB-003-768x1075.jpg 768w\" sizes=\"(max-width: 900px) 100vw, 900px\" \/> <img loading=\"lazy\" decoding=\"async\" class=\"alignnone wp-image-17967 size-full\" src=\"https:\/\/portosma.com.br\/wp-content\/uploads\/2024\/10\/DCTOS-SB-004.jpg\" alt=\"\" width=\"900\" height=\"1191\" srcset=\"https:\/\/portosma.com.br\/wp-content\/uploads\/2024\/10\/DCTOS-SB-004.jpg 900w, https:\/\/portosma.com.br\/wp-content\/uploads\/2024\/10\/DCTOS-SB-004-227x300.jpg 227w, https:\/\/portosma.com.br\/wp-content\/uploads\/2024\/10\/DCTOS-SB-004-774x1024.jpg 774w, https:\/\/portosma.com.br\/wp-content\/uploads\/2024\/10\/DCTOS-SB-004-768x1016.jpg 768w\" sizes=\"(max-width: 900px) 100vw, 900px\" \/> <img loading=\"lazy\" decoding=\"async\" class=\"alignnone wp-image-17968 size-full\" src=\"https:\/\/portosma.com.br\/wp-content\/uploads\/2024\/10\/DCTOS-SB-005.jpg\" alt=\"\" width=\"900\" height=\"1036\" srcset=\"https:\/\/portosma.com.br\/wp-content\/uploads\/2024\/10\/DCTOS-SB-005.jpg 900w, https:\/\/portosma.com.br\/wp-content\/uploads\/2024\/10\/DCTOS-SB-005-261x300.jpg 261w, https:\/\/portosma.com.br\/wp-content\/uploads\/2024\/10\/DCTOS-SB-005-890x1024.jpg 890w, https:\/\/portosma.com.br\/wp-content\/uploads\/2024\/10\/DCTOS-SB-005-768x884.jpg 768w\" sizes=\"(max-width: 900px) 100vw, 900px\" \/> <img loading=\"lazy\" decoding=\"async\" class=\"alignnone wp-image-17969 size-full\" src=\"https:\/\/portosma.com.br\/wp-content\/uploads\/2024\/10\/DCTOS-SB-006.jpg\" alt=\"\" width=\"900\" height=\"833\" srcset=\"https:\/\/portosma.com.br\/wp-content\/uploads\/2024\/10\/DCTOS-SB-006.jpg 900w, https:\/\/portosma.com.br\/wp-content\/uploads\/2024\/10\/DCTOS-SB-006-300x278.jpg 300w, https:\/\/portosma.com.br\/wp-content\/uploads\/2024\/10\/DCTOS-SB-006-768x711.jpg 768w\" sizes=\"(max-width: 900px) 100vw, 900px\" \/><\/p>\n<p><img loading=\"lazy\" decoding=\"async\" class=\"alignnone wp-image-17963 size-full\" src=\"https:\/\/portosma.com.br\/wp-content\/uploads\/2024\/10\/DCTOS-SB-001.jpg\" alt=\"\" width=\"900\" height=\"1406\" srcset=\"https:\/\/portosma.com.br\/wp-content\/uploads\/2024\/10\/DCTOS-SB-001.jpg 900w, https:\/\/portosma.com.br\/wp-content\/uploads\/2024\/10\/DCTOS-SB-001-192x300.jpg 192w, https:\/\/portosma.com.br\/wp-content\/uploads\/2024\/10\/DCTOS-SB-001-655x1024.jpg 655w, https:\/\/portosma.com.br\/wp-content\/uploads\/2024\/10\/DCTOS-SB-001-768x1200.jpg 768w\" sizes=\"(max-width: 900px) 100vw, 900px\" \/> <img loading=\"lazy\" decoding=\"async\" class=\"alignnone wp-image-17964 size-full\" src=\"https:\/\/portosma.com.br\/wp-content\/uploads\/2024\/10\/DCTOS-SB-002.jpg\" alt=\"\" width=\"906\" height=\"667\" srcset=\"https:\/\/portosma.com.br\/wp-content\/uploads\/2024\/10\/DCTOS-SB-002.jpg 906w, https:\/\/portosma.com.br\/wp-content\/uploads\/2024\/10\/DCTOS-SB-002-300x221.jpg 300w, https:\/\/portosma.com.br\/wp-content\/uploads\/2024\/10\/DCTOS-SB-002-768x565.jpg 768w\" sizes=\"(max-width: 906px) 100vw, 906px\" \/><\/p>\n<h1>SB 45 anos: presid\u00eancia ganha sala em Bras\u00edlia<\/h1>\n<h1><img loading=\"lazy\" decoding=\"async\" class=\"attachment-full size-full wp-image-16898\" style=\"font-size: 16px;\" src=\"https:\/\/portosma.com.br\/wp-content\/uploads\/2024\/08\/SOAMAR-BRASIL.jpg\" sizes=\"(max-width: 1200px) 100vw, 1200px\" srcset=\"https:\/\/portosma.com.br\/wp-content\/uploads\/2024\/08\/SOAMAR-BRASIL.jpg 1200w, https:\/\/portosma.com.br\/wp-content\/uploads\/2024\/08\/SOAMAR-BRASIL-300x126.jpg 300w, https:\/\/portosma.com.br\/wp-content\/uploads\/2024\/08\/SOAMAR-BRASIL-1024x429.jpg 1024w, https:\/\/portosma.com.br\/wp-content\/uploads\/2024\/08\/SOAMAR-BRASIL-768x322.jpg 768w\" alt=\"\" width=\"1200\" height=\"503\"><\/h1>\n<div class=\"elementor-element elementor-element-b122b75 elementor-widget elementor-widget-theme-post-content\" data-id=\"b122b75\" data-element_type=\"widget\" data-widget_type=\"theme-post-content.default\">\n<div class=\"elementor-widget-container\">\n<p>Em comemora\u00e7\u00e3o aos 45 anos da Sociedade Amigos da Marinha (SOAMAR-Brasil), a Marinha do Brasil inaugurou, no \u00faltimo dia 26 de julho, a nova Sala da Presid\u00eancia da institui\u00e7\u00e3o em Bras\u00edlia. Localizada no Centro de Comunica\u00e7\u00e3o Social da Marinha (CCSM), a sala foi criada para preservar a rica hist\u00f3ria da SOAMAR e servir como espa\u00e7o de trabalho para os presidentes atuais e futuros.<\/p>\n<p>A cerim\u00f4nia de inaugura\u00e7\u00e3o contou com a presen\u00e7a de importantes autoridades, incluindo o Comandante do 7\u00ba Distrito Naval, Vice-Almirante Jos\u00e9 Vicente de Alvarenga Filho, o Diretor do CCSM, Contra-Almirante Alexandre Taumaturgo Pavoni, e o Presidente da SOAMAR-Brasil, Orson Ant\u00f4nio Feres Moraes R\u00eago, e o vice-presidente da Soamar Brasil Jorge Eduardo Pessoa de Arag\u00e3o. O descerramento da placa de inaugura\u00e7\u00e3o foi um momento simb\u00f3lico, marcando a import\u00e2ncia deste novo espa\u00e7o para a continuidade das atividades da SOAMAR.<\/p>\n<p><strong>Import\u00e2ncia do espa\u00e7o<\/strong>&nbsp;\u2013 A nova Sala da Presid\u00eancia foi concebida com o objetivo de preservar a hist\u00f3ria e os arquivos da SOAMAR-Brasil, al\u00e9m de servir como um local funcional para o trabalho dos presidentes da institui\u00e7\u00e3o. Este espa\u00e7o ser\u00e1 fundamental para a organiza\u00e7\u00e3o e conserva\u00e7\u00e3o de documentos importantes, garantindo que o legado da SOAMAR seja mantido para as futuras gera\u00e7\u00f5es. Al\u00e9m disso, a sala proporciona um ambiente adequado para o desenvolvimento das atividades da presid\u00eancia, fortalecendo a atua\u00e7\u00e3o da SOAMAR-Brasil.<\/p>\n<p><strong>Comemora\u00e7\u00e3o dos 45 anos<\/strong>&nbsp;\u2013 A inaugura\u00e7\u00e3o da Sala da Presid\u00eancia coincide com a celebra\u00e7\u00e3o do 45\u00ba anivers\u00e1rio da SOAMAR-Brasil, comemorado no dia 27 de julho. Ao longo de suas mais de quatro d\u00e9cadas de exist\u00eancia, a SOAMAR tem desempenhado um papel vital na promo\u00e7\u00e3o da mentalidade mar\u00edtima no Brasil, apoiando as atividades da Marinha do Brasil e contribuindo para a difus\u00e3o de valores ligados ao mar. A nova sala simboliza a continuidade desse trabalho e o compromisso da SOAMAR com sua miss\u00e3o de promover e valorizar as tradi\u00e7\u00f5es navais no pa\u00eds.<\/p>\n<\/div>\n<\/div>\n<h3>Carta aberta da Soamar Brasil<\/h3>\n<h5><span style=\"color: #800000;\">Soamar Brasil se manifesta publicamente contra a decis\u00e3o da Universidade Federal do Rio Grande de cassar o T\u00edtulo Honor\u00edfico de Doutor Honoris Causa concedido ao nosso Patrono da Marinha, Almirante de Esquadra Maximiano Eduardo da Silva Fonseca. Leia a \u00edntegra da carta do presidente da entidade, Ant\u00f4nio F\u00e9res Moraes R\u00eago endere\u00e7ada ao Reitor de UFRG.<\/span><\/h5>\n<p><img loading=\"lazy\" decoding=\"async\" class=\"wp-image-14080 size-full alignleft\" src=\"https:\/\/portosma.com.br\/wp-content\/uploads\/2024\/04\/LOG-SB-1.jpg\" alt=\"\" width=\"200\" height=\"200\" srcset=\"https:\/\/portosma.com.br\/wp-content\/uploads\/2024\/04\/LOG-SB-1.jpg 200w, https:\/\/portosma.com.br\/wp-content\/uploads\/2024\/04\/LOG-SB-1-150x150.jpg 150w\" sizes=\"(max-width: 200px) 100vw, 200px\" \/><\/p>\n<p><img loading=\"lazy\" decoding=\"async\" class=\"size-medium wp-image-14081 alignleft\" src=\"https:\/\/portosma.com.br\/wp-content\/uploads\/2024\/04\/LOG-SB-2.jpg\" alt=\"\" width=\"200\" height=\"292\"><\/p>\n<p><strong>SOCIEDADE AMIGOS DA MARINHA DO BRASIL<\/strong><\/p>\n<p><em><strong>S\u00e3o Lu\u00eds, MA, 11 de abril de 2024<\/strong><\/em><\/p>\n<p><em>\u00c0 Vossa Magnific\u00eancia<\/em><br \/>\n<em>Prof. Doutor DANILO GIROLDO<\/em><br \/>\n<em>Reitor da Universidade Federal do Rio Grande &#8211; FURG<\/em><\/p>\n<p><em>Em nome da SOAMAR Brasil e de in\u00fameros associados espalhados no Brasil e no exterior, escrevo-lhe esta carta com grande preocupa\u00e7\u00e3o em rela\u00e7\u00e3o \u00e0 recente decis\u00e3o do Conselho Universit\u00e1rio da Universidade Federal do Rio Grande (FURG) de cassar o t\u00edtulo honor\u00edfico de Doutor Honoris Causa concedido ao Almirante de Esquadra Maximiano Eduardo da Silva Fonseca.<\/em><\/p>\n<p><em>Expresso o profundo desagrado da SOAMAR Brasil em rela\u00e7\u00e3o a essa decis\u00e3o, que consideramos injusta e desalinhada com as not\u00e1veis contribui\u00e7\u00f5es do Almirante Maximiano para o nosso Pa\u00eds. O Almirante Maximiano foi um l\u00edder excepcional e um verdadeiro pioneiro na promo\u00e7\u00e3o da pesquisa oce\u00e2nica e do desenvolvimento cient\u00edfico e tecnol\u00f3gico. Sua vis\u00e3o e dedica\u00e7\u00e3o foram fundamentais para o estabelecimento do Programa Ant\u00e1rtico Brasileiro (PROANTAR), que representou um marco significativo no desenvolvimento da ci\u00eancia polar brasileira.<\/em><\/p>\n<p><em>\u00c9 importante destacar que o Almirante Maximiano foi o grande incentivador da difus\u00e3o das unidades SOAMAR no territ\u00f3rio nacional, quando ainda era Ministro da Marinha. Ademais, participou da funda\u00e7\u00e3o da SOAMAR Brasil, em 27 de julho de 1979, tornando-se, assim, o Patrono das unidades espalhadas pelo territ\u00f3rio nacional e internacional. Na data do seu nascimento, 06 de novembro, celebra-se o Dia Nacional do Amigo da Marinha, uma justa homenagem a quem tanto reconheceu os m\u00e9ritos das personalidades civis, sem v\u00ednculo funcional com a Marinha do Brasil, militares de outras For\u00e7as, bem como das institui\u00e7\u00f5es que se tenham distinguido na estrita divulga\u00e7\u00e3o da mentalidade mar\u00edtima ou no relacionamento com a For\u00e7a Naval.<\/em><\/p>\n<p><em>Ao cassar o t\u00edtulo honor\u00edfico concedido ao Almirante Maximiano, a FURG parece ignorar suas significativas contribui\u00e7\u00f5es para o avan\u00e7o da ci\u00eancia e tecnologia no Brasil, bem como seu compromisso com a promo\u00e7\u00e3o do conhecimento e da excel\u00eancia acad\u00eamica. Diante disso, em nome de in\u00fameros Amigos da Marinha do Brasil, insto-lhe a reconsiderar essa decis\u00e3o e a restaurar o merecido reconhecimento ao nosso Patrono, Almirante Maximiano Eduardo da Silva Fonseca.<\/em><\/p>\n<p><em>Agrade\u00e7o antecipadamente pela sua aten\u00e7\u00e3o e espero sinceramente que esta carta possa contribuir para uma reflex\u00e3o mais profunda sobre o significado e o impacto das contribui\u00e7\u00f5es do Almirante Maximiano para o Pa\u00eds.<\/em><\/p>\n<p><strong>Orson Ant\u00f4nio F\u00e9res Moraes R\u00eago<\/strong><br \/>\n<em><strong>Presidente da SOAMAR Brasil<\/strong><\/em><\/p>\n<h4><span style=\"color: #808080;\">***<\/span><\/h4>\n<p><img loading=\"lazy\" decoding=\"async\" class=\"alignnone wp-image-14027\" style=\"font-size: 16px;\" src=\"https:\/\/portosma.com.br\/wp-content\/uploads\/2024\/04\/4DN-12-1-300x125.jpg\" alt=\"\" width=\"900\" height=\"374\" srcset=\"https:\/\/portosma.com.br\/wp-content\/uploads\/2024\/04\/4DN-12-1-300x125.jpg 300w, https:\/\/portosma.com.br\/wp-content\/uploads\/2024\/04\/4DN-12-1-1024x425.jpg 1024w, https:\/\/portosma.com.br\/wp-content\/uploads\/2024\/04\/4DN-12-1-768x319.jpg 768w, https:\/\/portosma.com.br\/wp-content\/uploads\/2024\/04\/4DN-12-1.jpg 1200w\" sizes=\"(max-width: 900px) 100vw, 900px\" \/><\/p>\n<h3>Soamar Brasil prestigia a posse do VA Salgueirinho como o novo Comandante do IV Distrito Naval da Marinha do Brasil<\/h3>\n<p>Sob o comando do Almirante de Esquadra Wladmilson Borges de Aguiar, Comandante de Opera\u00e7\u00f5es Navais da Marinha do Brasil, o Vice-Almirante S\u00e9rgio Renato Berna Salgueirinho assumiu o cargo de novo Comandante do IV Distrito Naval, em substitui\u00e7\u00e3o ao Vice-Almirante Ant\u00f4nio Capistrano de Freitas Filho A solenidade aconteceu no \u00faltimo 10 de abril, na sede do IV DN, na cidade de Bel\u00e9m, capital do Estado do Par\u00e1. Entre os convidados, da sociedade civil e militar, a Soamar Brasil se fez presente ao evento representada pelo seu presidente Orson Feres de Moraes R\u00eago e, tamb\u00e9m, o seu vice-presidente Jorge Eduardo Pessoa de Arag\u00e3o, da Soamar de Pernambuco. A Soamar do Maranh\u00e3o Maranh\u00e3o esteve representada pelo seu presidente, o soamarino S\u00edlvio L\u00facio de Oliveira Aguiar. Tamb\u00e9m marcou presen\u00e7a o Capit\u00e3o dos Portyos do Maranh\u00e3o, o CMG Alessandro Domingos Gurski.<\/p>\n<figure id=\"attachment_14029\" aria-describedby=\"caption-attachment-14029\" style=\"width: 900px\" class=\"wp-caption alignnone\"><img loading=\"lazy\" decoding=\"async\" class=\"wp-image-14029 size-full\" src=\"https:\/\/portosma.com.br\/wp-content\/uploads\/2024\/04\/4DN-14.jpg\" alt=\"\" width=\"900\" height=\"563\" srcset=\"https:\/\/portosma.com.br\/wp-content\/uploads\/2024\/04\/4DN-14.jpg 900w, https:\/\/portosma.com.br\/wp-content\/uploads\/2024\/04\/4DN-14-300x188.jpg 300w, https:\/\/portosma.com.br\/wp-content\/uploads\/2024\/04\/4DN-14-768x480.jpg 768w\" sizes=\"(max-width: 900px) 100vw, 900px\" \/><figcaption id=\"caption-attachment-14029\" class=\"wp-caption-text\"><span style=\"color: #800000;\"><em>O VA Capistrano com S\u00edlvio L\u00facio Aguiar, da Soamar do Maranh\u00e3o, Orson Feres, Presidente da Soamar Brasil e Jorge Eduardo Pessoa de Arag\u00e3o, da Soamar Pernambuco e vice-presidente da Soamar Brasil.<\/em><\/span><\/figcaption><\/figure>\n<h3><img loading=\"lazy\" decoding=\"async\" class=\"alignnone wp-image-14024 size-full\" src=\"https:\/\/portosma.com.br\/wp-content\/uploads\/2024\/04\/4DN-09.jpg\" alt=\"\" width=\"900\" height=\"430\" srcset=\"https:\/\/portosma.com.br\/wp-content\/uploads\/2024\/04\/4DN-09.jpg 900w, https:\/\/portosma.com.br\/wp-content\/uploads\/2024\/04\/4DN-09-300x143.jpg 300w, https:\/\/portosma.com.br\/wp-content\/uploads\/2024\/04\/4DN-09-768x367.jpg 768w\" sizes=\"(max-width: 900px) 100vw, 900px\" \/><\/h3>\n<h3><img loading=\"lazy\" decoding=\"async\" class=\"alignnone wp-image-14021 size-full\" src=\"https:\/\/portosma.com.br\/wp-content\/uploads\/2024\/04\/4DN-06.jpg\" alt=\"\" width=\"900\" height=\"445\" srcset=\"https:\/\/portosma.com.br\/wp-content\/uploads\/2024\/04\/4DN-06.jpg 900w, https:\/\/portosma.com.br\/wp-content\/uploads\/2024\/04\/4DN-06-300x148.jpg 300w, https:\/\/portosma.com.br\/wp-content\/uploads\/2024\/04\/4DN-06-768x380.jpg 768w\" sizes=\"(max-width: 900px) 100vw, 900px\" \/><\/h3>\n<h3><span style=\"color: #000000;\">Soamar Brasil presente na Intermodal 2024, em S\u00e3o Paulo, e visita o Stand da empresa Camorim Rebocadores<\/span><\/h3>\n<p><img loading=\"lazy\" decoding=\"async\" class=\"alignnone wp-image-13488 size-full\" src=\"https:\/\/portosma.com.br\/wp-content\/uploads\/2024\/03\/CAMORIM-4.jpg\" alt=\"\" width=\"900\" height=\"358\" srcset=\"https:\/\/portosma.com.br\/wp-content\/uploads\/2024\/03\/CAMORIM-4.jpg 900w, https:\/\/portosma.com.br\/wp-content\/uploads\/2024\/03\/CAMORIM-4-300x119.jpg 300w, https:\/\/portosma.com.br\/wp-content\/uploads\/2024\/03\/CAMORIM-4-768x305.jpg 768w\" sizes=\"(max-width: 900px) 100vw, 900px\" \/><\/p>\n<p>Ainda dentro da Intermodal 2024, representantes da Soamar Brasil visitaram o stand da empresa Camorim Rebocadores onde foram recebidos pelo seu gerente comercial Jos\u00e9 Carlos Micas. Na oportunidade conheceram em destalhes os planos de investimento da empresa nesse setor vital para a o desenvolvimento das atividades portu\u00e1rias do pa\u00eds. Segundo Micas, uma linha de investimento pesado, da ordem de 200 milh\u00f5es de reais na constru\u00e7\u00e3o de cinco novos rebocadores . Na primeira foto, pela ordem, Jamiro Dias, presidente da Soamar Cear\u00e1; Orson Moraes R\u00eago, presidente da Soamar Brasil; Jos\u00e9 Carlos Micas, da Gerente Comercial da Camorim Rebocadores; Richard Granthame, Vice-presidente da Soamar Rio Grande e Marcelo Branco, presidente da Soamar Paranagu\u00e1. Abaixo os rebocadores Itaj\u00e1i e Cabedelo, os dois novos integrantes da frota da empresa Camorim Rebocadores.<\/p>\n<p><img loading=\"lazy\" decoding=\"async\" class=\"alignnone wp-image-13497 size-full\" src=\"https:\/\/portosma.com.br\/wp-content\/uploads\/2024\/03\/SB-900.jpg\" alt=\"\" width=\"900\" height=\"673\" srcset=\"https:\/\/portosma.com.br\/wp-content\/uploads\/2024\/03\/SB-900.jpg 900w, https:\/\/portosma.com.br\/wp-content\/uploads\/2024\/03\/SB-900-300x224.jpg 300w, https:\/\/portosma.com.br\/wp-content\/uploads\/2024\/03\/SB-900-768x574.jpg 768w\" sizes=\"(max-width: 900px) 100vw, 900px\" \/><br \/>\n<span style=\"color: #000000;\"><em>Aqui, al\u00e9m do presidente da Soamar Cear\u00e1, do presidente da Soamar Brasil e do Presidente da Soamar de Paranagu\u00e1, vemos, tamb\u00e9m, o oficial da Reserva da Marinha, Calmon Bahia.&nbsp;<\/em><\/span><\/p>\n<h3><span style=\"color: #800000;\">Prestigiando a posse do Chefe do Estado Maior da Armada<\/span><\/h3>\n<p><img loading=\"lazy\" decoding=\"async\" class=\"alignnone wp-image-12531 size-full\" src=\"https:\/\/portosma.com.br\/wp-content\/uploads\/2024\/02\/ARMADA-4.jpg\" alt=\"\" width=\"900\" height=\"394\" srcset=\"https:\/\/portosma.com.br\/wp-content\/uploads\/2024\/02\/ARMADA-4.jpg 900w, https:\/\/portosma.com.br\/wp-content\/uploads\/2024\/02\/ARMADA-4-300x131.jpg 300w, https:\/\/portosma.com.br\/wp-content\/uploads\/2024\/02\/ARMADA-4-768x336.jpg 768w\" sizes=\"(max-width: 900px) 100vw, 900px\" \/><\/p>\n<p><img loading=\"lazy\" decoding=\"async\" class=\"alignnone wp-image-12529 size-full\" src=\"https:\/\/portosma.com.br\/wp-content\/uploads\/2024\/02\/ARMADA-2-2.jpg\" alt=\"\" width=\"900\" height=\"450\" srcset=\"https:\/\/portosma.com.br\/wp-content\/uploads\/2024\/02\/ARMADA-2-2.jpg 900w, https:\/\/portosma.com.br\/wp-content\/uploads\/2024\/02\/ARMADA-2-2-300x150.jpg 300w, https:\/\/portosma.com.br\/wp-content\/uploads\/2024\/02\/ARMADA-2-2-768x384.jpg 768w\" sizes=\"(max-width: 900px) 100vw, 900px\" \/><\/p>\n<p><img loading=\"lazy\" decoding=\"async\" class=\"alignnone wp-image-12528 size-full\" src=\"https:\/\/portosma.com.br\/wp-content\/uploads\/2024\/02\/ARMADA-2-1.jpg\" alt=\"\" width=\"900\" height=\"471\" srcset=\"https:\/\/portosma.com.br\/wp-content\/uploads\/2024\/02\/ARMADA-2-1.jpg 900w, https:\/\/portosma.com.br\/wp-content\/uploads\/2024\/02\/ARMADA-2-1-300x157.jpg 300w, https:\/\/portosma.com.br\/wp-content\/uploads\/2024\/02\/ARMADA-2-1-768x402.jpg 768w\" sizes=\"(max-width: 900px) 100vw, 900px\" \/><\/p>\n<p><img loading=\"lazy\" decoding=\"async\" class=\"alignnone wp-image-12530 size-full\" src=\"https:\/\/portosma.com.br\/wp-content\/uploads\/2024\/02\/ARMADA-3.jpg\" alt=\"\" width=\"900\" height=\"415\" srcset=\"https:\/\/portosma.com.br\/wp-content\/uploads\/2024\/02\/ARMADA-3.jpg 900w, https:\/\/portosma.com.br\/wp-content\/uploads\/2024\/02\/ARMADA-3-300x138.jpg 300w, https:\/\/portosma.com.br\/wp-content\/uploads\/2024\/02\/ARMADA-3-768x354.jpg 768w\" sizes=\"(max-width: 900px) 100vw, 900px\" \/><\/p>\n<p><span style=\"color: #333399;\"><strong>9 de JANEIRO DE 2024<\/strong> <\/span>&#8211; Dando in\u00edcio ao calend\u00e1rio oficial de atividades do ano de 2024, a Soamar Brasil, representada pelo seu presidente Orson Feres Moraes R\u00eago, e seu vice-presidente, Jorge Arag\u00e3o, prestigiaram a cerim\u00f4nia de transmiss\u00e3o de cargo ao Almirante de Esquadra Andr\u00e9 Luiz Silva Lima de Santana Mendes, como novo chefe do Estado Maior da Armada da Marinha do Brasil. Nas fotos, al\u00e9m do presidente e vice da Soamar Brasil, se fizeram presentes o Capit\u00e3o de Fragata Firmino (CCSM); o presidente da Soamar Rio de Janeiro,&nbsp; Marcio Prado Maia; o&nbsp; Contra-Almirante Pavoni, (Diretor do CCSM); o presidente da Soamar Cear\u00e1, Jamiro Dias; o cantor&nbsp; baiano Durval Lelys e Almirante de Esquadra Rocha. Este, acompanhado da esposa Helena Rocha.<\/p>\n<h4><span style=\"color: #808080;\">***<br \/>\n<\/span><span style=\"color: #800000;\">Soamar Brasil encerra calend\u00e1rio de atividades do ano de 2023<\/span><\/h4>\n<h5>Registro dos principais eventos que a Soamar Brasil, atrav\u00e9s do seu presidente, Orson Ant\u00f4nio Feres Moraes Rego, participou nos meses de novembro e dezembro de 2023<\/h5>\n<p><img loading=\"lazy\" decoding=\"async\" class=\"alignnone wp-image-11731 size-full\" src=\"https:\/\/portosma.com.br\/wp-content\/uploads\/2023\/12\/A-SB-01.jpg\" alt=\"\" width=\"900\" height=\"405\" srcset=\"https:\/\/portosma.com.br\/wp-content\/uploads\/2023\/12\/A-SB-01.jpg 900w, https:\/\/portosma.com.br\/wp-content\/uploads\/2023\/12\/A-SB-01-300x135.jpg 300w, https:\/\/portosma.com.br\/wp-content\/uploads\/2023\/12\/A-SB-01-768x346.jpg 768w\" sizes=\"(max-width: 900px) 100vw, 900px\" \/><\/p>\n<p><img loading=\"lazy\" decoding=\"async\" class=\"alignnone wp-image-11732 size-full\" src=\"https:\/\/portosma.com.br\/wp-content\/uploads\/2023\/12\/A-SB-02.jpg\" alt=\"\" width=\"900\" height=\"405\" srcset=\"https:\/\/portosma.com.br\/wp-content\/uploads\/2023\/12\/A-SB-02.jpg 900w, https:\/\/portosma.com.br\/wp-content\/uploads\/2023\/12\/A-SB-02-300x135.jpg 300w, https:\/\/portosma.com.br\/wp-content\/uploads\/2023\/12\/A-SB-02-768x346.jpg 768w\" sizes=\"(max-width: 900px) 100vw, 900px\" \/><span style=\"color: #800000;\"><strong>15.12.2023<\/strong> \u2013 A Soamar Brasil marca presen\u00e7a no coquetel Maranh\u00e3o Mar\u00edtimo 2023, promovido pela Soamar\/Emap.<\/span><\/p>\n<p><img loading=\"lazy\" decoding=\"async\" class=\"alignnone wp-image-11776 size-full\" src=\"https:\/\/portosma.com.br\/wp-content\/uploads\/2023\/12\/SB-51.jpg\" alt=\"\" width=\"900\" height=\"675\" srcset=\"https:\/\/portosma.com.br\/wp-content\/uploads\/2023\/12\/SB-51.jpg 900w, https:\/\/portosma.com.br\/wp-content\/uploads\/2023\/12\/SB-51-300x225.jpg 300w, https:\/\/portosma.com.br\/wp-content\/uploads\/2023\/12\/SB-51-768x576.jpg 768w\" sizes=\"(max-width: 900px) 100vw, 900px\" \/><\/p>\n<p><img loading=\"lazy\" decoding=\"async\" class=\"alignnone wp-image-11779 size-full\" src=\"https:\/\/portosma.com.br\/wp-content\/uploads\/2023\/12\/SB-54.jpg\" alt=\"\" width=\"900\" height=\"584\" srcset=\"https:\/\/portosma.com.br\/wp-content\/uploads\/2023\/12\/SB-54.jpg 900w, https:\/\/portosma.com.br\/wp-content\/uploads\/2023\/12\/SB-54-300x195.jpg 300w, https:\/\/portosma.com.br\/wp-content\/uploads\/2023\/12\/SB-54-768x498.jpg 768w\" sizes=\"(max-width: 900px) 100vw, 900px\" \/><\/p>\n<p><img loading=\"lazy\" decoding=\"async\" class=\"alignnone wp-image-11777 size-full\" src=\"https:\/\/portosma.com.br\/wp-content\/uploads\/2023\/12\/SB-52.jpg\" alt=\"\" width=\"900\" height=\"579\" srcset=\"https:\/\/portosma.com.br\/wp-content\/uploads\/2023\/12\/SB-52.jpg 900w, https:\/\/portosma.com.br\/wp-content\/uploads\/2023\/12\/SB-52-300x193.jpg 300w, https:\/\/portosma.com.br\/wp-content\/uploads\/2023\/12\/SB-52-768x494.jpg 768w\" sizes=\"(max-width: 900px) 100vw, 900px\" \/><\/p>\n<p><img loading=\"lazy\" decoding=\"async\" class=\"alignnone wp-image-11778 size-full\" src=\"https:\/\/portosma.com.br\/wp-content\/uploads\/2023\/12\/SB-53.jpg\" alt=\"\" width=\"900\" height=\"606\" srcset=\"https:\/\/portosma.com.br\/wp-content\/uploads\/2023\/12\/SB-53.jpg 900w, https:\/\/portosma.com.br\/wp-content\/uploads\/2023\/12\/SB-53-300x202.jpg 300w, https:\/\/portosma.com.br\/wp-content\/uploads\/2023\/12\/SB-53-768x517.jpg 768w\" sizes=\"(max-width: 900px) 100vw, 900px\" \/><\/p>\n<p><img loading=\"lazy\" decoding=\"async\" class=\"alignnone wp-image-11780 size-full\" src=\"https:\/\/portosma.com.br\/wp-content\/uploads\/2023\/12\/SB-62.jpg\" alt=\"\" width=\"900\" height=\"675\" srcset=\"https:\/\/portosma.com.br\/wp-content\/uploads\/2023\/12\/SB-62.jpg 900w, https:\/\/portosma.com.br\/wp-content\/uploads\/2023\/12\/SB-62-300x225.jpg 300w, https:\/\/portosma.com.br\/wp-content\/uploads\/2023\/12\/SB-62-768x576.jpg 768w\" sizes=\"(max-width: 900px) 100vw, 900px\" \/><\/p>\n<p><img loading=\"lazy\" decoding=\"async\" class=\"alignnone wp-image-11781 size-full\" src=\"https:\/\/portosma.com.br\/wp-content\/uploads\/2023\/12\/SB-63.jpg\" alt=\"\" width=\"900\" height=\"373\" srcset=\"https:\/\/portosma.com.br\/wp-content\/uploads\/2023\/12\/SB-63.jpg 900w, https:\/\/portosma.com.br\/wp-content\/uploads\/2023\/12\/SB-63-300x124.jpg 300w, https:\/\/portosma.com.br\/wp-content\/uploads\/2023\/12\/SB-63-768x318.jpg 768w\" sizes=\"(max-width: 900px) 100vw, 900px\" \/><span style=\"color: #800000;\"><strong>11.12.2023<\/strong> &#8211; Visita ao <strong>ComForAerNave<\/strong> e cerim\u00f4nia Apartada de imposi\u00e7\u00e3o da Medalha Amigo da Marinha, em S\u00e3o Pedro da Aldeia, no Rio de Janeiro.<\/span><\/p>\n<p><img loading=\"lazy\" decoding=\"async\" class=\"alignnone wp-image-11737 size-full\" src=\"https:\/\/portosma.com.br\/wp-content\/uploads\/2023\/12\/SBDEZ-10.jpg\" alt=\"\" width=\"900\" height=\"481\" srcset=\"https:\/\/portosma.com.br\/wp-content\/uploads\/2023\/12\/SBDEZ-10.jpg 900w, https:\/\/portosma.com.br\/wp-content\/uploads\/2023\/12\/SBDEZ-10-300x160.jpg 300w, https:\/\/portosma.com.br\/wp-content\/uploads\/2023\/12\/SBDEZ-10-768x410.jpg 768w\" sizes=\"(max-width: 900px) 100vw, 900px\" \/><\/p>\n<p><img loading=\"lazy\" decoding=\"async\" class=\"alignnone wp-image-11772 size-full\" src=\"https:\/\/portosma.com.br\/wp-content\/uploads\/2023\/12\/SBDEZ-09.jpg\" alt=\"\" width=\"900\" height=\"583\" srcset=\"https:\/\/portosma.com.br\/wp-content\/uploads\/2023\/12\/SBDEZ-09.jpg 900w, https:\/\/portosma.com.br\/wp-content\/uploads\/2023\/12\/SBDEZ-09-300x194.jpg 300w, https:\/\/portosma.com.br\/wp-content\/uploads\/2023\/12\/SBDEZ-09-768x497.jpg 768w\" sizes=\"(max-width: 900px) 100vw, 900px\" \/><\/p>\n<p><img loading=\"lazy\" decoding=\"async\" class=\"alignnone wp-image-11774 size-full\" src=\"https:\/\/portosma.com.br\/wp-content\/uploads\/2023\/12\/SB-55.jpg\" alt=\"\" width=\"900\" height=\"525\" srcset=\"https:\/\/portosma.com.br\/wp-content\/uploads\/2023\/12\/SB-55.jpg 900w, https:\/\/portosma.com.br\/wp-content\/uploads\/2023\/12\/SB-55-300x175.jpg 300w, https:\/\/portosma.com.br\/wp-content\/uploads\/2023\/12\/SB-55-768x448.jpg 768w\" sizes=\"(max-width: 900px) 100vw, 900px\" \/><\/p>\n<p><img loading=\"lazy\" decoding=\"async\" class=\"alignnone wp-image-11773 size-full\" src=\"https:\/\/portosma.com.br\/wp-content\/uploads\/2023\/12\/SB-50.jpg\" alt=\"\" width=\"900\" height=\"534\" srcset=\"https:\/\/portosma.com.br\/wp-content\/uploads\/2023\/12\/SB-50.jpg 900w, https:\/\/portosma.com.br\/wp-content\/uploads\/2023\/12\/SB-50-300x178.jpg 300w, https:\/\/portosma.com.br\/wp-content\/uploads\/2023\/12\/SB-50-768x456.jpg 768w\" sizes=\"(max-width: 900px) 100vw, 900px\" \/><\/p>\n<p><img loading=\"lazy\" decoding=\"async\" class=\"alignnone wp-image-11775 size-full\" src=\"https:\/\/portosma.com.br\/wp-content\/uploads\/2023\/12\/SB-61.jpg\" alt=\"\" width=\"900\" height=\"411\" srcset=\"https:\/\/portosma.com.br\/wp-content\/uploads\/2023\/12\/SB-61.jpg 900w, https:\/\/portosma.com.br\/wp-content\/uploads\/2023\/12\/SB-61-300x137.jpg 300w, https:\/\/portosma.com.br\/wp-content\/uploads\/2023\/12\/SB-61-768x351.jpg 768w\" sizes=\"(max-width: 900px) 100vw, 900px\" \/><\/p>\n<p><img loading=\"lazy\" decoding=\"async\" class=\"alignnone wp-image-11735 size-full\" src=\"https:\/\/portosma.com.br\/wp-content\/uploads\/2023\/12\/SBDEZ-11.jpg\" alt=\"\" width=\"900\" height=\"470\" srcset=\"https:\/\/portosma.com.br\/wp-content\/uploads\/2023\/12\/SBDEZ-11.jpg 900w, https:\/\/portosma.com.br\/wp-content\/uploads\/2023\/12\/SBDEZ-11-300x157.jpg 300w, https:\/\/portosma.com.br\/wp-content\/uploads\/2023\/12\/SBDEZ-11-768x401.jpg 768w\" sizes=\"(max-width: 900px) 100vw, 900px\" \/><span style=\"color: #993300;\"><strong>08.12.2023<\/strong> \u2013 Cerim\u00f4nia Militar de formatura dos Praticante da Escola de Forma\u00e7\u00e3o de Oficiais da Marinha Mercante, no CIAGA, no Rio de Janeiro.<\/span><\/p>\n<p><img loading=\"lazy\" decoding=\"async\" class=\"alignnone wp-image-11748 size-full\" src=\"https:\/\/portosma.com.br\/wp-content\/uploads\/2023\/12\/B-SB-03.jpg\" alt=\"\" width=\"900\" height=\"313\" srcset=\"https:\/\/portosma.com.br\/wp-content\/uploads\/2023\/12\/B-SB-03.jpg 900w, https:\/\/portosma.com.br\/wp-content\/uploads\/2023\/12\/B-SB-03-300x104.jpg 300w, https:\/\/portosma.com.br\/wp-content\/uploads\/2023\/12\/B-SB-03-768x267.jpg 768w\" sizes=\"(max-width: 900px) 100vw, 900px\" \/><\/p>\n<p><img loading=\"lazy\" decoding=\"async\" class=\"alignnone wp-image-11734 size-full\" src=\"https:\/\/portosma.com.br\/wp-content\/uploads\/2023\/12\/B-SB-08.jpg\" alt=\"\" width=\"900\" height=\"521\" srcset=\"https:\/\/portosma.com.br\/wp-content\/uploads\/2023\/12\/B-SB-08.jpg 900w, https:\/\/portosma.com.br\/wp-content\/uploads\/2023\/12\/B-SB-08-300x174.jpg 300w, https:\/\/portosma.com.br\/wp-content\/uploads\/2023\/12\/B-SB-08-768x445.jpg 768w\" sizes=\"(max-width: 900px) 100vw, 900px\" \/><\/p>\n<p><strong><img loading=\"lazy\" decoding=\"async\" class=\"alignnone wp-image-11765 size-full\" src=\"https:\/\/portosma.com.br\/wp-content\/uploads\/2023\/12\/B-SB-06.jpg\" alt=\"\" width=\"900\" height=\"358\" srcset=\"https:\/\/portosma.com.br\/wp-content\/uploads\/2023\/12\/B-SB-06.jpg 900w, https:\/\/portosma.com.br\/wp-content\/uploads\/2023\/12\/B-SB-06-300x119.jpg 300w, https:\/\/portosma.com.br\/wp-content\/uploads\/2023\/12\/B-SB-06-768x305.jpg 768w\" sizes=\"(max-width: 900px) 100vw, 900px\" \/><\/strong><\/p>\n<p><strong><img loading=\"lazy\" decoding=\"async\" class=\"alignnone wp-image-11766 size-full\" src=\"https:\/\/portosma.com.br\/wp-content\/uploads\/2023\/12\/B-SB-0400.jpg\" alt=\"\" width=\"900\" height=\"579\" srcset=\"https:\/\/portosma.com.br\/wp-content\/uploads\/2023\/12\/B-SB-0400.jpg 900w, https:\/\/portosma.com.br\/wp-content\/uploads\/2023\/12\/B-SB-0400-300x193.jpg 300w, https:\/\/portosma.com.br\/wp-content\/uploads\/2023\/12\/B-SB-0400-768x494.jpg 768w\" sizes=\"(max-width: 900px) 100vw, 900px\" \/><\/strong><\/p>\n<p><img loading=\"lazy\" decoding=\"async\" class=\"alignnone wp-image-11767 size-full\" src=\"https:\/\/portosma.com.br\/wp-content\/uploads\/2023\/12\/B-SB-04-1.jpg\" alt=\"\" width=\"900\" height=\"499\" srcset=\"https:\/\/portosma.com.br\/wp-content\/uploads\/2023\/12\/B-SB-04-1.jpg 900w, https:\/\/portosma.com.br\/wp-content\/uploads\/2023\/12\/B-SB-04-1-300x166.jpg 300w, https:\/\/portosma.com.br\/wp-content\/uploads\/2023\/12\/B-SB-04-1-768x426.jpg 768w\" sizes=\"(max-width: 900px) 100vw, 900px\" \/><strong><span style=\"color: #993300;\">01.12.2023<\/span><\/strong><span style=\"color: #993300;\"> \u2013 Cerim\u00f4nia Militar de Formatura dos Praticantes da Escola de Forma\u00e7\u00e3o de Oficiais da Marinha Mercante, no CIABA, em Bel\u00e9m do Par\u00e1.<\/span><\/p>\n<p><img loading=\"lazy\" decoding=\"async\" class=\"alignnone wp-image-11740 size-full\" src=\"https:\/\/portosma.com.br\/wp-content\/uploads\/2023\/12\/SBDEZ-08.jpg\" alt=\"\" width=\"900\" height=\"504\" srcset=\"https:\/\/portosma.com.br\/wp-content\/uploads\/2023\/12\/SBDEZ-08.jpg 900w, https:\/\/portosma.com.br\/wp-content\/uploads\/2023\/12\/SBDEZ-08-300x168.jpg 300w, https:\/\/portosma.com.br\/wp-content\/uploads\/2023\/12\/SBDEZ-08-768x430.jpg 768w\" sizes=\"(max-width: 900px) 100vw, 900px\" \/><\/p>\n<p><img loading=\"lazy\" decoding=\"async\" class=\"alignnone wp-image-11768 size-full\" src=\"https:\/\/portosma.com.br\/wp-content\/uploads\/2023\/12\/C-SB-06a.jpg\" alt=\"\" width=\"900\" height=\"399\" srcset=\"https:\/\/portosma.com.br\/wp-content\/uploads\/2023\/12\/C-SB-06a.jpg 900w, https:\/\/portosma.com.br\/wp-content\/uploads\/2023\/12\/C-SB-06a-300x133.jpg 300w, https:\/\/portosma.com.br\/wp-content\/uploads\/2023\/12\/C-SB-06a-768x340.jpg 768w\" sizes=\"(max-width: 900px) 100vw, 900px\" \/><\/p>\n<p><img loading=\"lazy\" decoding=\"async\" class=\"alignnone wp-image-11769 size-full\" src=\"https:\/\/portosma.com.br\/wp-content\/uploads\/2023\/12\/C-SB-06b-1.jpg\" alt=\"\" width=\"900\" height=\"446\" srcset=\"https:\/\/portosma.com.br\/wp-content\/uploads\/2023\/12\/C-SB-06b-1.jpg 900w, https:\/\/portosma.com.br\/wp-content\/uploads\/2023\/12\/C-SB-06b-1-300x149.jpg 300w, https:\/\/portosma.com.br\/wp-content\/uploads\/2023\/12\/C-SB-06b-1-768x381.jpg 768w\" sizes=\"(max-width: 900px) 100vw, 900px\" \/><\/p>\n<p><img loading=\"lazy\" decoding=\"async\" class=\"alignnone wp-image-11770 size-full\" src=\"https:\/\/portosma.com.br\/wp-content\/uploads\/2023\/12\/SB-60.jpg\" alt=\"\" width=\"900\" height=\"405\" srcset=\"https:\/\/portosma.com.br\/wp-content\/uploads\/2023\/12\/SB-60.jpg 900w, https:\/\/portosma.com.br\/wp-content\/uploads\/2023\/12\/SB-60-300x135.jpg 300w, https:\/\/portosma.com.br\/wp-content\/uploads\/2023\/12\/SB-60-768x346.jpg 768w\" sizes=\"(max-width: 900px) 100vw, 900px\" \/><span style=\"color: #993300;\"><strong>07.12.203<\/strong> \u2013 Cerim\u00f4nia de Assun\u00e7\u00e3o de Cargo&nbsp; do Vice-Almirante Paulo C\u00e9sar Bittencourt Ferreira, como Comandante em Chefe da Esquadra.<\/span><\/p>\n<p><img loading=\"lazy\" decoding=\"async\" class=\"alignnone wp-image-11761 size-full\" src=\"https:\/\/portosma.com.br\/wp-content\/uploads\/2023\/12\/SB-56.jpg\" alt=\"\" width=\"900\" height=\"698\" srcset=\"https:\/\/portosma.com.br\/wp-content\/uploads\/2023\/12\/SB-56.jpg 900w, https:\/\/portosma.com.br\/wp-content\/uploads\/2023\/12\/SB-56-300x233.jpg 300w, https:\/\/portosma.com.br\/wp-content\/uploads\/2023\/12\/SB-56-768x596.jpg 768w\" sizes=\"(max-width: 900px) 100vw, 900px\" \/><\/p>\n<p><img loading=\"lazy\" decoding=\"async\" class=\"alignnone wp-image-11762 size-full\" src=\"https:\/\/portosma.com.br\/wp-content\/uploads\/2023\/12\/SB-57.jpg\" alt=\"\" width=\"900\" height=\"752\" srcset=\"https:\/\/portosma.com.br\/wp-content\/uploads\/2023\/12\/SB-57.jpg 900w, https:\/\/portosma.com.br\/wp-content\/uploads\/2023\/12\/SB-57-300x251.jpg 300w, https:\/\/portosma.com.br\/wp-content\/uploads\/2023\/12\/SB-57-768x642.jpg 768w\" sizes=\"(max-width: 900px) 100vw, 900px\" \/><\/p>\n<p><img loading=\"lazy\" decoding=\"async\" class=\"alignnone wp-image-11763 size-full\" src=\"https:\/\/portosma.com.br\/wp-content\/uploads\/2023\/12\/SB-58.jpg\" alt=\"\" width=\"900\" height=\"593\" srcset=\"https:\/\/portosma.com.br\/wp-content\/uploads\/2023\/12\/SB-58.jpg 900w, https:\/\/portosma.com.br\/wp-content\/uploads\/2023\/12\/SB-58-300x198.jpg 300w, https:\/\/portosma.com.br\/wp-content\/uploads\/2023\/12\/SB-58-768x506.jpg 768w\" sizes=\"(max-width: 900px) 100vw, 900px\" \/><span style=\"color: #993300;\"><strong>28\/11.11.203<\/strong> &#8211; Cerim\u00f4nia de Assun\u00e7\u00e3o do Almirante de Esquadra Luiz Siqueira Barbosa ao cargo de Diretor Geral de Material da Marinha<\/span><\/p>\n<p><span style=\"color: #993300;\"><img loading=\"lazy\" decoding=\"async\" class=\"alignnone wp-image-11764 size-full\" src=\"https:\/\/portosma.com.br\/wp-content\/uploads\/2023\/12\/SB-59.jpg\" alt=\"\" width=\"900\" height=\"497\" srcset=\"https:\/\/portosma.com.br\/wp-content\/uploads\/2023\/12\/SB-59.jpg 900w, https:\/\/portosma.com.br\/wp-content\/uploads\/2023\/12\/SB-59-300x166.jpg 300w, https:\/\/portosma.com.br\/wp-content\/uploads\/2023\/12\/SB-59-768x424.jpg 768w\" sizes=\"(max-width: 900px) 100vw, 900px\" \/><\/span><\/p>\n<p><img loading=\"lazy\" decoding=\"async\" class=\"alignnone wp-image-11742 size-full\" src=\"https:\/\/portosma.com.br\/wp-content\/uploads\/2023\/12\/C-SB-06b.jpg\" alt=\"\" width=\"900\" height=\"446\" srcset=\"https:\/\/portosma.com.br\/wp-content\/uploads\/2023\/12\/C-SB-06b.jpg 900w, https:\/\/portosma.com.br\/wp-content\/uploads\/2023\/12\/C-SB-06b-300x149.jpg 300w, https:\/\/portosma.com.br\/wp-content\/uploads\/2023\/12\/C-SB-06b-768x381.jpg 768w\" sizes=\"(max-width: 900px) 100vw, 900px\" \/><span style=\"color: #993300;\"><strong>27.11.2023<\/strong> \u2013 Cerim\u00f4nia de transmiss\u00e3o de cargo para a Dire\u00e7\u00e3o de Gest\u00e3o Or\u00e7ament\u00e1ria da Marinha do Contra-Almirante Leonardo Dias de Assump\u00e7\u00e3o.<\/span><\/p>\n<p><img loading=\"lazy\" decoding=\"async\" class=\"alignnone wp-image-11745 size-full\" src=\"https:\/\/portosma.com.br\/wp-content\/uploads\/2023\/12\/SBDEZ-22.jpg\" alt=\"\" width=\"900\" height=\"497\" srcset=\"https:\/\/portosma.com.br\/wp-content\/uploads\/2023\/12\/SBDEZ-22.jpg 900w, https:\/\/portosma.com.br\/wp-content\/uploads\/2023\/12\/SBDEZ-22-300x166.jpg 300w, https:\/\/portosma.com.br\/wp-content\/uploads\/2023\/12\/SBDEZ-22-768x424.jpg 768w\" sizes=\"(max-width: 900px) 100vw, 900px\" \/><\/p>\n<p><img loading=\"lazy\" decoding=\"async\" class=\"alignnone wp-image-11749 size-full\" src=\"https:\/\/portosma.com.br\/wp-content\/uploads\/2023\/12\/SBDEZ-21-1.jpg\" alt=\"\" width=\"900\" height=\"375\" srcset=\"https:\/\/portosma.com.br\/wp-content\/uploads\/2023\/12\/SBDEZ-21-1.jpg 900w, https:\/\/portosma.com.br\/wp-content\/uploads\/2023\/12\/SBDEZ-21-1-300x125.jpg 300w, https:\/\/portosma.com.br\/wp-content\/uploads\/2023\/12\/SBDEZ-21-1-768x320.jpg 768w\" sizes=\"(max-width: 900px) 100vw, 900px\" \/><\/p>\n<p><img loading=\"lazy\" decoding=\"async\" class=\"alignnone wp-image-11746 size-full\" src=\"https:\/\/portosma.com.br\/wp-content\/uploads\/2023\/12\/SBDEZ-23.jpg\" alt=\"\" width=\"900\" height=\"506\" srcset=\"https:\/\/portosma.com.br\/wp-content\/uploads\/2023\/12\/SBDEZ-23.jpg 900w, https:\/\/portosma.com.br\/wp-content\/uploads\/2023\/12\/SBDEZ-23-300x169.jpg 300w, https:\/\/portosma.com.br\/wp-content\/uploads\/2023\/12\/SBDEZ-23-768x432.jpg 768w\" sizes=\"(max-width: 900px) 100vw, 900px\" \/><\/p>\n<p><span style=\"color: #800000;\"><strong>16\/17.11.203<\/strong> &#8211; Soamar Brasil realiza em S\u00e3o Lu\u00eds, Capital do Estado do Maranh\u00e3o, a sua XXIII Conven\u00e7\u00e3o Nacional.<\/span><\/p>\n<p><img loading=\"lazy\" decoding=\"async\" class=\"alignnone wp-image-11786 size-full\" src=\"https:\/\/portosma.com.br\/wp-content\/uploads\/2023\/12\/SB-66.jpg\" alt=\"\" width=\"900\" height=\"312\" srcset=\"https:\/\/portosma.com.br\/wp-content\/uploads\/2023\/12\/SB-66.jpg 900w, https:\/\/portosma.com.br\/wp-content\/uploads\/2023\/12\/SB-66-300x104.jpg 300w, https:\/\/portosma.com.br\/wp-content\/uploads\/2023\/12\/SB-66-768x266.jpg 768w\" sizes=\"(max-width: 900px) 100vw, 900px\" \/><\/p>\n<p><img loading=\"lazy\" decoding=\"async\" class=\"alignnone wp-image-11785 size-full\" src=\"https:\/\/portosma.com.br\/wp-content\/uploads\/2023\/12\/SB-65.jpg\" alt=\"\" width=\"900\" height=\"323\" srcset=\"https:\/\/portosma.com.br\/wp-content\/uploads\/2023\/12\/SB-65.jpg 900w, https:\/\/portosma.com.br\/wp-content\/uploads\/2023\/12\/SB-65-300x108.jpg 300w, https:\/\/portosma.com.br\/wp-content\/uploads\/2023\/12\/SB-65-768x276.jpg 768w\" sizes=\"(max-width: 900px) 100vw, 900px\" \/><\/p>\n<p><img loading=\"lazy\" decoding=\"async\" class=\"alignnone wp-image-11787 size-full\" src=\"https:\/\/portosma.com.br\/wp-content\/uploads\/2023\/12\/SB-67.jpg\" alt=\"\" width=\"900\" height=\"394\" srcset=\"https:\/\/portosma.com.br\/wp-content\/uploads\/2023\/12\/SB-67.jpg 900w, https:\/\/portosma.com.br\/wp-content\/uploads\/2023\/12\/SB-67-300x131.jpg 300w, https:\/\/portosma.com.br\/wp-content\/uploads\/2023\/12\/SB-67-768x336.jpg 768w\" sizes=\"(max-width: 900px) 100vw, 900px\" \/><span style=\"color: #800000;\"><strong>10.11.2023<\/strong> &#8211; Soamar Brasil presente na cerim\u00f4nia de entrega de Medalha de Amigo da Marinha, promovida pela Capitania dos Porto do Maranh\u00e3o e Soamar-MA,<\/span><\/p>\n<h3 data-id=\"edbd330\" data-element_type=\"widget\" data-widget_type=\"theme-post-title.default\">Conven\u00e7\u00e3o Nacional da Soamar Brasil em S\u00e3o Lu\u00eds, capital do Maranh\u00e3o<\/h3>\n<h5 data-id=\"edbd330\" data-element_type=\"widget\" data-widget_type=\"theme-post-title.default\"><a href=\"https:\/\/portosma.com.br\/index.php\/2023\/11\/18\/soamar-brasil-realiza-em-sao-luis-sua-xxiii-convencao-nacional\/\"><img loading=\"lazy\" decoding=\"async\" class=\"alignnone wp-image-10895 size-full\" src=\"https:\/\/portosma.com.br\/wp-content\/uploads\/2023\/11\/CNSB-35-1.jpg\" alt=\"\" width=\"900\" height=\"497\" srcset=\"https:\/\/portosma.com.br\/wp-content\/uploads\/2023\/11\/CNSB-35-1.jpg 900w, https:\/\/portosma.com.br\/wp-content\/uploads\/2023\/11\/CNSB-35-1-300x166.jpg 300w, https:\/\/portosma.com.br\/wp-content\/uploads\/2023\/11\/CNSB-35-1-768x424.jpg 768w\" sizes=\"(max-width: 900px) 100vw, 900px\" \/>Clique na foto para conferir a reportagem assim como a cobertura fotogr\u00e1fica da XXIII Conven\u00e7\u00e3o Nacional da Soamar Brasil, em S\u00e3o Lu\u00eds, capital do Estado do Maranh\u00e3o.<\/a><\/h5>\n<p><img loading=\"lazy\" decoding=\"async\" class=\"wp-image-10742 size-full alignleft\" src=\"https:\/\/portosma.com.br\/wp-content\/uploads\/2023\/11\/ORSON-AA.jpg\" alt=\"\" width=\"360\" height=\"357\" srcset=\"https:\/\/portosma.com.br\/wp-content\/uploads\/2023\/11\/ORSON-AA.jpg 360w, https:\/\/portosma.com.br\/wp-content\/uploads\/2023\/11\/ORSON-AA-300x298.jpg 300w, https:\/\/portosma.com.br\/wp-content\/uploads\/2023\/11\/ORSON-AA-150x150.jpg 150w\" sizes=\"(max-width: 360px) 100vw, 360px\" \/><img loading=\"lazy\" decoding=\"async\" class=\"size-medium wp-image-10739 alignleft\" src=\"https:\/\/portosma.com.br\/wp-content\/uploads\/2023\/11\/ORSON-300x262.jpg\" alt=\"\" width=\"300\" height=\"262\" srcset=\"https:\/\/portosma.com.br\/wp-content\/uploads\/2023\/11\/ORSON-300x262.jpg 300w, https:\/\/portosma.com.br\/wp-content\/uploads\/2023\/11\/ORSON.jpg 360w\" sizes=\"(max-width: 300px) 100vw, 300px\" \/>A <strong>Soamar Brasil<\/strong> prestigiou a abertura da I Semana da Semana Azul, conhecida como a economia do mar. O evento acontece de 13 a 19 de novembro no audit\u00f3rio da Federa\u00e7\u00e3o das Ind\u00fastrias do Rio Grande do Norte, em Natal. Na foto, o presidente da SB, Orson Feres Moraes R\u00eago, aparece ladeado pelo presidente da Soamar de Natal, Paulo C\u00e9sar, e da Soamar da Para\u00edba, Marcos Souto Maior. O evento contar\u00e1 com f\u00f3runs de debate, reunindo empres\u00e1rios, acad\u00eamicos e autoridades governamentais. Tamb\u00e9m ser\u00e1 premiada, em concurso, a melhor reda\u00e7\u00e3o &#8220;A Import\u00e2ncia da Amaz\u00f4nia Azul para o Brasil&#8221;.<\/p>\n<h3 data-id=\"edbd330\" data-element_type=\"widget\" data-widget_type=\"theme-post-title.default\"><img loading=\"lazy\" decoding=\"async\" class=\"alignnone wp-image-10512 size-full\" src=\"https:\/\/portosma.com.br\/wp-content\/uploads\/2023\/11\/MSG-ORSON.jpg\" alt=\"\" width=\"900\" height=\"171\" srcset=\"https:\/\/portosma.com.br\/wp-content\/uploads\/2023\/11\/MSG-ORSON.jpg 900w, https:\/\/portosma.com.br\/wp-content\/uploads\/2023\/11\/MSG-ORSON-300x57.jpg 300w, https:\/\/portosma.com.br\/wp-content\/uploads\/2023\/11\/MSG-ORSON-768x146.jpg 768w\" sizes=\"(max-width: 900px) 100vw, 900px\" \/><\/h3>\n<p>SOCIEDADE AMIGOS DA MARINHA DO BRASIL,&nbsp;S\u00e3o Lu\u00eds, 06 de novembro de 2023.<\/p>\n<h5>Caros Presidentes das Soamar Regionais do Brasil, Soamar Brasil em Portugal, Soamarinos e Amigos da Marinha.<\/h5>\n<p>Naquele 06 de Novembro de 1979, data em que foi institu\u00eddo o dia nacional dos Amigos da Marinha, que nas palavras do Almirante-de-Esquadra Maximiano Eduardo da Silva Fonseca, Patrono da Soamar, que assim a definiu na primeira Conven\u00e7\u00e3o Nacional de Amigos da Marinha, no Rio de Janeiro, em 1979, como \u201cA Sentinela Avan\u00e7ada da Marinha\u201d. A Data escolhida em homenagem ao dia do nascimento dessa extraordin\u00e1ria figura humana, seis de novembro de 1919, na cidade de Taboas, ou melhor, no arraial de S\u00e3o Jos\u00e9 das Taboas, munic\u00edpio de Valen\u00e7a, ao Noroeste no Estado Do Rio de Janeiro. Ali estudou at\u00e9 ingressar na Escola Naval.<\/p>\n<p>Sua trajet\u00f3ria militar foi palmilhada por expressivas vit\u00f3rias recebendo sempre grandes elogios de seus superiores. Grande incentivador da Sociedade de Amigos da Marinha \u2013 SOAMAR, que ajudou a criar e proliferar. A medalha Amigo da Marinha foi criada por Aviso Ministerial em 31 de agosto de 1966, h\u00e1 exatos 57 anos, com o objetivo de agraciar personalidades e &nbsp;institui\u00e7\u00f5es, que demonstrassem estreito relacionamento com a Marinha do Brasil, assim como sugerindo a cria\u00e7\u00e3o de Sociedades de Amigos da Marinha por todo o territ\u00f3rio brasileiro onde existisse uma Organiza\u00e7\u00e3o Militar da Marinha do Brasil. Estas, reuniriam os agraciados pela Marinha do Brasil congregando segmentos em torno da hist\u00f3ria, imagens e tradi\u00e7\u00f5es, fortalecendo assim a cultura mar\u00edtima em nosso pa\u00eds e incentivando-os a divulgar em seu meio a import\u00e2ncia do poder naval.<\/p>\n<p>Essas t\u00eam se empenhado em propiciar oportunidades que favore\u00e7am o surgimento de um saud\u00e1vel clima de intera\u00e7\u00e3o e de rela\u00e7\u00f5es interpessoais, fatores valiosos para desenvolvimentos de rela\u00e7\u00f5es sociais e mais, a dissemina\u00e7\u00e3o do conhecimento de uma das mais importantes fontes de riquezas e de desenvolvimento que o pa\u00eds possui: O Mar, de grande valor para o cidad\u00e3o, para o pa\u00eds e para a necessidade de sua defesa. As Sociedades, com for\u00e7a de sua pr\u00f3pria natureza, \u201cSociedade de Amigos da Marinha\u201d e das disposi\u00e7\u00f5es estatut\u00e1rias devem congregar Amigos. Mas o que \u00e9 ser amigo? Ser\u00e1 que n\u00f3s, seus integrantes, nos comportamos como tal?<\/p>\n<p>Colaboramos para atingir os objetivos tra\u00e7ados pelo nosso idealizador? Ser amigo \u00e9 estar presente, participar, colaborar, ser dispon\u00edvel, companheiro, solid\u00e1rio, ter interesse pessoal e n\u00e3o esperar recompensa. O Almirante Maximiano Eduardo da Silva Fonseca escreveu sua autobiografia, depois transformada no livro \u201cDe Taboas a Bras\u00edlia\u201d uma das mais brilhantes p\u00e1ginas de um integrante da Marinha do Brasil.<\/p>\n<p>Prezados Presidentes e Soamarinos do Brasil e de Portugal, uma institui\u00e7\u00e3o n\u00e3o \u00e9 resultado de trabalho de uma diretoria, mas sim de um somat\u00f3rio de suas atua\u00e7\u00f5es e de seus associados. Nem uma tem sentido por si s\u00f3, vem dos membros que a comp\u00f5em. O tempo passa r\u00e1pido. Criticar desempenho n\u00e3o leva a nada. Vivemos hoje em um mundo diferente, onde relativam-se fatos importantes. Por isso, gostaria de registrar essa pergunta e pe\u00e7o que reflitamos e respondamos com sinceridade: Em que contribu\u00edmos para o crescimento de cada uma de nossas Soamar e a Soamar Brasil? A resposta \u00e9 simples: S\u00f3 haver\u00e1 sucesso com a presen\u00e7a de todos. Com a colabora\u00e7\u00e3o de cada um, com apoio, parceria, amizade e solidariedade.<\/p>\n<p>Prezados Amigos da Marinha e novos agraciados com t\u00e3o honrosa Comenda de nossa Marinha do Brasil, prestigiem as Soamar Regionais de suas regi\u00f5es, integrem-se \u00e0s atividades soamarinas, sejam atuantes, tornem-se um verdadeiro soamarino e o futuro da nossa sociedade ser\u00e1 pleno de realiza\u00e7\u00f5es. N\u00e3o sabemos o que a Soamar ser\u00e1 amanh\u00e3, mas com certeza ela ser\u00e1 o que fizermos hoje. Vamos dar as m\u00e3os e trabalhar. Assim, seremos unidos e fortes. O resultado com certeza ser\u00e1 que atingiremos os objetivos previstos.<\/p>\n<p>Ressalto com muita alegria no cora\u00e7\u00e3o os trabalhos de diversas Soamar Regionais Brasil afora, que atrav\u00e9s do esfor\u00e7o de seus Presidentes e Soamarinos, que em largas escalas de trabalhos sociais e at\u00e9 mesmo econ\u00f4micos, \u201cdisseminaram\u201d em a\u00e7\u00f5es conjuntas e sob coordena\u00e7\u00e3o de nossa Marinha, os projetos e a esperan\u00e7a para o nosso povo sofrido . Presidentes, Soamarinos e Amigos da Marinha, vivemos no Pa\u00eds um momento de mudan\u00e7as. Isso reflete tamb\u00e9m em nossas atribui\u00e7\u00f5es profissionais e obviamente refletir\u00e1 aqui. Isso torna muito mais importante as nossas responsabilidades com a continuidade de nossa Associa\u00e7\u00e3o. Pe\u00e7o prud\u00eancia e entendimento para o que ser\u00e1 melhor \u00e0 nossa progress\u00e3o.<\/p>\n<p>Encerro estas palavras agradecendo mais uma vez pela credibilidade de todos os Presidentes das Soamar Regionais em nosso trabalho frente a Soamar Brasil, que nesta data t\u00e3o significante \u00e0 todos, faz um ano de intenso trabalho na esfera administrativa afim de propiciarmos o retorno \u00e0s programa\u00e7\u00f5es juntos com as Regionais em que retomaremos as viagens para realiza\u00e7\u00e3o de Encontros Regionais de forma presencial.<\/p>\n<p>Aos agraciados, conclamo a todos que venham \u201cNavegar\u201d conosco. As SOAMAR os esperam.<br \/>\nObrigado pelo apoio durante este um ano de Presid\u00eancia na SOAMAR BRASIL!<br \/>\n<strong>SAUDA\u00c7\u00d5ES SOAMARINAS.<\/strong><br \/>\n<strong>SALVE O DIA DO AMIGO DA MARINHA!!!<\/strong><br \/>\n<strong>VIVA AS SOAMARES DO BRASIL!!!<\/strong><br \/>\n<strong>VIVA A SOAMAR BRASIL!!!<\/strong><br \/>\n<strong>VIVA A MARINHA!!!<\/strong><\/p>\n<h3 class=\"elementor-element elementor-element-edbd330 elementor-widget elementor-widget-theme-post-title elementor-page-title elementor-widget-heading\" data-id=\"edbd330\" data-element_type=\"widget\" data-widget_type=\"theme-post-title.default\">Orson Ant\u00f4nio Feres Moraes R\u00eago tem mandato prorrogado at\u00e9 novembro de 2024. Confira a seguir a \u00edntegra do Edital da Assembleia Geral Extraordin\u00e1ria que legalizou o seu mandato at\u00e9 novembro de 2024<br \/>\n<img loading=\"lazy\" decoding=\"async\" class=\"alignnone wp-image-10209 size-full\" src=\"https:\/\/portosma.com.br\/wp-content\/uploads\/2023\/10\/AGSB-01.jpg\" alt=\"\" width=\"779\" height=\"161\" srcset=\"https:\/\/portosma.com.br\/wp-content\/uploads\/2023\/10\/AGSB-01.jpg 779w, https:\/\/portosma.com.br\/wp-content\/uploads\/2023\/10\/AGSB-01-300x62.jpg 300w, https:\/\/portosma.com.br\/wp-content\/uploads\/2023\/10\/AGSB-01-768x159.jpg 768w\" sizes=\"(max-width: 779px) 100vw, 779px\" \/><\/h3>\n<p><strong>EDITAL DE CONVOCA\u00c7\u00c3O DE ASSEMBLEIA GERAL EXTRAORDIN\u00c1RIA DA SOAMAR-BRASIL PARA TRATAR DA PRORROGA\u00c7\u00c3O DO MANDATO ATUAL E REALIZA\u00c7\u00c3O DA XXIII CONVEN\u00c7\u00c3O NACIONAL DA SOAMAR A SER REALIZADA NA CIDADE DE S\u00c3O LU\u00cdS (MA), NO PER\u00cdODO DE 15 A 18 DE NOVEMBRO DE 2023, OBJETIVANDO AS ELEI\u00c7\u00d5ES DO CARGO DE VICE-PRESIDENTE DA SOAMAR BRASIL &#8211; SOCIEDADE DOS AMIGOS DA MARINHA DO BRASIL<\/strong><\/p>\n<p>O Presidente da SOAMARBRASIL &#8211; SOCIEDADE AMIGOS DA MARINHA DO BRASIL, no desempenho dos deveres que lhe est\u00e3o atribu\u00eddos pelas normas vigentes e considerando o disposto na reuni\u00e3o ocorrida em Bras\u00edlia-DF em 10 de agosto de 2023, onde estiveram presentes o C Alte ALEXANDRE TAUMATURGO PAVONI, Diretor do Centro de Comunica\u00e7\u00e3o Social da &nbsp;Marinha (CCSM); ORSON ANT\u00d4NIO FERES MORAES R\u00caGO, Presidente SOAMAR-Brasil; CMG PAULO MAX VILLAS DA SILVA, Vice-Diretor do CCSM; CF FL\u00c1VIO FIRMINO DOS SANTOS, Chefe do Departamento de Rela\u00e7\u00f5es P\u00fablicas do CCSM e a 1\u00baTen (RM2-T) D\u00c2MARIS CUNHA VAR\u00c3O, Encarregada da Divis\u00e3o de Relacionamento com o P\u00fablico Externo e Misto da CCSM.<\/p>\n<p>Considerando que as palavras do C Alte ALEXANDRE TAUMATURGO PAVONI destacaram que, para \u201c&#8230;a import\u00e2ncia do trabalho da Sociedade Amigos da Marinha (SOAMAR-BRASIL) e seu papel essencial no apoio \u00e0 divulga\u00e7\u00e3o da mentalidade mar\u00edtima junto aos diversos segmentos sociais, dever\u00e1 ser realizada, em novembro de 2023, a elei\u00e7\u00e3o para o cargo de Vice[1]Presidente&#8230;\u201d, assim como concluiu ser imprescind\u00edvel, \u201c&#8230;viabilizar a transi\u00e7\u00e3o da Diretoria da SOAMAR-BRASIL, de forma paulatina e efetiva, onde o (a) Vice-Presidente eleito (a) ter\u00e1 a oportunidade de acompanhar as atividades da organiza\u00e7\u00e3o durante o per\u00edodo de um ano (NOV 2023 \u2013 NOV 2024), e, na sequ\u00eancia, tomar\u00e1 posse, de forma autom\u00e1tica, no cargo de Presidente para o mandato de 2024-2026\u201d.<\/p>\n<p>Por conseguinte, em cumprimento a determina\u00e7\u00e3o da Diretoria do CCSM com a anu\u00eancia do Comandante da Marinha (CM), torna a p\u00fablico a abertura do processo de elei\u00e7\u00e3o para o cargo de Vice-Presidente da SOAMAR-BRASIL e convocar os associados que estiverem em dias com as obriga\u00e7\u00f5es estatut\u00e1rias a participarem da Assembleia Geral Extraordin\u00e1ria a ser realizada em 26 de outubro de 2023 , quinta-feira \u00e0s 15h, em S\u00e3o Lu\u00eds[1]Maranh\u00e3o, no Audit\u00f3rio da SOAMAR Maranh\u00e3o localizado no Jenipapeiro, SOCIEDADE AMIGOS DA MARINHA DO BRASIL S\/N Centro S\u00e3o Lu\u00eds-MA, assim como por videoconfer\u00eancia, por meio da Plataforma virtual WEBEX, com link a ser informado oportunamente a fim de serem discutidas e votadas as seguintes pautas:<\/p>\n<ol>\n<li>a) Prorroga\u00e7\u00e3o do Mandato do Atual Presidente da SOAMAR Brasil at\u00e9 a data da posse do futuro Presidente, em novembro de 2024;<\/li>\n<li>b) Esclarecer as regras do processo eleitoral para escolha do Vice[1]Presidente da SOAMAR Brasil que ocorrer\u00e1 por ocasi\u00e3o da XXIII Conven\u00e7\u00e3o Nacional da SOAMAR, que ser\u00e1 realizada na cidade de S\u00e3o Lu\u00eds (MA), no per\u00edodo de 15 a 18 de novembro de 2023;<\/li>\n<li>c) Informar sobre a organiza\u00e7\u00e3o da XXIII Conven\u00e7\u00e3o Nacional da SOAMAR BRASIL, que ser\u00e1 realizada na cidade de S\u00e3o Lu\u00eds (MA), no per\u00edodo de 15 a 18 de novembro de 2023; e d) Outros assuntos.<\/li>\n<\/ol>\n<p>Cumpra-se, publique-se e divulgue-se.<\/p>\n<p><em>S\u00e3o Luis, 9 de outubro de 2023.<\/em><\/p>\n<p><img loading=\"lazy\" decoding=\"async\" class=\"alignnone wp-image-10210 size-full\" src=\"https:\/\/portosma.com.br\/wp-content\/uploads\/2023\/10\/AGSB-02.jpg\" alt=\"\" width=\"773\" height=\"178\" srcset=\"https:\/\/portosma.com.br\/wp-content\/uploads\/2023\/10\/AGSB-02.jpg 773w, https:\/\/portosma.com.br\/wp-content\/uploads\/2023\/10\/AGSB-02-300x69.jpg 300w, https:\/\/portosma.com.br\/wp-content\/uploads\/2023\/10\/AGSB-02-768x177.jpg 768w\" sizes=\"(max-width: 773px) 100vw, 773px\" \/><\/p>\n<p><img loading=\"lazy\" decoding=\"async\" class=\"alignnone wp-image-10197 size-full\" src=\"https:\/\/portosma.com.br\/wp-content\/uploads\/2023\/10\/REUN-SB-1.jpg\" alt=\"\" width=\"900\" height=\"400\" srcset=\"https:\/\/portosma.com.br\/wp-content\/uploads\/2023\/10\/REUN-SB-1.jpg 900w, https:\/\/portosma.com.br\/wp-content\/uploads\/2023\/10\/REUN-SB-1-300x133.jpg 300w, https:\/\/portosma.com.br\/wp-content\/uploads\/2023\/10\/REUN-SB-1-768x341.jpg 768w\" sizes=\"(max-width: 900px) 100vw, 900px\" \/><\/p>\n<p><img loading=\"lazy\" decoding=\"async\" class=\"alignnone wp-image-10198 size-full\" src=\"https:\/\/portosma.com.br\/wp-content\/uploads\/2023\/10\/REUN-SB-2.jpg\" alt=\"\" width=\"900\" height=\"400\" srcset=\"https:\/\/portosma.com.br\/wp-content\/uploads\/2023\/10\/REUN-SB-2.jpg 900w, https:\/\/portosma.com.br\/wp-content\/uploads\/2023\/10\/REUN-SB-2-300x133.jpg 300w, https:\/\/portosma.com.br\/wp-content\/uploads\/2023\/10\/REUN-SB-2-768x341.jpg 768w\" sizes=\"(max-width: 900px) 100vw, 900px\" \/><\/p>\n<p><img loading=\"lazy\" decoding=\"async\" class=\"alignnone wp-image-10199 size-full\" src=\"https:\/\/portosma.com.br\/wp-content\/uploads\/2023\/10\/REUN-SB-3.jpg\" alt=\"\" width=\"900\" height=\"400\" srcset=\"https:\/\/portosma.com.br\/wp-content\/uploads\/2023\/10\/REUN-SB-3.jpg 900w, https:\/\/portosma.com.br\/wp-content\/uploads\/2023\/10\/REUN-SB-3-300x133.jpg 300w, https:\/\/portosma.com.br\/wp-content\/uploads\/2023\/10\/REUN-SB-3-768x341.jpg 768w\" sizes=\"(max-width: 900px) 100vw, 900px\" \/><\/p>\n<p><span style=\"color: #333399;\"><strong>XXIII CONVEN\u00c7\u00c3O NACIONAL DA SOAMAR BRASIL<\/strong> <\/span>&#8211; As fotos mostram a reuni\u00e3o da Soamar Brasil com os membros da diretoria da Soamar Maranh\u00e3o e do Syngamar, realizada no \u00faltimo dia 25 de outubro, na sede da entidade maranhense. Na oportunidade os presidentes S\u00edlvio Aguiar (Soamar Maranh\u00e3o), Orson Feres (Soamar Brasil) e L\u00eddia Pflueger (Syngamar), propuseram uma pauta de apoio em diversos segmentos antes \u2013 e durante \u2013 a realiza\u00e7\u00e3o da XXIII Conven\u00e7\u00e3o Nacional da entidade maior, que ser\u00e1 realizada no pr\u00f3ximo dia 16 de novembro de 2023, no Audit\u00f3rio do Minist\u00e9rio P\u00fablico do Estado do Maranh\u00e3o, localizado na Avenida Professor Carlos Cunha, N\u00b0 3541, Bairro Calhau \u2013 S\u00e3o Lu\u00eds-Ma,&nbsp;<\/p>\n<h4 data-id=\"edbd330\" data-element_type=\"widget\" data-widget_type=\"theme-post-title.default\"><a href=\"https:\/\/portosma.com.br\/index.php\/10801-2\/\">CONFIRA AQUI DOCUMENTOS, COMO PARECER DO CONSELHO FISCAL, CND, CERTID\u00c3O FGTS, CERTIDA\u00c3O JUDICIAL, CRIMINAL, TRABALHISTA, FLUXO DE CAIXA 2022\/2023, CONTAS A PAGAR, E OS BALANCETES DE 2022 E 2023.<\/a><\/h4>\n<p><img loading=\"lazy\" decoding=\"async\" class=\"alignnone wp-image-9908 size-full\" src=\"https:\/\/portosma.com.br\/wp-content\/uploads\/2023\/10\/EDITAL-SOAMAR-BRASIL.jpg\" alt=\"\" width=\"900\" height=\"172\" srcset=\"https:\/\/portosma.com.br\/wp-content\/uploads\/2023\/10\/EDITAL-SOAMAR-BRASIL.jpg 900w, https:\/\/portosma.com.br\/wp-content\/uploads\/2023\/10\/EDITAL-SOAMAR-BRASIL-300x57.jpg 300w, https:\/\/portosma.com.br\/wp-content\/uploads\/2023\/10\/EDITAL-SOAMAR-BRASIL-768x147.jpg 768w\" sizes=\"(max-width: 900px) 100vw, 900px\" \/><\/p>\n<p style=\"text-align: center;\"><strong>EDITAL DE CONVOCA\u00c7\u00c3O DE ASSEMBLEIA GERAL ORDIN\u00c1RIA DA SOAMAR BRASIL PARA ELEI\u00c7\u00c3O DO CARGO DE VICE-PRESIDENTE DA SOAMAR-BRASIL &#8211; SOCIEDADE AMIGOS DA MARINHA DO BRASIL PARA O PER\u00cdODO 2023\/2024<\/strong><\/p>\n<p style=\"text-align: center;\">ORSON ANT\u00d4NIO FERES MORAES R\u00caGO, Presidente da SOAMAR-BRASIL &#8211; SOCIEDADE AMIGOS DA MARINHA DO BRASIL, no desempenho dos deveres que lhe est\u00e3o atribu\u00eddos pela Delibera\u00e7\u00e3o 01\/2010, pelo Estatuto Social da SOAMAR-BRASIL especialmente nos termos do Art.35 e em cumprimento da Resolu\u00e7\u00e3o Normativa 001\/2023 e seu respectivo resumo de provid\u00eancias, convoca as SOAMARES associadas, que estiverem em dia com as suas obriga\u00e7\u00f5es estatut\u00e1rias at\u00e9 24 (vinte e quatro) de outubro de 2023, 23(vinte e tr\u00eas) dias antes da elei\u00e7\u00e3o nos termos do Artigo 6\u00ba e 8\u00ba do Estatuto, representadas por seus presidentes, a participarem da XXIII CONVEN\u00c7\u00c3O NACIONAL e ASSEMBLEIA GERAL ORDIN\u00c1RIA DA SOAMAR-BRASIL para elei\u00e7\u00e3o do Vice-Presidente da SOAMAR-BRASIL, para o per\u00edodo 2023\/2024, que automaticamente assumir\u00e1 o cargo de Presidente para o bi\u00eanio 2024\/2026, a ser realizada presencialmente, por voto direto e secreto no Audit\u00f3rio do Minist\u00e9rio P\u00fablico do Estado do Maranh\u00e3o localizado na Avenida Professor Carlos Cunha, N\u00b0 3541, Bairro Calhau &#8211; S\u00e3o Lu\u00eds-Ma, CEP 65070-901 no hor\u00e1rio das 17:00 horas \u00e0s 18:00horas do dia 16 de novembro de 2023, com a seguinte ordem:<\/p>\n<p style=\"text-align: center;\"><strong>In\u00edcio da vota\u00e7\u00e3o:<\/strong><\/p>\n<p style=\"text-align: center;\">17h:00 &#8211; com 50% mais 1 das SOAMARES em dia, aptas a votar;<br \/>\n17h30 &#8211; com qualquer n\u00famero das SOAMARES em dia, aptas a votar;<br \/>\n18:00h- Encerramento.<\/p>\n<p style=\"text-align: center;\"><em>S\u00e3o Lu\u00eds, 16 de outubro de 2023<\/em><\/p>\n<p style=\"text-align: center;\"><strong>Orson Ant\u00f4nio Feres Moraes R\u00eago<br \/>\n<\/strong><em>Presidente da SOAMAR-BRASIL<\/em><\/p>\n<p style=\"text-align: center;\"><img loading=\"lazy\" decoding=\"async\" class=\"alignnone wp-image-9908 size-full\" src=\"https:\/\/portosma.com.br\/wp-content\/uploads\/2023\/10\/EDITAL-SOAMAR-BRASIL.jpg\" alt=\"\" width=\"900\" height=\"172\" srcset=\"https:\/\/portosma.com.br\/wp-content\/uploads\/2023\/10\/EDITAL-SOAMAR-BRASIL.jpg 900w, https:\/\/portosma.com.br\/wp-content\/uploads\/2023\/10\/EDITAL-SOAMAR-BRASIL-300x57.jpg 300w, https:\/\/portosma.com.br\/wp-content\/uploads\/2023\/10\/EDITAL-SOAMAR-BRASIL-768x147.jpg 768w\" sizes=\"(max-width: 900px) 100vw, 900px\" \/><br \/>\n<strong style=\"text-align: center;\">RESOLU\u00c7\u00c3O NORMATIVA<br \/>\n<\/strong><strong>N\u00ba 001\/2023<\/strong><\/p>\n<div class=\"elementor-element elementor-element-edbd330 elementor-widget elementor-widget-theme-post-title elementor-page-title elementor-widget-heading\" data-id=\"edbd330\" data-element_type=\"widget\" data-widget_type=\"theme-post-title.default\">\n<p style=\"text-align: center;\">A Diretoria executiva da SOAMAR-BRASIL representada pelo seu Presidente, no uso das atribui\u00e7\u00f5es que lhe s\u00e3o conferidas por esse cargo, no desempenho dos deveres que lhe est\u00e3o atribu\u00eddos pela Delibera\u00e7\u00e3o 01\/2010, pelo Estatuto Social da SOAMAR-BRASIL especialmente nos termos do Art.35 e levando em considera\u00e7\u00e3o a necessidade de dar conhecimento aos interessados das normas e provid\u00eancias administrativas alusivas \u00e0 elei\u00e7\u00e3o para Vice-Presidente e dos membros do Conselho Fiscal da SOAMAR-BRASIL, a se realizar durante XXIII CONVEN\u00c7\u00c3O NACIONAL DA SOAMAR-BRASIL, no dia 16 Novembro de 2023, na cidade de S\u00e3o Luis-Ma,<\/p>\n<p style=\"text-align: center;\"><strong>RESOLVE:<\/strong><\/p>\n<p style=\"text-align: center;\"><strong>Art.1\u00ba<\/strong>.- Publicar na p\u00e1gina SOAMAR-BRASIL no site (http:\/\/www.portosma.com.br) o teor da DELIBERA\u00c7\u00c3O 01\/2010, aprovada durante a XVII Conven\u00e7\u00e3o Nacional realizada na cidade de Manaus, que regula as Normas para a Elei\u00e7\u00e3o de Vice-Presidente e Membros do Conselho Fiscal da SOAMAR-BRASIL que ocorrer\u00e1 no dia 16 de novembro de 2023;<\/p>\n<p style=\"text-align: center;\"><strong>Art.2\u00ba<\/strong>.- Baixar resumo das provid\u00eancias anexas a presente Resolu\u00e7\u00e3o Normativa 001\/2023 a serem cumpridas pelos interessados em participarem da Elei\u00e7\u00e3o em refer\u00eancia, de modo a orient\u00e1-los na apresenta\u00e7\u00e3o de suas candidaturas.<\/p>\n<p style=\"text-align: center;\">Publique-se, Registre-se e Cumpra-se.<\/p>\n<p style=\"text-align: center;\">S\u00e3o Luis-MA , 16 de outubro de 2023.<\/p>\n<p style=\"text-align: center;\">Atenciosamente;<br \/>\n<strong>Orson Antonio Feres Moraes R\u00eago<\/strong><br \/>\n<em>Presidente da Sociedade Amigo da Marinha do Brasil<\/em><\/p>\n<p><img loading=\"lazy\" decoding=\"async\" class=\"alignnone wp-image-9908 size-full\" src=\"https:\/\/portosma.com.br\/wp-content\/uploads\/2023\/10\/EDITAL-SOAMAR-BRASIL.jpg\" alt=\"\" width=\"900\" height=\"172\" srcset=\"https:\/\/portosma.com.br\/wp-content\/uploads\/2023\/10\/EDITAL-SOAMAR-BRASIL.jpg 900w, https:\/\/portosma.com.br\/wp-content\/uploads\/2023\/10\/EDITAL-SOAMAR-BRASIL-300x57.jpg 300w, https:\/\/portosma.com.br\/wp-content\/uploads\/2023\/10\/EDITAL-SOAMAR-BRASIL-768x147.jpg 768w\" sizes=\"(max-width: 900px) 100vw, 900px\" \/><\/p>\n<p style=\"text-align: center;\"><strong>MARINHA DO BRASIL<\/strong><br \/>\n<strong>SOCIEDADE AMIGOS DA MARINHA DO BRASIL<\/strong><br \/>\n<strong>SOAMAR-BRASIL<\/strong><\/p>\n<p style=\"text-align: center;\"><strong>XXIII CONVEN\u00c7\u00c3O NACIONAL<\/strong><\/p>\n<p style=\"text-align: center;\">RESUMO DAS PROVID\u00caNCIAS A SEREM CUMPRIDAS PELOS INTERESSADOS EM PARTICIPAREM DA ELEI\u00c7\u00c3O EM REFER\u00caNCIA, DE MODO A ORIENT\u00c1-LOS NA APRESENTA\u00c7\u00c3O DE SUAS CANDIDATURAS:<\/p>\n<p style=\"text-align: center;\"><strong>1 &#8211; PROVID\u00caNCIAS A SEREM ADOTADAS EM PREPARA\u00c7\u00c3O DA ELEI\u00c7\u00c3O DO VICE-PRESIDENTE:<\/strong><\/p>\n<p style=\"text-align: center;\"><strong>1)<\/strong> Edital de Convoca\u00e7\u00e3o, a ser encaminhado a todas as SOAMARES, suas Delegacias e ao Centro de Comunica\u00e7\u00e3o Social Da Marinha-CCSM, pelo menos 15 (quinze) dia antes da realiza\u00e7\u00e3o da elei\u00e7\u00e3o, onde constar\u00e3o local, dia e hora previstos para in\u00edcio e t\u00e9rmino da vota\u00e7\u00e3o.<\/p>\n<p style=\"text-align: center;\"><strong>2)<\/strong> Eleitor votante e apresentador de candidato: SOAMAR em dia com suas mensalidades at\u00e9 24 (vinte e quatro) de outubro de 2023, 23 (vinte e tr\u00eas) dias antes da elei\u00e7\u00e3o (at\u00e9 16\/10\/2023), pagas, pelo menos, as relativas aos dois \u00faltimos anos anteriores \u00e0 data da elei\u00e7\u00e3o (anos de 2021 e 2022) que ocorrer\u00e1 em 16 de novembro de 2023 (art.2\u00b0, das Normas para a Elei\u00e7\u00e3o de Vice- Presidente e de membros do Conselho Fiscal e Art. 6\u00ba e 8\u00ba do Estatuto).<\/p>\n<p style=\"text-align: center;\"><strong>3)<\/strong> Candidatura a apresentar: Vice-Presidente e ao Conselho Fiscal da SOAMARBRASIL (tr\u00eas membros efetivos e iguais suplentes), em elei\u00e7\u00e3o que ocorrer\u00e1 em novembro de 2023, onde ocupar\u00e1 o cargo de Vice-Presidente por um ano (2023-2024) e tomar\u00e1 posse como Presidente em novembro de 2024, para o bi\u00eanio (2024-2026) ocasi\u00e3o em que dever\u00e1 indicar a sua Diretoria Executiva.<\/p>\n<p style=\"text-align: center;\"><strong>4)<\/strong> Declara\u00e7\u00e3o de condi\u00e7\u00e3o de poder votar e de ser votado: Solicita\u00e7\u00e3o \u00e0 Secretaria da Conven\u00e7\u00e3o.<\/p>\n<p style=\"text-align: center;\"><strong>5)<\/strong> Direito ao uso da palavra pelo Candidato \u00e0 Vice-Presidente: antes da vota\u00e7\u00e3o, os candidatos a esses cargos ter\u00e3o direito a usar da palavra, se assim o desejarem, por um per\u00edodo de, no m\u00e1ximo, 10 (dez) minutos, para expor os seus planos de trabalho, sujeitando-se \u00e0 sabatina pelos Presidentes das SOAMARES ou por seu(s) representante(s).<\/p>\n<p style=\"text-align: center;\"><strong>6)<\/strong> Registro de Candidatura:<\/p>\n<p style=\"text-align: center;\">6.1. Documentos exigidos:<br \/>\n6.1.1. Formul\u00e1rio preenchido de solicita\u00e7\u00e3o de candidatura;<br \/>\n6.1.2. Declara\u00e7\u00e3o da secretaria da SOAMAR-BRASIL, informando que a SOAMAR a que pertence o candidato est\u00e1 em dia com as obriga\u00e7\u00f5es financeiras junto \u00e0 SOAMAR-BRASIL, nos termos do Inciso I-2;<\/p>\n<p style=\"text-align: center;\">6.1.3. C\u00f3pia da Ata da Diretoria Executiva e Conselho Deliberativo da SOAMAR a que pertence o candidato, indicando-o para concorrer ao cargo de Vice- Presidente da SOAMAR-BRASIL;<\/p>\n<p style=\"text-align: center;\">6.2. Prazo para registro de candidatura: solicita\u00e7\u00e3o ao Presidente da SOAMARBRASIL, em formul\u00e1rio pr\u00f3prio, assinado pelo candidato, at\u00e9 \u00e0s 17h do dia 10 (dez) de novembro de 2023.<\/p>\n<p style=\"text-align: center;\"><strong>7)<\/strong> In\u00edcio da vota\u00e7\u00e3o: 17:00h do dia 16\/11\/2023 com 50% mais 1 das SOAMARES em dia, aptas a votar; (ASD)<br \/>\n}7.1. 17:30h com qualquer n\u00famero das SOAMARES em dia, aptas a votar; (ASD)<br \/>\n7.2 18:00h Encerramento da vota\u00e7\u00e3o: (ASD)<br \/>\n8) Local da Vota\u00e7\u00e3o: Audit\u00f3rio do Minist\u00e9rio P\u00fablico do Estado do Maranh\u00e3o<br \/>\nlocalizado na Avenida Professor Carlos Cunha, N\u00b0 3541, Bairro Calhau &#8211; S\u00e3o Lu\u00eds-Ma, CEP 65070-901.<\/p>\n<p style=\"text-align: center;\"><strong>9)<\/strong> Procedimentos:<\/p>\n<p style=\"text-align: center;\">9.1- O Presidente da SOAMAR-Brasil designar\u00e1 o Presidente da mesa receptora de votos, entre os Presidentes das unidades SOAMAR presentes ou seus representantes e, em seguida, designar\u00e1 outro Presidente para secretarias referente aos trabalhos que ocorrer\u00e3o durante todo per\u00edodo de vota\u00e7\u00e3o estabelecido no edital.<br \/>\n9.2- O Presidente da SOAMAR-Brasil designar\u00e1 fiscais nas mesas receptora e apuradora: os candidatos e seus fiscais em n\u00famero de at\u00e9 dois (2) credenciados pela Presid\u00eancia da SOAMAR-BRASIL.<br \/>\n9.3- Exerc\u00edcio do direito de voto: Presidentes de SOAMAR ou de seus<br \/>\nRepresentantes credenciados pela Diretoria da SOAMAR, munidos das respectivas procura\u00e7\u00f5es, sendo permitido que cada Presidente seja representado por um procurador espec\u00edfico, n\u00e3o sendo permitido que um eleitor tenha mais de uma procura\u00e7\u00e3o.<br \/>\n9.4- A crit\u00e9rio da SOAMAR-BRASIL, dependendo da log\u00edstica poder\u00e1 ser disponibilizado um link para vota\u00e7\u00e3o virtual ou mesas receptoras presenciais nas Capitanias dos Portos a ser disponibilizado at\u00e9 15(quinze) dias antes da elei\u00e7\u00e3o.<\/p>\n<p style=\"text-align: center;\"><strong>10) <\/strong>Material de vota\u00e7\u00e3o:<\/p>\n<p style=\"text-align: center;\">10.1) A Secretaria da SOAMAR-BRASIL fornecer\u00e1 a mesa receptora de votos listagem contendo o nome de todas as SOAMARES em condi\u00e7\u00f5es de votar, observadas as disposi\u00e7\u00f5es do art.2\u00b0 das Normas para a elei\u00e7\u00e3o, na qual os votantes apor\u00e3o suas assinaturas;<br \/>\n10.2) Na c\u00e9dula de vota\u00e7\u00e3o dever\u00e3o constar:<br \/>\n10.2.1. Nome dos candidatos concorrentes, cuja localiza\u00e7\u00e3o na c\u00e9dula obedecer\u00e1 \u00e0 ordem de registro;<br \/>\n10.2.2. Ao lado do nome de cada candidato ser\u00e1 posto um quadradinho em que o eleitor colocar\u00e1 em \u201cX\u201d naquele que identifique o candidato de sua prefer\u00eancia;<br \/>\n10.2.3. O Presidente da mesa receptora e o Secret\u00e1rio rubricar\u00e3o as c\u00e9dulas ma serem entregues ao eleitor.<br \/>\n10.3) Sobre a mesa do Presidente ser\u00e1 colocada uma urna receptora de votos.<br \/>\n10.4) O sigilo do voto ser\u00e1 garantido com utiliza\u00e7\u00e3o de cabine indevass\u00e1vel separada<br \/>\nda mesa receptora.<br \/>\n10.5) Encerramento da Vota\u00e7\u00e3o, proclama\u00e7\u00e3o do resultado e lavratura da ata de<br \/>\nelei\u00e7\u00e3o:<br \/>\n10.6) Ap\u00f3s o encerramento da vota\u00e7\u00e3o e a proclama\u00e7\u00e3o do resultado pelo<br \/>\nPresidente da mesa apuradora, esse ordenar\u00e1 ao Secret\u00e1rio a lavratura da ata, onde<br \/>\ndever\u00e1 constar os votos obtidos por cada candidato.<br \/>\n10.7) O de Posse dos eleitos: Lavratura em livro pr\u00f3prio, devidamente assinado pelo<br \/>\nPresidente da SOAMAR-BRASIL e pelos empossados.<\/p>\n<p style=\"text-align: center;\">S\u00e3o Lu\u00eds-Ma, 15 de outubro de 2023<\/p>\n<p style=\"text-align: center;\"><strong>Orson Antonio Feres Moraes R\u00eago<br \/>\n<\/strong><em>Presidente da Sociedade Amigo da Marinha do Brasil<\/em><\/p>\n<h3>&nbsp;_______________________________________________________<\/h3>\n<h3>S\u00e3o Lu\u00eds ser\u00e1 palco da XXIII Conven\u00e7\u00e3o Nacional da Soamar Brasil<\/h3>\n<p><img loading=\"lazy\" decoding=\"async\" class=\"alignnone wp-image-9635 size-full\" src=\"https:\/\/portosma.com.br\/wp-content\/uploads\/2023\/10\/CONVENCAO-8.jpg\" alt=\"\" width=\"900\" height=\"461\" srcset=\"https:\/\/portosma.com.br\/wp-content\/uploads\/2023\/10\/CONVENCAO-8.jpg 900w, https:\/\/portosma.com.br\/wp-content\/uploads\/2023\/10\/CONVENCAO-8-300x154.jpg 300w, https:\/\/portosma.com.br\/wp-content\/uploads\/2023\/10\/CONVENCAO-8-768x393.jpg 768w\" sizes=\"(max-width: 900px) 100vw, 900px\" \/><\/p>\n<p>Depois da XXII Conven\u00e7\u00e3o da Soamar Brasil, que aconteceu na cidade de Florian\u00f3polis, quando foi eleito presidente o maranhense e atual dirigente da entidade, Orson Ant\u00f4nio F\u00e9res Moraes R\u00eago, chagou a vez da realiza\u00e7\u00e3o da Conven\u00e7\u00e3o de n\u00famero XXIII. Marcada para o per\u00edodo entre os dias 15 e 18 de novembro, o evento ter\u00e1 como palco a cidade de S\u00e3o Lu\u00eds, capital do estado do Maranh\u00e3o.<\/p>\n<p>Em seu comunicado \u00e0s entidades filiadas, o presidente Orson F\u00e9res destacou a cidade como \u201cA Ilha magn\u00e9tica de S\u00e3o Lu\u00eds, nossa Atenas Brasileira, com seus encantos, cultura, praias, monumentos e pr\u00e9dios hist\u00f3ricos, al\u00e9m de uma gastronomia exuberante\u201d. No mesmo documento, uma lista dos principais hot\u00e9is da capital maranhense que s\u00e3o sugeridos aos visitantes para suas respectivas reservas.<\/p>\n<h4>Confira a seguir o texto do Presidente da Soamar Brasil<\/h4>\n<p><em>\u201cPrezados (as) Presidentes,<\/em><\/p>\n<p><em>Conforme comunicado anterior e a aproxima\u00e7\u00e3o da data da XXIII Conven\u00e7\u00e3o Nacional em Novembro,&nbsp; informamos a programa\u00e7\u00e3o definida para o evento que, como j\u00e1 dito, ser\u00e1 em S\u00e3o Lu\u00eds, capital do estado do Maranh\u00e3o. Teremos um momento \u00edmpar em que voltaremos a nos reunir desde 2018 para juntos, tomarmos as melhores decis\u00f5es em prol do fortalecimento da nossa SOAMAR. A Ilha magn\u00e9tica de S\u00e3o Lu\u00eds, nossa Atenas Brasileira, com seus encantos, cultura e gastronomia espera por voc\u00eas no per\u00edodo de 15 a 18 de novembro.<\/em><\/p>\n<p><em>Para contribuir com a melhor estadia e conforto dos senhores, segue uma lista com alguns hot\u00e9is. Devido a v\u00e1rios eventos que ocorrem simultaneamente neste mesmo per\u00edodo, sugere-se que realizem suas reservas, o mais breve poss\u00edvel.&nbsp; Pedimos tamb\u00e9m que ao confirmarem suas passagens a\u00e9reas, e hospedagem, que&nbsp; nos seja prontamente informado para que haja o planejamento log\u00edstico por parte da&nbsp; comiss\u00e3o de recep\u00e7\u00e3o&nbsp; das Soamar Brasil&nbsp; e Maranh\u00e3o.<\/em><\/p>\n<p>Cordialmente,<br \/>\n<strong>Orson Ant\u00f4nio F\u00e9res Moraes R\u00eago.<\/strong><br \/>\n<em>Presidente da Soamar Brasil<\/em><\/p>\n<h4>Confira a lista de hot\u00e9is como sugest\u00e3o de hospedagem<\/h4>\n<p><span style=\"color: #800000;\"><strong>Hotel Luzeiros&nbsp; &nbsp; &nbsp; &nbsp;<br \/>\n<\/strong><\/span><em>Site: www.luzeirossaoluis.com.br Telefone: (98) 98406-7423<br \/>\n<span style=\"color: #800000;\"><strong><img loading=\"lazy\" decoding=\"async\" class=\"alignnone wp-image-9616 size-full\" src=\"https:\/\/portosma.com.br\/wp-content\/uploads\/2023\/10\/HOTEL-1.jpg\" alt=\"\" width=\"400\" height=\"268\" srcset=\"https:\/\/portosma.com.br\/wp-content\/uploads\/2023\/10\/HOTEL-1.jpg 400w, https:\/\/portosma.com.br\/wp-content\/uploads\/2023\/10\/HOTEL-1-300x201.jpg 300w\" sizes=\"(max-width: 400px) 100vw, 400px\" \/><\/strong><\/span><\/em><br \/>\nO Hotel Luzeiros fica a apenas 300 metros da Praia de S\u00e3o Marcos e a 4,5 km do centro hist\u00f3rico de S\u00e3o Lu\u00eds. Este hotel disp\u00f5e de um restaurante, piscina, sauna e terra\u00e7o ao ar livre, academia e um bar.<\/p>\n<p><span style=\"color: #800000;\"><strong>SLZ Lagoa Hotel<\/strong><\/span><br \/>\n<em>Site: www.slzlagoahotel.com.br Telefone: (98) 98119-2172\/4009-2222<br \/>\n<span style=\"color: #800000;\"><strong><img loading=\"lazy\" decoding=\"async\" class=\"alignnone wp-image-9617 size-full\" src=\"https:\/\/portosma.com.br\/wp-content\/uploads\/2023\/10\/HOTEL-2.jpg\" alt=\"\" width=\"400\" height=\"323\" srcset=\"https:\/\/portosma.com.br\/wp-content\/uploads\/2023\/10\/HOTEL-2.jpg 400w, https:\/\/portosma.com.br\/wp-content\/uploads\/2023\/10\/HOTEL-2-300x242.jpg 300w\" sizes=\"(max-width: 400px) 100vw, 400px\" \/><\/strong><\/span><\/em><br \/>\nLocalizado no bairro Renascen\u00e7a, o SLZ HOTEL est\u00e1 ao lado da \u00e1rea de lazer da Lagoa da Jansen, pr\u00f3ximo \u00e0s praias Ponta da Areia e S\u00e3o Marcos, a dois minutos do Shopping Tropica, padarias, caf\u00e9s, sorveterias, lanchonetes, farm\u00e1cias e a nove minutos do Centro Hist\u00f3rico.<\/p>\n<p><span style=\"color: #800000;\"><strong>Hotel Premier<\/strong><\/span><br \/>\n<em>Site: www.hotelpremier.com.br Telefone: (98) 99128*4894\/3216-6666<br \/>\n<span style=\"color: #800000;\"><strong><img loading=\"lazy\" decoding=\"async\" class=\"alignnone wp-image-9618 size-full\" src=\"https:\/\/portosma.com.br\/wp-content\/uploads\/2023\/10\/HOTEL-3.jpg\" alt=\"\" width=\"400\" height=\"261\" srcset=\"https:\/\/portosma.com.br\/wp-content\/uploads\/2023\/10\/HOTEL-3.jpg 400w, https:\/\/portosma.com.br\/wp-content\/uploads\/2023\/10\/HOTEL-3-300x196.jpg 300w\" sizes=\"(max-width: 400px) 100vw, 400px\" \/><\/strong><\/span><\/em><br \/>\nO Hotel Premier est\u00e1 localizado entre a Praia da Ponta D&#8217;Areia e a Lagoa da Jansen e oferece quartos com Wi-Fi gratuito e TV. O estacionamento privativo est\u00e1 dispon\u00edvel por um custo adicional.<\/p>\n<p><span style=\"color: #800000;\"><strong>Stop Way Hotel<\/strong><\/span><br \/>\nSite: www.stopwayhotel.com.br Telefone: (98) 98200-3636\/4009-7777<br \/>\n<span style=\"color: #800000;\"><strong><img loading=\"lazy\" decoding=\"async\" class=\"alignnone wp-image-9619 size-full\" src=\"https:\/\/portosma.com.br\/wp-content\/uploads\/2023\/10\/HOTEL-4.jpg\" alt=\"\" width=\"400\" height=\"262\" srcset=\"https:\/\/portosma.com.br\/wp-content\/uploads\/2023\/10\/HOTEL-4.jpg 400w, https:\/\/portosma.com.br\/wp-content\/uploads\/2023\/10\/HOTEL-4-300x197.jpg 300w\" sizes=\"(max-width: 400px) 100vw, 400px\" \/><\/strong><\/span><br \/>\nSituado entre a Lagoa da Jansen e a Ba\u00eda de S\u00e3o Marcos, o Stop Way Hotel S\u00e3o Lu\u00eds disp\u00f5e de apartamentos com ar-condicionado, frigobar, telefone e TV de tela plana a cabo e wi-fi gratuito nas \u00e1reas comuns. A praia da Ponta D\u2019 Areia est\u00e1 a apenas algumas dezenas de metros distante.<\/p>\n<p><span style=\"color: #800000;\"><strong>Ibis S\u00e3o Lu\u00eds<\/strong><\/span><br \/>\n<em>Site: www.all.accor.com\/brands\/ibis.pt-br. Telefone: (98) 3311-4060<br \/>\n<span style=\"color: #800000;\"><strong><img loading=\"lazy\" decoding=\"async\" class=\"alignnone wp-image-9620 size-full\" src=\"https:\/\/portosma.com.br\/wp-content\/uploads\/2023\/10\/HOTEL-5.jpg\" alt=\"\" width=\"400\" height=\"300\" srcset=\"https:\/\/portosma.com.br\/wp-content\/uploads\/2023\/10\/HOTEL-5.jpg 400w, https:\/\/portosma.com.br\/wp-content\/uploads\/2023\/10\/HOTEL-5-300x225.jpg 300w\" sizes=\"(max-width: 400px) 100vw, 400px\" \/><\/strong><\/span><\/em><br \/>\nO Ibis S\u00e3o Lu\u00eds est\u00e1 situado em S\u00e3o Lu\u00eds, a 5 km do Centro Hist\u00f3rico. Todos os quartos deste hotel disp\u00f5em de ar-condicionado e TV de tela plana a cabo. O banheiro privativo inclui um chuveiro e um secador de cabelo.<\/p>\n<p><span style=\"color: #800000;\"><strong>Litor\u00e2nea Praia Hotel<\/strong><\/span><br \/>\n<em>Site: www.litoraneapraiahotel.com.br Telefone: (98) 98109-9558\/3213-3200<br \/>\n<span style=\"color: #800000;\"><strong><img loading=\"lazy\" decoding=\"async\" class=\"alignnone wp-image-9621 size-full\" src=\"https:\/\/portosma.com.br\/wp-content\/uploads\/2023\/10\/HOTEL-6.jpg\" alt=\"\" width=\"400\" height=\"300\" srcset=\"https:\/\/portosma.com.br\/wp-content\/uploads\/2023\/10\/HOTEL-6.jpg 400w, https:\/\/portosma.com.br\/wp-content\/uploads\/2023\/10\/HOTEL-6-300x225.jpg 300w\" sizes=\"(max-width: 400px) 100vw, 400px\" \/><\/strong><\/span><\/em><br \/>\nO Litor\u00e2nea Praia Hotel est\u00e1 localizado em frente \u00e0 Praia do Calhau em S\u00e3o Lu\u00eds do Maranh\u00e3o, e oferece quartos com ar-condicionado, comodidades modernas, al\u00e9m de WiFi e estacionamento.<\/p>\n<p><strong><span style=\"color: #800000;\">Rio Poty Hotel<br \/>\n<\/span><\/strong><em>Site: www.riopotysaoluis.com.br Telefone: (98) 98410-8155\/3015-4141<br \/>\n<span style=\"color: #800000;\"><strong><img loading=\"lazy\" decoding=\"async\" class=\"alignnone wp-image-9622 size-full\" src=\"https:\/\/portosma.com.br\/wp-content\/uploads\/2023\/10\/HOTEL-7.jpg\" alt=\"\" width=\"400\" height=\"324\" srcset=\"https:\/\/portosma.com.br\/wp-content\/uploads\/2023\/10\/HOTEL-7.jpg 400w, https:\/\/portosma.com.br\/wp-content\/uploads\/2023\/10\/HOTEL-7-300x243.jpg 300w\" sizes=\"(max-width: 400px) 100vw, 400px\" \/><\/strong><\/span><\/em><br \/>\nLocalizado em S\u00e3o Lu\u00eds, a 1 km da Praia de S\u00e3o Marcos, o Rio Poty Hotel oferece acomoda\u00e7\u00f5es com jardim, terra\u00e7o, restaurante e Wi-Fi gratuito.<\/p>\n<p><span style=\"color: #000000;\"><strong>Receptivo:<br \/>\n<span style=\"color: #800000;\"><img loading=\"lazy\" decoding=\"async\" class=\"alignnone wp-image-9623\" src=\"https:\/\/portosma.com.br\/wp-content\/uploads\/2023\/10\/HOTEL-8-300x156.jpg\" alt=\"\" width=\"400\" height=\"207\" srcset=\"https:\/\/portosma.com.br\/wp-content\/uploads\/2023\/10\/HOTEL-8-300x156.jpg 300w, https:\/\/portosma.com.br\/wp-content\/uploads\/2023\/10\/HOTEL-8-768x398.jpg 768w, https:\/\/portosma.com.br\/wp-content\/uploads\/2023\/10\/HOTEL-8.jpg 843w\" sizes=\"(max-width: 400px) 100vw, 400px\" \/><\/span><\/strong><\/span><br \/>\n<span style=\"color: #800000;\"><strong>Saair Viagens e Turismo, <\/strong><span style=\"color: #000000;\">Telefone<\/span><\/span> 98 984125050<br \/>\nJunior Chagas<\/p>\n<p><img loading=\"lazy\" decoding=\"async\" class=\"alignnone wp-image-9626 size-full\" src=\"https:\/\/portosma.com.br\/wp-content\/uploads\/2023\/10\/CONVENCAO-2.jpg\" alt=\"\" width=\"900\" height=\"460\"><\/p>\n<h3>&nbsp;<\/h3>\n<h3>&nbsp;<\/h3>\n<h3><img loading=\"lazy\" decoding=\"async\" class=\"alignnone wp-image-9307 size-full\" src=\"https:\/\/portosma.com.br\/wp-content\/uploads\/2023\/09\/ENTREV-ORSON-1.jpg\" alt=\"\" width=\"900\" height=\"242\" srcset=\"https:\/\/portosma.com.br\/wp-content\/uploads\/2023\/09\/ENTREV-ORSON-1.jpg 900w, https:\/\/portosma.com.br\/wp-content\/uploads\/2023\/09\/ENTREV-ORSON-1-300x81.jpg 300w, https:\/\/portosma.com.br\/wp-content\/uploads\/2023\/09\/ENTREV-ORSON-1-768x207.jpg 768w\" sizes=\"(max-width: 900px) 100vw, 900px\" \/><\/h3>\n<h4><strong>Orson \u00e9 o entrevistado do Canal do Youtube &#8220;An\u00e1lise Mar\u00edtima Portu\u00e1ria<\/strong><\/h4>\n<p>O Youtube ganhou mais um canal voltado para as atividades portu\u00e1rias. De responsabilidade de Ricardo Rebello, estreou no \u00faltimo dia 18 de setembro o \u201cAn\u00e1lise Mar\u00edtima e Portu\u00e1ria\u201d. E, j\u00e1 na sua entrevista de estreia, o convidado foi o Presidente da Soamar Brasil Orson Ant\u00f4nio Feres Moraes Rego. Na apresenta\u00e7\u00e3o, Ricardo Rebelo apresentou a entrevista \u201ccomo este Um bate-papo descontra\u00eddo com este irm\u00e3o que a vida me deu sobre fam\u00edlia, empreendedorismo, Marinha, SOAMAR e muito mais\u201d. <a href=\"https:\/\/www.youtube.com\/watch?v=WUzhWb0m1tY\">Clique aqui para ver a \u00edntegra da entrevista.<\/a><\/p>\n<h3 class=\"elementor-widget-container\"><span style=\"color: #000000;\">Presidente da Soamar Brasil participa do coquetel de boas vindas ao Comandante do Navio Cisne Branco, no porto Itaqui, Maranh\u00e3o<\/span><\/h3>\n<\/div>\n<p><img loading=\"lazy\" decoding=\"async\" class=\"wp-image-8966 size-full alignleft\" src=\"https:\/\/portosma.com.br\/wp-content\/uploads\/2023\/09\/ORSON-4.jpg\" alt=\"\" width=\"450\" height=\"472\" srcset=\"https:\/\/portosma.com.br\/wp-content\/uploads\/2023\/09\/ORSON-4.jpg 450w, https:\/\/portosma.com.br\/wp-content\/uploads\/2023\/09\/ORSON-4-286x300.jpg 286w\" sizes=\"(max-width: 450px) 100vw, 450px\" \/>O Presidente da Soamar Brasil, Orson Feres Moraes Rego, esteve prestigiando a solenidade c\u00edvico-militar de apresenta\u00e7\u00e3o do Navio Veleiro Cisne Branco, atracado nos dias 04,05,06 e 07 de setembro no pier 99 do Porto do Itaqui, capital do estado do Maranh\u00e3o.<\/p>\n<p>Um coquetel (que contou com a participa\u00e7\u00e3o especial da Banda de Fuzileiros Navais do IV DN), reuniu convidados especiais da sociedade maranhense e autoridades militares. Na oportunidade, o Comandante do Cisne Branco, CMG S\u00e9rgio Tadeu Le\u00e3o Ros\u00e1rio recebeu uma lembran\u00e7a da Soamar do Maranh\u00e3o, entregue pelo presidente da entidade, S\u00edlvio Aguiar.<\/p>\n<p>Nas fotos,&nbsp; que come\u00e7am com um \u00e2ngulo especial do NCB, vemos o Presidente da Soamar Brasil, Orson Feres, com o ex-capit\u00e3o dos Portos do Maranh\u00e3o, Calmon Bahia; o Comandante o Cisne Branco CMG S\u00e9rgio Tadeu Le\u00e3o e o presidente da Soamar-CE, senhor Jamiro Dias. Na \u00faltima foto, o Presidente da Soamar Brasil com S\u00edlvio Aguiar (Amigos da Marinha do Estado do Maranh\u00e3o) e o Comandante Roberto Janu\u00e1rio, Capit\u00e3o dos Portos do Estado do Maranh\u00e3o.<\/p>\n<div class=\"elementor-element elementor-element-edbd330 elementor-widget elementor-widget-theme-post-title elementor-page-title elementor-widget-heading\" data-id=\"edbd330\" data-element_type=\"widget\" data-widget_type=\"theme-post-title.default\">\n<div class=\"elementor-widget-container\">\n<p><img loading=\"lazy\" decoding=\"async\" class=\"alignnone wp-image-8963 size-full\" src=\"https:\/\/portosma.com.br\/wp-content\/uploads\/2023\/09\/ORSON-1.jpg\" alt=\"\" width=\"900\" height=\"594\" srcset=\"https:\/\/portosma.com.br\/wp-content\/uploads\/2023\/09\/ORSON-1.jpg 900w, https:\/\/portosma.com.br\/wp-content\/uploads\/2023\/09\/ORSON-1-300x198.jpg 300w, https:\/\/portosma.com.br\/wp-content\/uploads\/2023\/09\/ORSON-1-768x507.jpg 768w\" sizes=\"(max-width: 900px) 100vw, 900px\" \/><\/p>\n<p><img loading=\"lazy\" decoding=\"async\" class=\"alignnone wp-image-8964 size-full\" src=\"https:\/\/portosma.com.br\/wp-content\/uploads\/2023\/09\/ORSON-2.jpg\" alt=\"\" width=\"900\" height=\"462\" srcset=\"https:\/\/portosma.com.br\/wp-content\/uploads\/2023\/09\/ORSON-2.jpg 900w, https:\/\/portosma.com.br\/wp-content\/uploads\/2023\/09\/ORSON-2-300x154.jpg 300w, https:\/\/portosma.com.br\/wp-content\/uploads\/2023\/09\/ORSON-2-768x394.jpg 768w\" sizes=\"(max-width: 900px) 100vw, 900px\" \/><\/p>\n<p><img loading=\"lazy\" decoding=\"async\" class=\"alignnone wp-image-8965 size-full\" src=\"https:\/\/portosma.com.br\/wp-content\/uploads\/2023\/09\/ORSON-3.jpg\" alt=\"\" width=\"900\" height=\"775\" srcset=\"https:\/\/portosma.com.br\/wp-content\/uploads\/2023\/09\/ORSON-3.jpg 900w, https:\/\/portosma.com.br\/wp-content\/uploads\/2023\/09\/ORSON-3-300x258.jpg 300w, https:\/\/portosma.com.br\/wp-content\/uploads\/2023\/09\/ORSON-3-768x661.jpg 768w\" sizes=\"(max-width: 900px) 100vw, 900px\" \/> &nbsp;<img loading=\"lazy\" decoding=\"async\" class=\"alignnone wp-image-8967 size-full\" src=\"https:\/\/portosma.com.br\/wp-content\/uploads\/2023\/09\/ORSON-5.jpg\" alt=\"\" width=\"900\" height=\"506\" srcset=\"https:\/\/portosma.com.br\/wp-content\/uploads\/2023\/09\/ORSON-5.jpg 900w, https:\/\/portosma.com.br\/wp-content\/uploads\/2023\/09\/ORSON-5-300x169.jpg 300w, https:\/\/portosma.com.br\/wp-content\/uploads\/2023\/09\/ORSON-5-768x432.jpg 768w\" sizes=\"(max-width: 900px) 100vw, 900px\" \/><\/p>\n<h2><span style=\"color: #003366;\">Soamar Brasil completa 44 anos de parceria com a Marinha<\/span><\/h2>\n<\/div>\n<\/div>\n<div class=\"elementor-element elementor-element-60b825a elementor-widget elementor-widget-theme-post-featured-image elementor-widget-image\" data-id=\"60b825a\" data-element_type=\"widget\" data-widget_type=\"theme-post-featured-image.default\">\n<div class=\"elementor-widget-container\"><img loading=\"lazy\" decoding=\"async\" class=\"attachment-full size-full wp-image-8182\" src=\"https:\/\/portosma.com.br\/wp-content\/uploads\/2023\/07\/SBRASIL.jpg\" sizes=\"(max-width: 1200px) 100vw, 1200px\" srcset=\"https:\/\/portosma.com.br\/wp-content\/uploads\/2023\/07\/SBRASIL.jpg 1200w, https:\/\/portosma.com.br\/wp-content\/uploads\/2023\/07\/SBRASIL-300x126.jpg 300w, https:\/\/portosma.com.br\/wp-content\/uploads\/2023\/07\/SBRASIL-1024x428.jpg 1024w, https:\/\/portosma.com.br\/wp-content\/uploads\/2023\/07\/SBRASIL-768x321.jpg 768w\" alt=\"\" width=\"1200\" height=\"502\"><\/div>\n<\/div>\n<div class=\"elementor-element elementor-element-b122b75 elementor-widget elementor-widget-theme-post-content\" data-id=\"b122b75\" data-element_type=\"widget\" data-widget_type=\"theme-post-content.default\">\n<div class=\"elementor-widget-container\">\n<h5><strong>27\/07\/2023<\/strong> &#8211; A data celebra o anivers\u00e1rio de quatro d\u00e9cadas de uma parceria singular entre os Amigos da Marinha e a Marinha do Brasil. Raz\u00e3o pela qual foi realizada uma solenidade especial, e lembrada, pela Centro de Comunica\u00e7\u00e3o Social da Marinha. Em seu Boletim de Ordens de n\u00ba 701, de de 27 de julho de 2023, foi publicado um BONO especial alusiva a data. Veja a seguir o texto da MB e, tamb\u00e9m, a palavra do Presidente d Soamar Brasil Ant\u00f4nio Feres Moraes R\u00eago.<\/h5>\n<p>MARINHA DO BRASIL<br \/>\nDIRETORIA DE COMUNICA\u00c7\u00d5ES E TECNOLOGIA DA INFORMA\u00c7\u00c3O DA MARINHA<br \/>\nBOLETIM DE ORDENS E NOT\u00cdCIAS N\u00ba 701 DE 27 DE JULHO DE 2023<br \/>\nBONO ESPECIAL<br \/>\nCENTRO DE COMUNICA\u00c7\u00c3O SOCIAL DA MARINHA<\/p>\n<p>44\u00b0 Anivers\u00e1rio de cria\u00e7\u00e3o da SOAMAR Brasil \u2013 Hoje, temos a satisfa\u00e7\u00e3o de parabenizar a Sociedade Amigos da Marinha (SOAMAR) Brasil pelo transcurso de seu 44\u00ba Anivers\u00e1rio.<\/p>\n<p><em><img loading=\"lazy\" decoding=\"async\" class=\"alignleft wp-image-8183 size-medium\" src=\"https:\/\/portosma.com.br\/wp-content\/uploads\/2023\/07\/SBRASIL-2-300x294.jpg\" sizes=\"(max-width: 300px) 100vw, 300px\" srcset=\"https:\/\/portosma.com.br\/wp-content\/uploads\/2023\/07\/SBRASIL-2-300x294.jpg 300w, https:\/\/portosma.com.br\/wp-content\/uploads\/2023\/07\/SBRASIL-2.jpg 480w\" alt=\"\" width=\"300\" height=\"294\"><\/em>Ao celebrarmos essa data, relembramos a relevante hist\u00f3ria da institui\u00e7\u00e3o, desde a sua cria\u00e7\u00e3o em 27 de julho de 1979, durante a 1\u00aa Conven\u00e7\u00e3o Nacional das Sociedades Amigos da Marinha. Na ocasi\u00e3o, as entidades regionais decidiram criar uma organiza\u00e7\u00e3o &nbsp;que as representasse nacionalmente. A sess\u00e3o foi presidida pelo ent\u00e3o Ministro da Marinha, Almirante de Esquadra Maximiano Eduardo da Silva Fonseca, que vislumbrou a import\u00e2ncia de estabelecer v\u00ednculos, cada vez mais fortes, com os cidad\u00e3os.<\/p>\n<p>Ao longo dos seus 44 anos, a SOAMAR tem se destacado por contribuir para a dissemina\u00e7\u00e3o da mentalidade mar\u00edtima, conscientizando a sociedade civil sobre a import\u00e2ncia do mar para o desenvolvimento sustent\u00e1vel do Brasil. Por meio de iniciativas, como palestras, semin\u00e1rios, cerim\u00f4nias e parcerias com representantes de diferentes segmentos sociais, essa distinta institui\u00e7\u00e3o tem empregado esfor\u00e7os para propagar o conceito da Economia Azul.<\/p>\n<p>Com a coordena\u00e7\u00e3o de 63 unidades regionais pelo pa\u00eds \u2013 al\u00e9m da representa\u00e7\u00e3o em Portugal \u2013 a SOAMAR segue ampliando a sua atua\u00e7\u00e3o. Suas a\u00e7\u00f5es t\u00eam sido fundamentais para perpetuar a<\/p>\n<p>cultura do mar junto \u00e0s novas gera\u00e7\u00f5es, garantindo a continuidade deste importante trabalho para o futuro e fortalecendo as iniciativas do presente.<\/p>\n<p>O Centro de Comunica\u00e7\u00e3o Social da Marinha reafirma seu compromisso em atuar com a SOAMAR, em busca do fortalecimento de uma mentalidade mar\u00edtima efetiva, convidando todos os brasileiros a voltarem o olhar para as riquezas do mar e para a inadi\u00e1vel necessidade que temos de proteg\u00ea-las.<\/p>\n<p>Nossas felicita\u00e7\u00f5es e votos de continuado sucesso \u00e0 SOAMAR Brasil!<\/p>\n<p><strong>Brasileiros, rumo ao mar!<\/strong><\/p>\n<h3>Palavras do Presidente da Soamar<\/h3>\n<p><em>SOCIEDADE AMIGOS DA MARINHA DO BRASIL<\/em><br \/>\n<em>S\u00e3o Lu\u00eds, 27 de Julho de 2023.<\/em><\/p>\n<p><em><img loading=\"lazy\" decoding=\"async\" class=\"wp-image-8190 size-full alignleft\" src=\"https:\/\/portosma.com.br\/wp-content\/uploads\/2023\/07\/ORSON-2.jpg\" alt=\"\" width=\"300\" height=\"225\">Caros Presidentes, Soamarinos, Amigos e Amigas da Sociedade Amigos da Marinha do Brasil, Hoje celebramos um momento significativo na hist\u00f3ria da nossa organiza\u00e7\u00e3o: o 44\u00ba anivers\u00e1rio da Sociedade Amigos da Marinha do Brasil. \u00c9 com imensa satisfa\u00e7\u00e3o que me dirijo a todos voc\u00eas, repletos de gratid\u00e3o pelas conquistas alcan\u00e7adas em mais de quatro d\u00e9cadas de exist\u00eancia.<\/em><\/p>\n<p><em>Nossa Sociedade tem desempenhado um papel fundamental no fortalecimento dos la\u00e7os entre a Marinha do Brasil e a sociedade civil. Ao longo dos anos, temos trabalhado incansavelmente na promo\u00e7\u00e3o do conhecimento e na valoriza\u00e7\u00e3o da nossa Marinha.<\/em><\/p>\n<p><em>Atrav\u00e9s de projetos educacionais, de preserva\u00e7\u00e3o ambiental, de apoio \u00e0s fam\u00edlias dos militares e de incentivo ao patriotismo, temos buscado contribuir para o progresso e o desenvolvimento do nosso Pa\u00eds. S\u00e3o in\u00fameras as a\u00e7\u00f5es que temos realizado em parceria com a Marinha, cito projetos em celebra\u00e7\u00e3o aos 200 anos da Independ\u00eancia do Brasil e 200 anos da Esquadra, a\u00e7\u00f5es ligadas \u00e0s \u00e1reas da sa\u00fade, da educa\u00e7\u00e3o e da assist\u00eancia social desenvolvidas por Soamar(es) Regionais. Os resultados obtidos s\u00e3o motivo de grande orgulho para todos n\u00f3s.<\/em><\/p>\n<p><em>Quero aproveitar esta ocasi\u00e3o para expressar minha mais profunda admira\u00e7\u00e3o e gratid\u00e3o a todos os membros da Sociedade Amigos da Marinha do Brasil, bem como aos Soamarinos, colaboradores volunt\u00e1rios e parceiros, que t\u00eam dedicado seu tempo, esfor\u00e7o e recursos para tornar nossa organiza\u00e7\u00e3o uma refer\u00eancia em compromisso, profissionalismo e solidariedade.<\/em><\/p>\n<p><em>Nossos desafios s\u00e3o muitos, mas tenho plena confian\u00e7a de que, unidos, podemos super\u00e1-los. Que possamos continuar trabalhando em prol da valoriza\u00e7\u00e3o da Marinha do Brasil, do fortalecimento da nossa seguran\u00e7a mar\u00edtima e da constru\u00e7\u00e3o de um Pa\u00eds mais pr\u00f3spero e seguro para todos.<\/em><\/p>\n<p><em>Agrade\u00e7o a presen\u00e7a de cada um dos Presidentes e Soamarinos e que possamos seguir juntos, com determina\u00e7\u00e3o e esp\u00edrito de colabora\u00e7\u00e3o, em todos os nossos empreendimentos futuros.<\/em><\/p>\n<p><em>Parab\u00e9ns a todos n\u00f3s, pela marca de 44 anos da Sociedade Amigos da Marinha do Brasil!<\/em><\/p>\n<p><em>Muito obrigado.<\/em><\/p>\n<p><em><strong>Avante Soamar Brasil!!! &#8211;&nbsp;<\/strong><\/em><em><strong>Tudo pela P\u00e1tria!<\/strong><\/em><\/p>\n<p><strong>Orson Ant\u00f4nio Feres Moraes Rego<\/strong><br \/>\n<em>Presidente da SOAMAR BRASIL<\/em><\/p>\n<\/div>\n<div class=\"elementor-element elementor-element-edbd330 elementor-widget elementor-widget-theme-post-title elementor-page-title elementor-widget-heading\" data-id=\"edbd330\" data-element_type=\"widget\" data-widget_type=\"theme-post-title.default\">\n<div class=\"elementor-widget-container\">\n<h2 class=\"elementor-heading-title elementor-size-default\"><span style=\"color: #993300;\">Relat\u00f3rio de gest\u00e3o da Soamar Brasil, no bi\u00eanio de 2020\/2022<\/span><\/h2>\n<\/div>\n<\/div>\n<div class=\"elementor-element elementor-element-60b825a elementor-widget elementor-widget-theme-post-featured-image elementor-widget-image\" data-id=\"60b825a\" data-element_type=\"widget\" data-widget_type=\"theme-post-featured-image.default\">\n<div class=\"elementor-widget-container\"><img loading=\"lazy\" decoding=\"async\" class=\"attachment-full size-full wp-image-6674\" src=\"https:\/\/portosma.com.br\/wp-content\/uploads\/2023\/05\/RELATORIO-CAPA.jpg\" sizes=\"(max-width: 1200px) 100vw, 1200px\" srcset=\"https:\/\/portosma.com.br\/wp-content\/uploads\/2023\/05\/RELATORIO-CAPA.jpg 1200w, https:\/\/portosma.com.br\/wp-content\/uploads\/2023\/05\/RELATORIO-CAPA-300x138.jpg 300w, https:\/\/portosma.com.br\/wp-content\/uploads\/2023\/05\/RELATORIO-CAPA-1024x470.jpg 1024w, https:\/\/portosma.com.br\/wp-content\/uploads\/2023\/05\/RELATORIO-CAPA-768x353.jpg 768w\" alt=\"\" width=\"1200\" height=\"551\"><\/div>\n<\/div>\n<div class=\"elementor-element elementor-element-b122b75 elementor-widget elementor-widget-theme-post-content\" data-id=\"b122b75\" data-element_type=\"widget\" data-widget_type=\"theme-post-content.default\">\n<div class=\"elementor-widget-container\">\n<p>O presente Relat\u00f3rio mostra uma s\u00ednteses do per\u00edodo de do\u00eds anos da gest\u00e3o Orson Ant\u00f4nio F\u00e9res Moraes R\u00eago a frente da Soamar Brasil. A Soamar, que tem sede intinerante de acordo com a base do seu presidente, neste per\u00edodo coube a cidade Patrim\u00f4nio Hist\u00f3rico de S\u00e3o Lu\u00eds, capital do estado do Maranh\u00e3o, ter a entidade como base de apoio, a\u00e7\u00f5es e representa\u00e7\u00f5es.<\/p>\n<p>Em seu relat\u00f3rio, o Orson Feres destacou algumas de suas principais realiza\u00e7\u00f5es \u2013 todas elas parte integrante do planejamento elaborado pela diretoria -, contando sempre com a colabora\u00e7\u00e3o de parceiros e colaboradores. As atividades tem in\u00edcio com a posse da atual diretoria no gabinete do Comandante da Marinha, o Almirante de Esquadra Ilques Barbosa J\u00fanior. A cerim\u00f4nia, que, por conta das restri\u00e7\u00f5es provocadas pela pandemia, foi toda transmitida on-line com participa\u00e7\u00e3o de v\u00e1rios Presidentes de Soamares Regionais com o ent\u00e3o Diretor do Centro de Comunica\u00e7\u00e3o Social da Marinha, Contra-Almirante Jo\u00e3o Alberto de Ara\u00fajo Lampert. O presente relat\u00f3rio, assinado pelo presidente Orson F\u00e9res, destacou as a\u00e7\u00f5es de forma did\u00e1tica, dividas em cada um m\u00eas dos seus respetivos anos.<\/p>\n<figure id=\"attachment_6678\" class=\"wp-caption alignleft\" aria-describedby=\"caption-attachment-6678\"><img loading=\"lazy\" decoding=\"async\" class=\"wp-image-6678\" src=\"https:\/\/portosma.com.br\/wp-content\/uploads\/2023\/05\/RELATORIO-SB-01.jpg\" sizes=\"(max-width: 430px) 100vw, 430px\" srcset=\"https:\/\/portosma.com.br\/wp-content\/uploads\/2023\/05\/RELATORIO-SB-01.jpg 450w, https:\/\/portosma.com.br\/wp-content\/uploads\/2023\/05\/RELATORIO-SB-01-300x191.jpg 300w\" alt=\"\" width=\"430\" height=\"274\"><figcaption id=\"caption-attachment-6678\" class=\"wp-caption-text\"><em>Viagens em representa\u00e7\u00e3o \u00e0 Bel\u00e9m do Par\u00e1<\/em><\/figcaption><\/figure>\n<figure id=\"attachment_6679\" class=\"wp-caption alignleft\" aria-describedby=\"caption-attachment-6679\"><img loading=\"lazy\" decoding=\"async\" class=\"wp-image-6679\" src=\"https:\/\/portosma.com.br\/wp-content\/uploads\/2023\/05\/RELATORIO-SB-02.jpg\" sizes=\"(max-width: 430px) 100vw, 430px\" srcset=\"https:\/\/portosma.com.br\/wp-content\/uploads\/2023\/05\/RELATORIO-SB-02.jpg 450w, https:\/\/portosma.com.br\/wp-content\/uploads\/2023\/05\/RELATORIO-SB-02-300x195.jpg 300w\" alt=\"\" width=\"430\" height=\"280\"><figcaption id=\"caption-attachment-6679\" class=\"wp-caption-text\"><em>Passagem de Comando do Grupamento Naval do Norte<\/em><\/figcaption><\/figure>\n<p>&nbsp;<strong>PROGRAMA ANUAL 2021<\/strong><\/p>\n<p>*** Reinicio das atividades do primeiro semestre de 2021.<\/p>\n<p><strong>JANEIRO DE 2021<\/strong><\/p>\n<p>*** Representando as Soamares em viagem a Bel\u00e9m-PA no dia 11 de janeiro, na Cerim\u00f4nia de passagem de Comando do Grupamento Naval do Norte, seguido de reuni\u00e3o funcional com o ent\u00e3o Comandante do 4\u00ba Distrito Naval, Vice-Almirante Valter Citavicius Filho.<\/p>\n<p>*** Passagem de Comando do Grupamento Naval do Norte.<\/p>\n<p><strong>FEVEREIRO DE 2021<\/strong><\/p>\n<p>*** Viagem ao Rio de Janeiro para Reuni\u00e3o funcional com o Presidente da SOAMAR Rio de Janeiro, Jose Ant\u00f4nio de Souza Batista, onde foram discutidos temas e agendas conjuntas da SOAMAR Brasil para o ano de 2021 t\u00e3o logo o Brasil voltasse \u00e0s pr\u00e1ticas de Encontros e Reuni\u00f5es presenciais.<\/p>\n<p>***Efetiva\u00e7\u00e3o da entrada na documenta\u00e7\u00e3o referente a posse junto ao Cart\u00f3rio de T\u00edtulos e Documentos, onde est\u00e3o lavrados os registros da SOAMAR Brasil. Ainda neste m\u00eas, aconteceu a primeira Reuni\u00e3o online tendo como tema a aplica\u00e7\u00e3o do PCSM 2021-2022, al\u00e9m de outros assuntos pertinentes \u00e0 atua\u00e7\u00e3o da SOAMAR Brasil e demais Soamares Regionais.<\/p>\n<p><strong>MAI0 DE 2021<\/strong><\/p>\n<figure id=\"attachment_6687\" class=\"wp-caption alignleft\" aria-describedby=\"caption-attachment-6687\"><img loading=\"lazy\" decoding=\"async\" class=\"wp-image-6687\" src=\"https:\/\/portosma.com.br\/wp-content\/uploads\/2023\/05\/RELATORIO-SB-03-300x195.jpg\" sizes=\"(max-width: 430px) 100vw, 430px\" srcset=\"https:\/\/portosma.com.br\/wp-content\/uploads\/2023\/05\/RELATORIO-SB-03-300x195.jpg 300w, https:\/\/portosma.com.br\/wp-content\/uploads\/2023\/05\/RELATORIO-SB-03.jpg 500w\" alt=\"\" width=\"430\" height=\"279\"><figcaption id=\"caption-attachment-6687\" class=\"wp-caption-text\"><em>Visita ao Capit\u00e3o dos Portos do Estado do Maranh\u00e3o<\/em><\/figcaption><\/figure>\n<p>*** Visita de Cortesia do Presidente e de membros da Diretoria Executiva da SOAMAR Brasil ao Capit\u00e3o dos Portos do Maranh\u00e3o, Alekson Barbosa Da Silva Porto.<\/p>\n<p>*** Viagem de representa\u00e7\u00e3o na Cerim\u00f4nia de posse do Comandante da Marinha, Almirante de Esquadra Almir Garnier Dos Santos, assim como a viagem de Representa\u00e7\u00e3o na Cerim\u00f4nia de Anivers\u00e1rio do 60 Aniversario do Centro de Comunica\u00e7\u00e3o Social da Marinha, com o lan\u00e7amento da nova Logomarca da Marinha do Brasil, em Bras\u00edlia.<\/p>\n<p>*** Visita de cortesia em conjunto com o Presidente da SOAMAR Maranh\u00e3o, Silvio Aguiar, ao Presidente da Empresa Maranhense de Administra\u00e7\u00e3o Portu\u00e1ria, Ted Lago, onde iniciou-se a conversa de um Conv\u00eanio ente a SOAMAR Maranh\u00e3o e a EMAP.<\/p>\n<p>*** Reuni\u00e3o funcional no CCSM com o Contra-Almirante LAMPERT.<\/p>\n<p>*** Visita ao Capit\u00e3o dos Portos do Maranh\u00e3o SOCIEDADE AMIGOS DA MARINHA DO BRASIL<\/p>\n<p><strong>JUNHO DE 2021<\/strong><\/p>\n<figure id=\"attachment_6688\" class=\"wp-caption alignleft\" aria-describedby=\"caption-attachment-6688\"><img loading=\"lazy\" decoding=\"async\" class=\"wp-image-6688\" src=\"https:\/\/portosma.com.br\/wp-content\/uploads\/2023\/05\/RELATORIO-SB-04-300x226.jpg\" sizes=\"(max-width: 430px) 100vw, 430px\" srcset=\"https:\/\/portosma.com.br\/wp-content\/uploads\/2023\/05\/RELATORIO-SB-04-300x226.jpg 300w, https:\/\/portosma.com.br\/wp-content\/uploads\/2023\/05\/RELATORIO-SB-04.jpg 500w\" alt=\"\" width=\"430\" height=\"323\"><figcaption id=\"caption-attachment-6688\" class=\"wp-caption-text\"><em>Lan\u00e7amento da nova Logomarca da Marinha do Brasil<\/em><\/figcaption><\/figure>\n<p>*** A Soamar Brasil esteve representada na Cerim\u00f4nia de Anivers\u00e1rio de 156 Anos da Batalha de Riachuelo na Capitania dos Portos do Maranh\u00e3o.<\/p>\n<p>*** Viagem de representa\u00e7\u00e3o em Reuni\u00e3o Funcional com o Diretor do CCSM, Contra Almirante LAMPERT.<\/p>\n<p>*** Participa\u00e7\u00e3o na Cerim\u00f4nia apartada de imposi\u00e7\u00e3o da Medalha Amigos da Marinha \u00e0s empresas parceiras da Marinha, no Sal\u00e3o Nobre do Comando do 1\u00ba Distrito Naval, no Rio de Janeiro-RJ.<\/p>\n<p>*** Viagem a cidade piauiense de Parna\u00edba-PI para realiza\u00e7\u00e3o em conjunto com a SOAMAR Parna\u00edba, Comandos do 4\u00ba Distrito Naval e do 9\u00ba Distrito Naval e do Centro de Comunica\u00e7\u00e3o Social da Marinha, do Encontro Regional das SOAMAR do 4\u00ba DN e 9\u00ba DN.<\/p>\n<figure id=\"attachment_6689\" class=\"wp-caption alignleft\" aria-describedby=\"caption-attachment-6689\"><img loading=\"lazy\" decoding=\"async\" class=\"wp-image-6689\" src=\"https:\/\/portosma.com.br\/wp-content\/uploads\/2023\/05\/RELATORIO-SB-05-300x285.jpg\" sizes=\"(max-width: 430px) 100vw, 430px\" srcset=\"https:\/\/portosma.com.br\/wp-content\/uploads\/2023\/05\/RELATORIO-SB-05-300x285.jpg 300w, https:\/\/portosma.com.br\/wp-content\/uploads\/2023\/05\/RELATORIO-SB-05.jpg 500w\" alt=\"\" width=\"430\" height=\"409\"><figcaption id=\"caption-attachment-6689\" class=\"wp-caption-text\">Cerim\u00f4nia de Anivers\u00e1rio de 156 Anos da Batalha de Riachuelo na CPMA<\/figcaption><\/figure>\n<p>*** Cerim\u00f4nia de Anivers\u00e1rio de 156 Anos da Batalha de Riachuelo na CPMA e reuni\u00e3o Funcional com o Diretor do CCSM<br \/>\ne a Sociedade Amigos da Marinha Do Brasil<\/p>\n<p><strong>AGOSTO DE 2021<\/strong><\/p>\n<p>*** Participa\u00e7\u00e3o da Soamar Brasil na cerim\u00f4nia de posse do novo Presidente da SOAMAR Cear\u00e1, Jamiro Dias de Oliveira Junior, na cidade de Fortaleza.<\/p>\n<p>*** Viagens para Reuni\u00e3o Funcional com o Presidente da SOAMAR Par\u00e1, Relton Pinto, ao Projeto Barco da SOAMAR, \u00e0s entregas de Coletes Salva-vidas para as comunidades pesqueiras e ribeirinhas das \u00e1reas de jurisdi\u00e7\u00e3o das Capitanias Fluvial de Santar\u00e9m e Capitania dos Portos da Amaz\u00f4nia Oriental e Capitania dos Portos do Maranh\u00e3o, como efetiva\u00e7\u00e3o do conv\u00eanio celebrado entre a SOAMAR Brasil e as Empresas Camorim e a Starnav Rebocadores.<\/p>\n<p><strong>OUTUBRO 2021<\/strong><\/p>\n<figure id=\"attachment_6690\" class=\"wp-caption alignleft\" aria-describedby=\"caption-attachment-6690\"><img loading=\"lazy\" decoding=\"async\" class=\"wp-image-6690\" src=\"https:\/\/portosma.com.br\/wp-content\/uploads\/2023\/05\/RELATORIO-SB-06-300x193.jpg\" sizes=\"(max-width: 430px) 100vw, 430px\" srcset=\"https:\/\/portosma.com.br\/wp-content\/uploads\/2023\/05\/RELATORIO-SB-06-300x193.jpg 300w, https:\/\/portosma.com.br\/wp-content\/uploads\/2023\/05\/RELATORIO-SB-06.jpg 500w\" alt=\"\" width=\"430\" height=\"277\"><figcaption id=\"caption-attachment-6690\" class=\"wp-caption-text\"><em>Cerim\u00f4nia de posse do novo Presidente da SOAMAR Cear\u00e1<\/em><\/figcaption><\/figure>\n<p>*** Representa\u00e7\u00e3o da SOAMAR Brasil Por Jos\u00e9 Ant\u00f4nio de Souza Batista, Presidente da SOAMAR Rio de Janeiro e membro da diretoria da SOAMAR Brasil, na Regata que celebrou o &nbsp;Anivers\u00e1rio de 70 anos do Col\u00e9gio Naval, em Angra dos Reis-RJ.<\/p>\n<p><strong>NOVEMBRO DE 2021<\/strong><\/p>\n<p>*** Representa\u00e7\u00e3o da SOAMAR Brasil, participando ao lado do Presidente da SOAMAR Lagos, Pedro Guenes e o do Comandante da For\u00e7a Aeronaval, o Contra-Almirante Alvarenga, de uma entrevista de forma online na Plataforma do Facebook no Programa \u201cSE LIGA AI\u201d, com a tem\u00e1tica sobre o Dia do Amigo da Marinha, na R\u00e1dio Mar Aberto FM, em Cabo Frio-RJ.<\/p>\n<figure id=\"attachment_6691\" class=\"wp-caption alignnone\" aria-describedby=\"caption-attachment-6691\"><img loading=\"lazy\" decoding=\"async\" class=\"wp-image-6691 size-full\" src=\"https:\/\/portosma.com.br\/wp-content\/uploads\/2023\/05\/RELATORIO-SB-07.jpg\" sizes=\"(max-width: 900px) 100vw, 900px\" srcset=\"https:\/\/portosma.com.br\/wp-content\/uploads\/2023\/05\/RELATORIO-SB-07.jpg 900w, https:\/\/portosma.com.br\/wp-content\/uploads\/2023\/05\/RELATORIO-SB-07-300x159.jpg 300w, https:\/\/portosma.com.br\/wp-content\/uploads\/2023\/05\/RELATORIO-SB-07-768x408.jpg 768w\" alt=\"\" width=\"900\" height=\"478\"><figcaption id=\"caption-attachment-6691\" class=\"wp-caption-text\"><em>cerim\u00f4nia de posse do Comandante do 5\u00ba Distrito Naval<\/em><\/figcaption><\/figure>\n<p>*** Foram, tamb\u00e9m, realizadas viagens de Representa\u00e7\u00e3o da SOAMAR Brasil nas Cerim\u00f4nias de posse do Presidente da SOAMAR Rio de Janeiro, Marcio Prado Maia, para o evento social promovido pela SOAMAR no Vale do Itaja\u00ed, em Itaja\u00ed-SC e, tamb\u00e9m, ao Rio Grande para representa\u00e7\u00e3o em evento social promovida pela SOAMAR Rio Grande e Cerim\u00f4nia de Posse do Comandante do 5\u00ba Distrito Naval, Vice-Almirante Silvio Luis.<\/p>\n<p><strong>DEZEMBRO DE 2021<\/strong><\/p>\n<figure id=\"attachment_6692\" class=\"wp-caption alignleft\" aria-describedby=\"caption-attachment-6692\"><img loading=\"lazy\" decoding=\"async\" class=\"wp-image-6692\" src=\"https:\/\/portosma.com.br\/wp-content\/uploads\/2023\/05\/RELATORIO-SB-08-283x300.jpg\" sizes=\"(max-width: 430px) 100vw, 430px\" srcset=\"https:\/\/portosma.com.br\/wp-content\/uploads\/2023\/05\/RELATORIO-SB-08-283x300.jpg 283w, https:\/\/portosma.com.br\/wp-content\/uploads\/2023\/05\/RELATORIO-SB-08.jpg 500w\" alt=\"\" width=\"430\" height=\"456\"><figcaption id=\"caption-attachment-6692\" class=\"wp-caption-text\"><em>Posse do novo Diretor do CCSM<\/em><\/figcaption><\/figure>\n<p>*** Viagens de Representa\u00e7\u00e3o da SOAMAR Brasil para Cerim\u00f4nia de posse do novo Comandante do 8\u00ba Distrito Naval, Vice-Almirante Guilherme, em S\u00e3o Paulo. Tamb\u00e9m houve a Representa\u00e7\u00e3o na Cerim\u00f4nia de posse do novo Diretor do Centro de Comunica\u00e7\u00e3o Social da Marinha, Contra-Almirante Andr\u00e9 Macedo, em cerim\u00f4nia presidida pelo Comandante da Marinha, Almirante de Esquadra Almir Garnier dos Santos, em Bras\u00edlia.<\/p>\n<p>*** Viagem de Representa\u00e7\u00e3o da SOAMAR Brasil para a cerim\u00f4nia de posse do novo Comandante do 4\u00ba Distrito Naval, Vice-Almirante Edgar e Cerim\u00f4nia de Declara\u00e7\u00e3o de Praticantes aos Alunos da EFOMM em Bel\u00e9m-PA.<\/p>\n<p>*** A SOAMAR Brasil esteve presente na cerim\u00f4nia de Posse do novo Comandante do 3\u00ba Distrito Naval, Vice-Almirante Andr\u00e9 Ferreira, em Natal, capital do Rio Grande do Norte.<\/p>\n<figure id=\"attachment_6693\" class=\"wp-caption alignnone\" aria-describedby=\"caption-attachment-6693\"><img loading=\"lazy\" decoding=\"async\" class=\"wp-image-6693 size-full\" src=\"https:\/\/portosma.com.br\/wp-content\/uploads\/2023\/05\/RELATORIO-SB-09.jpg\" sizes=\"(max-width: 900px) 100vw, 900px\" srcset=\"https:\/\/portosma.com.br\/wp-content\/uploads\/2023\/05\/RELATORIO-SB-09.jpg 900w, https:\/\/portosma.com.br\/wp-content\/uploads\/2023\/05\/RELATORIO-SB-09-300x170.jpg 300w, https:\/\/portosma.com.br\/wp-content\/uploads\/2023\/05\/RELATORIO-SB-09-768x435.jpg 768w\" alt=\"\" width=\"900\" height=\"510\"><figcaption id=\"caption-attachment-6693\" class=\"wp-caption-text\"><em>Posse do novo Comandante do 4\u00ba Distrito Naval<\/em><\/figcaption><\/figure>\n<p>*** Presen\u00e7a garantida da Soamar Brasil na cerim\u00f4nia de posse do novo Diretor-Geral de Desenvolvimento Nuclear e Tecnol\u00f3gico da Marinha, Almirante de Esquadra Petr\u00f4nio Augusto Siqueira De Aguiar; e na posse do novo Comandante de Opera\u00e7\u00f5es Navais, Almirante de Esquadra Marcos Sampaio Olsen.<\/p>\n<h4><span style=\"color: #993300;\"><strong>PROGRAMA ANUAL 2022<\/strong><\/span><\/h4>\n<p><strong>JANEIRO DE 2022<\/strong><\/p>\n<figure id=\"attachment_6694\" class=\"wp-caption alignleft\" aria-describedby=\"caption-attachment-6694\"><img loading=\"lazy\" decoding=\"async\" class=\"wp-image-6694\" src=\"https:\/\/portosma.com.br\/wp-content\/uploads\/2023\/05\/RELATORIO-SB-10-300x202.jpg\" sizes=\"(max-width: 430px) 100vw, 430px\" srcset=\"https:\/\/portosma.com.br\/wp-content\/uploads\/2023\/05\/RELATORIO-SB-10-300x202.jpg 300w, https:\/\/portosma.com.br\/wp-content\/uploads\/2023\/05\/RELATORIO-SB-10.jpg 500w\" alt=\"\" width=\"430\" height=\"289\"><figcaption id=\"caption-attachment-6694\" class=\"wp-caption-text\">Cerim\u00f4nia de posse do Capit\u00e3o dos Portos de S\u00e3o Paulo<\/figcaption><\/figure>\n<p>*** A Soamar Brasil iniciou suas atividades em 2022 participando da cerim\u00f4nia de posse no cargo de Capit\u00e3o dos Portos do Maranh\u00e3o, o CMG Alexandre Janu\u00e1rio.<\/p>\n<p>*** Presente tamb\u00e9m na cerim\u00f4nia de posse do Capit\u00e3o dos Portos de S\u00e3o Paulo, CMG Robledo, em Santos-SP, assim como na cerim\u00f4nia de posse do Capit\u00e3o dos Portos do Rio de Janeiro, CMG Alessander Antunes Peixoto e na Transmiss\u00e3o de cargo de Comando do Centro de Instru\u00e7\u00e3o Almirante Braz de Aguiar ao CMG ENES, em Bel\u00e9m-PA.<\/p>\n<p><strong>FEVEREIRO DE 2022<\/strong><\/p>\n<p>*** A Soamar Brasil acompanhou o presidente da Soamar Maranh\u00e3o, S\u00edlvio Aguiar, na visita de cortesia feita ao presidente da Emap, Ted Lago.<\/p>\n<p><strong>ABRIL DE 2022<\/strong><\/p>\n<p>*** A SOAMAR Brasil esteve presente \u00e0 cerim\u00f4nia de Anivers\u00e1rio<\/p>\n<p>de 61 Anos do CCSM, em Bras\u00edlia. Tamb\u00e9m em abril, viagem com o Diretor Jur\u00eddico da SOAMAR Brasil, Ant\u00f4nio Fernandes para Reuni\u00e3o funcional no CCSM para discuss\u00e3o de assuntos correlatos a SOAMAR Brasil como a reformula\u00e7\u00e3o do Estatuto e outros.<\/p>\n<p>*** Reuni\u00e3o de Diretorias da SOAMAR Brasil e SOAMAR Maranh\u00e3o com o Capit\u00e3o dos Portos do Maranh\u00e3o.<\/p>\n<p><strong>MAIO 2022<\/strong><\/p>\n<p>*** A SOAMAR Brasil participou da Representa\u00e7\u00e3o em viagem para inaugura\u00e7\u00e3o do monumento ao Almirante Tamandar\u00e9 como parte do Projeto de Valoriza\u00e7\u00e3o de Vultos Navais em cerim\u00f4nia presidida pelo Comandante da Marinha, Almirante de Esquadra ALMIR GARNIER DOS SANTOS, em Fortaleza \u2013 CE. Houve, tamb\u00e9m, a Representa\u00e7\u00e3o da SOAMAR Brasil no evento promovido pela SOAMAR Maranh\u00e3o de Recep\u00e7\u00e3o ao Comandante do 4\u00ba Distrito Naval, Vice-Almirante EDGAR e comitiva do 4\u00ba Distrito Naval.<\/p>\n<p>*** Inaugura\u00e7\u00e3o do monumento ao Almirante Tamandar\u00e9<\/p>\n<p>*** Convite para a Cerim\u00f4nia em Comemora\u00e7\u00e3o aos 61 anos da Comunica\u00e7\u00e3o Social da Marinha.<\/p>\n<p><strong>JUNHO DE 2022<\/strong><\/p>\n<figure id=\"attachment_6695\" class=\"wp-caption alignleft\" aria-describedby=\"caption-attachment-6695\"><img loading=\"lazy\" decoding=\"async\" class=\"wp-image-6695\" src=\"https:\/\/portosma.com.br\/wp-content\/uploads\/2023\/05\/RELATORIO-SB-11-300x236.jpg\" sizes=\"(max-width: 430px) 100vw, 430px\" srcset=\"https:\/\/portosma.com.br\/wp-content\/uploads\/2023\/05\/RELATORIO-SB-11-300x236.jpg 300w, https:\/\/portosma.com.br\/wp-content\/uploads\/2023\/05\/RELATORIO-SB-11.jpg 500w\" alt=\"\" width=\"430\" height=\"339\"><figcaption id=\"caption-attachment-6695\" class=\"wp-caption-text\">Anivers\u00e1rio da Batalha Naval de Riachuelo<\/figcaption><\/figure>\n<p>*** Viagem para Reuni\u00e3o Funcional com o Diretor do Centro de Comunica\u00e7\u00e3o Social da Marinha e Representa\u00e7\u00e3o na Cerim\u00f4nia de Comemora\u00e7\u00e3o do 157 Anivers\u00e1rio da Batalha Naval de Riachuelo, Data Magna da Marinha, em Bras\u00edlia \u2013 DF, assim como a viagem de Representa\u00e7\u00e3o para Cerim\u00f4nia de comemora\u00e7\u00e3o ao 157 Anivers\u00e1rio da Batalha Naval de Riachuelo, Data Magna da Marinha, em Bel\u00e9m do Par\u00e1 e em Bras\u00edlia.<\/p>\n<p><strong>JULHO DE 2022<\/strong><\/p>\n<p>*** Viagem de representa\u00e7\u00e3o para participa\u00e7\u00e3o em evento promovido pela SOAMAR Porto Alegre e o Comando do 5\u00ba Distrito Naval, a Jornada da Mentalidade Mar\u00edtima e Economia Azul, em Porto Alegre \u2013 RS, assim como a viagem de representa\u00e7\u00e3o para participa\u00e7\u00e3o do Encontro das SOAMAR do Paran\u00e1 com o Comandante do 8\u00ba Distrito Naval, em Paranagu\u00e1 \u2013 PR<\/p>\n<p><strong>AGOSTO DE 2022<\/strong><\/p>\n<figure id=\"attachment_6696\" class=\"wp-caption alignleft\" aria-describedby=\"caption-attachment-6696\"><img loading=\"lazy\" decoding=\"async\" class=\"wp-image-6696\" src=\"https:\/\/portosma.com.br\/wp-content\/uploads\/2023\/05\/RELATORIO-SB-12-300x215.jpg\" sizes=\"(max-width: 430px) 100vw, 430px\" srcset=\"https:\/\/portosma.com.br\/wp-content\/uploads\/2023\/05\/RELATORIO-SB-12-300x215.jpg 300w, https:\/\/portosma.com.br\/wp-content\/uploads\/2023\/05\/RELATORIO-SB-12.jpg 500w\" alt=\"\" width=\"430\" height=\"308\"><figcaption id=\"caption-attachment-6696\" class=\"wp-caption-text\">Visita \u00e0 Diretoria Or\u00e7ament\u00e1ria da Marinha<\/figcaption><\/figure>\n<p>*** Viagem de representa\u00e7\u00e3o na Cerim\u00f4nia de posse do novo Presidente do Tribunal Mar\u00edtimo, Vice-Almirante (RM1) RALPH DIAS e Cerim\u00f4nia de posse do novo Comandante do Centro de Instru\u00e7\u00e3o Almirante Wandecolck, Contra-Almirante SAID, no Rio de Janeiro \u2013 RJ;<\/p>\n<p>*** Visita \u00e0 Diretoria Or\u00e7ament\u00e1ria da Marinha a convite do Diretor, Contra-Almirante VILLELA MORAES, no Rio de Janeiro \u2013 RJ.<\/p>\n<p>*** Cerim\u00f4nia de posse do novo Presidente do Tribunal Mar\u00edtimo e visita \u00e0 Diretoria Or\u00e7ament\u00e1ria da Marinha.<\/p>\n<p>*** Convite para a Cerim\u00f4nia de Transmiss\u00e3o de Cargo do ComForSup e, tamb\u00e9m, para a Cerim\u00f4nia de Transmiss\u00e3o de Cargo do CIAW<\/p>\n<p><strong>SETEMBRO DE 2022<\/strong><\/p>\n<figure id=\"attachment_6697\" class=\"wp-caption alignleft\" aria-describedby=\"caption-attachment-6697\"><img loading=\"lazy\" decoding=\"async\" class=\"wp-image-6697\" src=\"https:\/\/portosma.com.br\/wp-content\/uploads\/2023\/05\/RELATORIO-SB-13-300x225.jpg\" sizes=\"(max-width: 430px) 100vw, 430px\" srcset=\"https:\/\/portosma.com.br\/wp-content\/uploads\/2023\/05\/RELATORIO-SB-13-300x225.jpg 300w, https:\/\/portosma.com.br\/wp-content\/uploads\/2023\/05\/RELATORIO-SB-13.jpg 500w\" alt=\"\" width=\"430\" height=\"323\"><figcaption id=\"caption-attachment-6697\" class=\"wp-caption-text\">Cerim\u00f4nia de Mostra de Armamento do Submarino Riachuelo<\/figcaption><\/figure>\n<p>*** Representa\u00e7\u00e3o na Cerim\u00f4nia de Mostra de Armamento do Submarino Riachuelo, S-40, em Itagua\u00ed \u2013 RJ.<\/p>\n<p>*** Cerim\u00f4nia de Mostra de Armamento do Submarino Riachuelo.<\/p>\n<p><strong>OUTUBRO DE 2022<\/strong><\/p>\n<p>*** A SOAMAR Brasil esteve presente no Coquetel de Recep\u00e7\u00e3o oferecido pela SOAMAR Maranh\u00e3o aos membros das Comitivas da DGN e DPC em viagem funcional.<\/p>\n<p>*** Viagem de Representa\u00e7\u00e3o no C\u00edrio Fluvial realizado com a presen\u00e7a do Presidente da Rep\u00fablica, JAIR BOLSONARO, do Ministro da Defesa, General PAULO S\u00c9RGIO, dos Almirantes de Esquadra OLSEN e BORGES e v\u00e1rias autoridades militares e civis, em Bel\u00e9m \u2013 PA.<\/p>\n<p>*** Convite para o C\u00edrio Fluvial, tamb\u00e9m na capital amazonense.<\/p>\n<p><strong>DEZEMBRO DE 2022<\/strong><\/p>\n<p>Apresenta\u00e7\u00e3o de Relat\u00f3rio de gest\u00e3o 2020-2022 e convoca\u00e7\u00e3o de Assembleia-Geral de Presidentes.<\/p>\n<p><strong>REALIZA\u00c7\u00d5ES ADMINISTRATIVAS DA GEST\u00c3O 2020\/2022<\/strong><\/p>\n<p>1 &#8211; Estudo, Cria\u00e7\u00e3o e Implanta\u00e7\u00e3o de novas pan\u00f3plias, bon\u00e9s e medalhas comemorativas de representa\u00e7\u00e3o da SOAMAR Brasil;<\/p>\n<p>2 &#8211; Nos Planos Administrativo e Financeiro da SOAMAR Brasil, foi dado in\u00edcio a regularizando toda a situa\u00e7\u00e3o cartorial pendente afim de desbloquear financeiramente a conta da SOAMAR Brasil e com algumas mudan\u00e7as e ajustes, sempre obedecendo ao Estatuto Regente em Vigor desde 2015. A manuten\u00e7\u00e3o do Organograma Funcional como tamb\u00e9m uma mudan\u00e7a na \u00e1rea Cont\u00e1bil da SOAMAR Brasil onde ajustamos o Plano Or\u00e7ament\u00e1rio com a cria\u00e7\u00e3o de parcerias com empresas patrocinadoras visando a dedica\u00e7\u00e3o m\u00e1xima ao estreitamento com todas as Soamares existentes atrav\u00e9s de viagens;<\/p>\n<p>3 &#8211; Como o projeto inicial era o estudo para recupera\u00e7\u00e3o e reimplanta\u00e7\u00e3o das Soamares \u201cesquecidas\u201d, foi proposto que, de acordo com o Estatuto em vigor, houvesse um representante do grupo de Presidentes de Soamares Regionais em cada Distrito Naval, participando da administra\u00e7\u00e3o em conjunto com a SOAMAR Brasil , no que concerne a reuni\u00f5es e audi\u00eancias junto ao CCSM, onde todos poderiam ser ouvidos e, de acordo com a precis\u00e3o e urg\u00eancia de cada, feito um calend\u00e1rio de visitas \u00e0s Soamares e OMs a que estivessem ligadas, por\u00e9m fomos penalizados em a\u00e7\u00f5es pela Pandemia do COVID-19;<\/p>\n<p>4 &#8211; No plano operacional, foi definido o Calend\u00e1rio Oficial de Eventos juntamente com o CCSM e Distritos Navais, onde tivemos as datas de Encontros de Soamares Regionais dos nove Distritos Navais. Tra\u00e7amos todo o planejamento, por\u00e9m, n\u00e3o logramos \u00eaxito devido \u00e0 pandemia inicialmente e depois pelo acirramento de um ano eleitoral que nos deixou sem margem para manobras. Trabalhamos em reuni\u00f5es online e atendemos todas as Soamares que nos solicitaram aux\u00edlio, fosse de cunho jur\u00eddico, administrativo ou fiscal.<\/p>\n<p>Elabora\u00e7\u00e3o de um Calend\u00e1rio de Palestras junto \u00e0s empresas parceiras para divulga\u00e7\u00e3o do Planejamento da Marinha para os eventos e cerim\u00f4nias celebrando os 200 Anos da Independ\u00eancia do Brasil e 200 anos da presen\u00e7a da Esquadra no Brasil. Feitas algumas reuni\u00f5es com os Presidentes de Soamares que representavam os nove Distritos Navais com a presen\u00e7a do Contra-Almirante MEDICI e do Contra-Almirante ANDR\u00c9 MACEDO (CCSM), no intuito de agregar parceria das Soamares ao Projeto da Marinha do Brasil. Participa\u00e7\u00e3o ativa da Soamar Brasil &nbsp;no Projeto de Valoriza\u00e7\u00e3o dos Vultos Navais atrav\u00e9s de reuni\u00f5es com empresas parceiras no sentido de capta\u00e7\u00f5es de patroc\u00ednios;<\/p>\n<p>5 &#8211; Atrav\u00e9s de solicita\u00e7\u00e3o do GCM em 2020, solicitamos a participa\u00e7\u00e3o da SOAMAR Brasil e Soamares Regionais e de acordo com o interesse da Marinha do Brasil, solicitamos com muitos \u00eaxitos atrav\u00e9s dos Presidentes e Soamarinos de cada regi\u00e3o do Brasil, as Emendas Parlamentares do Or\u00e7amento aos Pol\u00edticos nas bases eleitorais com apoio a projetos ligados a Marinha do Brasil;<\/p>\n<p>6 &#8211; Na \u00e1rea de Divulga\u00e7\u00e3o, apoiamos e incentivamos atrav\u00e9s de retwites, as not\u00edcias de todas as Soamares que postaram em suas redes sociais, not\u00edcias e participa\u00e7\u00f5es em eventos, reuni\u00f5es e trabalhos em prol de nossa Marinha e a Sociedade brasileira;<\/p>\n<p>7 &#8211; Ficou mantida a pol\u00edtica de um maior relacionamento com a Marinha atrav\u00e9s do Diretor do Centro de Comunica\u00e7\u00e3o da Marinha onde passamos a receber Convites para diversos eventos no Brasil;<\/p>\n<p>8 &#8211; Foi proposto a Cria\u00e7\u00e3o junto ao CCSM de um Cadastro Nacional de Soamarinos visando a reimplanta\u00e7\u00e3o da Carteira do Soamarino, com modelo e validade nacional (escolhida o modelo da SOAMAR Pernambuco com QR CODE) para que os Soamarinos participem como benefici\u00e1rios dos projetos e parcerias de vultos sociais e culturais em que as SOAMAR Brasil e Soamares Regionais venham a executar;<\/p>\n<p>9 &#8211; Como parte do estreitamento entre a SOAMAR Brasil e SOAMAR Regionais e SOAMAR Brasil em Portugal, solicitamos a remessa \u00e0 SOAMAR BRASIL dos Registros, Atas da Diretoria Executiva e de Conselho Deliberativo, e para divulga\u00e7\u00e3o posterior as SOAMAR do Brasil; 10- Iniciamos a busca de Conv\u00eanios que tragam benef\u00edcios \u00e0 Marinha do Brasil e \u00e0s Soamares do Brasil, desde que as mesmas estejam em dia com suas obriga\u00e7\u00f5es;<\/p>\n<p>10 &#8211; Foi decidido em reuni\u00e3o da Diretoria Executiva da SOAMAR Brasil em MAI2017 e ratificada na Reuni\u00e3o Funcional da Diretoria Executiva, em ABR2022, a inclus\u00e3o permanente de datas em que o apoio Institucional e Divulga\u00e7\u00e3o atrav\u00e9s das Soamares Regionais \u00e0s programa\u00e7\u00f5es de eventos sociais tradicionais foram oficialmente ratificadas, como 11JUN, 06NOV (Dia do Amigo da Marinha) e 13DEZ, al\u00e9m do apoio a outros eventos que possamos ser parceiros junto a MB;<\/p>\n<p>11 &#8211; De \u00e2mbito social junto \u00e0s Regionais, foi solicitado aos Presidentes a observ\u00e2ncia nos Trabalhos Sociais e Culturais em que as Soamares podem participar singulares ou em conjunto com a Marinha do Brasil atrav\u00e9s das OMs das regi\u00f5es;<\/p>\n<p>12 &#8211; No mesmo seguimento Social, iniciamos contatos com redes nacionais de Conv\u00eanios de descontos no intuito de que sejam estabelecidas parcerias entre a SOAMAR\/ CLUBES NAVAIS, IATES CLUBES, REDES DE CINEMAS, POUPEX E REDES DE FARMACIAS para uso de Soamarinos atrav\u00e9s de cadastro nacional ativo junto a SOAMAR Brasil;<\/p>\n<p>13 &#8211; Trabalhamos na consultoria em rela\u00e7\u00e3o a atualiza\u00e7\u00e3o dos Estatutos de 07 Soamares (SOAMAR Campinas \u2013 SP, SOAMAR Curitiba \u2013 PR, SOAMAR Alagoas \u2013 AL, SOAMAR Macap\u00e1 \u2013 AP, SOAMAR Santa Catarina \u2013 SC, SOAMAR Vit\u00f3ria \u2013 ES e SOAMAR Lagos \u2013 RJ). Em observ\u00e2ncia que mudamos o foco para 2022 onde o foco Administrativo na gest\u00e3o foi o de RECUPERA\u00c7\u00c3O Administrativas e Financeiras (fizemos v\u00e1rias propostas para readequa\u00e7\u00e3o financeira, havendo recupera\u00e7\u00e3o de v\u00e1rias Soamares que nos procuraram para fazerem acordos) das SOAMARES Regionais para que venham a ter direitos reestabelicidos, documenta\u00e7\u00e3o e Estatutos readequados \u00e0 legisla\u00e7\u00e3o brasileira em vigor (CPC); e<\/p>\n<p>14 &#8211; Seguindo as Soamares que j\u00e1 possuem em seus Munic\u00edpios e Estados, iniciamos um Estudo afim de tornarmos a SOAMAR Brasil uma institui\u00e7\u00e3o de Utilidade P\u00fablica Federal.<\/p>\n<h4><span style=\"color: #993300;\"><strong>B\u00d4NUS ESPECIAL DO ANO DE 2023<\/strong><\/span><\/h4>\n<p><strong>MAIO DE 2023<\/strong><\/p>\n<p><img loading=\"lazy\" decoding=\"async\" class=\"alignleft wp-image-6534 size-full\" src=\"https:\/\/portosma.com.br\/wp-content\/uploads\/2023\/05\/ORSON-1.jpg\" sizes=\"(max-width: 360px) 100vw, 360px\" srcset=\"https:\/\/portosma.com.br\/wp-content\/uploads\/2023\/05\/ORSON-1.jpg 360w, https:\/\/portosma.com.br\/wp-content\/uploads\/2023\/05\/ORSON-1-300x204.jpg 300w\" alt=\"\" width=\"360\" height=\"245\">***&nbsp;<strong>VISITA SOAMAR BRASIL<\/strong>&nbsp;\u2013 O Comandante do Centro de Opera\u00e7\u00f5es Mar\u00edtimas CMG Jo\u00e3o Batista Barbosa, recebeu o Presidente da Soamar Brasil, Orson Ant\u00f4nio Fe\u0301res Moraes Re\u0302go, e, na oportunidade, al\u00e9m das boas vindas,&nbsp; em nome do Comandante do COMPAAz, Contra-Almirante Pedro Augusto Bittencourt Heine Filho, fez uma apresenta\u00e7\u00e3o institucional. Nela, foi mostrado as principais atividades desenvolvidas pelo Centro em prol da seguran\u00e7a mar\u00edtima, seus sistemas de monitoramento e a as atua\u00e7\u00f5es integradas das ag\u00eancias governamentais \u2013 nacionais e internacionais \u2013 no combate \u00e0s novas amea\u00e7as ao tr\u00e1fego mar\u00edtimo.<\/p>\n<p><em>O presente Relat\u00f3rio \u00e9 assinado por Orson Ant\u00f4nio Feres de Moras R\u00eago, presidente da Soamar Brasil que, aproveitando a oportunidade, agradeceu a todos os demais presidentes que apoiaram \u2013 e apoiam \u2013 a sus gest\u00e3o.<\/em><\/p>\n<p><strong>&nbsp;\u201cSOMENTE UNIDOS SEREMOS FORTES\u201d<\/strong><\/p>\n<h2><strong><span style=\"color: #993300;\">Soamar Brasil tem um novo Presidente<\/span><\/strong><\/h2>\n<p><span style=\"color: #000000;\"><strong>10\/11\/2020<\/strong> <\/span>&#8211; No dia 6 de novembro, data em que se comemora o \u201cAmigo da Marinha\u201d, foi realizada a cerim\u00f4nia da posse do novo Presidente da Sociedade Amigos da Marinha (Soamar-Brasil). O Comandante da Marinha, Almirante de Esquadra Ilques Barbosa Junior, presidiu a solenidade e declarou empossado como Presidente da institui\u00e7\u00e3o Orson Ant\u00f4nio F\u00e9res Moraes R\u00eago, que j\u00e1 ocupou o cargo durante o bi\u00eanio de 2016-2018.<\/p>\n<figure id=\"attachment_8241\" aria-describedby=\"caption-attachment-8241\" style=\"width: 500px\" class=\"wp-caption alignleft\"><img loading=\"lazy\" decoding=\"async\" class=\"wp-image-8241 size-full\" src=\"https:\/\/portosma.com.br\/wp-content\/uploads\/2023\/07\/ORSON-10.jpg\" alt=\"\" width=\"500\" height=\"375\" srcset=\"https:\/\/portosma.com.br\/wp-content\/uploads\/2023\/07\/ORSON-10.jpg 500w, https:\/\/portosma.com.br\/wp-content\/uploads\/2023\/07\/ORSON-10-300x225.jpg 300w\" sizes=\"(max-width: 500px) 100vw, 500px\" \/><figcaption id=\"caption-attachment-8241\" class=\"wp-caption-text\"><strong><span style=\"color: #993300;\"><em>O novo Presidente da Soamar, Orson com o Comandante da Marinha, Almirante de Esquadra Ilques, e o antigo Presidente da Soamar Brasil Krieger.<\/em><\/span><\/strong><\/figcaption><\/figure>\n<p>O Comandante da Marinha, em seu discurso, destacou que as atividades desenvolvidas pelos Soamarinos, ao longo destes 41 anos, permitem que a Marinha alcance uma visibilidade que possivelmente n\u00e3o teria sem ajuda e empenho deles. \u201cEm diversas atividades, no \u00faltimo bi\u00eanio, contamos com a presen\u00e7a dos Soamarinos, como no enfrentamento \u00e0 contamina\u00e7\u00e3o por \u00f3leo em nossas praias, em decorr\u00eancia do crime ambiental ocorrido em 2019, assim como, nas medidas de combate \u00e0 pandemia ocasionada pelo coronav\u00edrus em 2020\u201d. Ele agradeceu ao antigo Presidente C\u00e9sar Amorim Krieger pela condu\u00e7\u00e3o da Soamar nesses dois anos e desejou boas-vindas ao atual presidente.<\/p>\n<p>O novo Presidente da Soamar-Brasil, Orson, enfatizou os projetos realizados durante sua gest\u00e3o anterior. \u201cNo nosso primeiro mandato, destaco que procuramos desenvolver projetos junto aos membros da Sociedade em todo Brasil. Todos esses projetos e atividades de que participamos junto \u00e0 Marinha e \u00e0s Sociedades em cada sede por onde passamos serviram de alicerce \u00e0 plataforma de gest\u00e3o de diversas Unidades por n\u00f3s visitadas, implantadas e reativadas.\u201d<\/p>\n<p>Ap\u00f3s a cerim\u00f4nia, que cumpriu todas as medidas de preven\u00e7\u00e3o e enfrentamento \u00e0 Covid-19, foi realizada a primeira reuni\u00e3o, por meio online, da 23\u00aa Conven\u00e7\u00e3o Nacional dos Presidentes da Soamar.<\/p>\n<p><span style=\"color: #808080;\"><em><strong>Data da Not\u00edcia: 10 de novembro de 2020<\/strong><\/em><\/span><br \/>\n<span style=\"color: #808080;\"><em><strong>Fonte: Site da Marinha do Brasil<\/strong><\/em><\/span><\/p>\n<\/div>\n<\/div>\n<\/div>\n","protected":false},"excerpt":{"rendered":"<p>Jorge Eduardo Pessoa Arag\u00e3o \u00e9 o novo presidente da Soamar Brasil O Soamarino da Soamar Recife, Jorge Eduardo Pessoa de Arag\u00e3o, recebeu a &#8220;Cana do Leme&#8221; das m\u00e3os de Orson Ant\u00f4nio Feres Moraes R\u00eago. A Sociedade Amigos do Brasil realizou no \u00faltimo dia 15\/11, no Audit\u00f3rio da Escola de Marinheiros do Estado de Pernambuco, a [&hellip;]<\/p>\n","protected":false},"author":1,"featured_media":0,"parent":0,"menu_order":0,"comment_status":"closed","ping_status":"closed","template":"","meta":{"_editorskit_title_hidden":false,"_editorskit_reading_time":0,"_editorskit_is_block_options_detached":false,"_editorskit_block_options_position":"{}","ngg_post_thumbnail":0,"footnotes":""},"class_list":["post-8201","page","type-page","status-publish","hentry"],"yoast_head":"<!-- This site is optimized with the Yoast SEO plugin v22.5 - https:\/\/yoast.com\/wordpress\/plugins\/seo\/ -->\n<title>P\u00e1gina especial da Soamar Brasil - Portosma<\/title>\n<meta name=\"robots\" content=\"index, follow, max-snippet:-1, max-image-preview:large, max-video-preview:-1\" \/>\n<link rel=\"canonical\" href=\"https:\/\/portosma.com.br\/index.php\/pagina-especial-da-soamar-brasil\/\" \/>\n<meta property=\"og:locale\" content=\"pt_BR\" \/>\n<meta property=\"og:type\" content=\"article\" \/>\n<meta property=\"og:title\" content=\"P\u00e1gina especial da Soamar Brasil - Portosma\" \/>\n<meta property=\"og:description\" content=\"Jorge Eduardo Pessoa Arag\u00e3o \u00e9 o novo presidente da Soamar Brasil O Soamarino da Soamar Recife, Jorge Eduardo Pessoa de Arag\u00e3o, recebeu a &#8220;Cana do Leme&#8221; das m\u00e3os de Orson Ant\u00f4nio Feres Moraes R\u00eago. A Sociedade Amigos do Brasil realizou no \u00faltimo dia 15\/11, no Audit\u00f3rio da Escola de Marinheiros do Estado de Pernambuco, a [&hellip;]\" \/>\n<meta property=\"og:url\" content=\"https:\/\/portosma.com.br\/index.php\/pagina-especial-da-soamar-brasil\/\" \/>\n<meta property=\"og:site_name\" content=\"Portosma\" \/>\n<meta property=\"article:modified_time\" content=\"2024-12-01T14:10:51+00:00\" \/>\n<meta property=\"og:image\" content=\"https:\/\/portosma.com.br\/wp-content\/uploads\/2024\/12\/ANUARIO-SB-2024.jpg\" \/>\n<meta name=\"twitter:card\" content=\"summary_large_image\" \/>\n<meta name=\"twitter:label1\" content=\"Est. tempo de leitura\" \/>\n\t<meta name=\"twitter:data1\" content=\"114 minutos\" \/>\n<script type=\"application\/ld+json\" class=\"yoast-schema-graph\">{\"@context\":\"https:\/\/schema.org\",\"@graph\":[{\"@type\":\"WebPage\",\"@id\":\"https:\/\/portosma.com.br\/index.php\/pagina-especial-da-soamar-brasil\/\",\"url\":\"https:\/\/portosma.com.br\/index.php\/pagina-especial-da-soamar-brasil\/\",\"name\":\"P\u00e1gina especial da Soamar Brasil - Portosma\",\"isPartOf\":{\"@id\":\"https:\/\/portosma.com.br\/#website\"},\"primaryImageOfPage\":{\"@id\":\"https:\/\/portosma.com.br\/index.php\/pagina-especial-da-soamar-brasil\/#primaryimage\"},\"image\":{\"@id\":\"https:\/\/portosma.com.br\/index.php\/pagina-especial-da-soamar-brasil\/#primaryimage\"},\"thumbnailUrl\":\"https:\/\/portosma.com.br\/wp-content\/uploads\/2024\/12\/ANUARIO-SB-2024.jpg\",\"datePublished\":\"2023-07-30T00:03:36+00:00\",\"dateModified\":\"2024-12-01T14:10:51+00:00\",\"breadcrumb\":{\"@id\":\"https:\/\/portosma.com.br\/index.php\/pagina-especial-da-soamar-brasil\/#breadcrumb\"},\"inLanguage\":\"pt-BR\",\"potentialAction\":[{\"@type\":\"ReadAction\",\"target\":[\"https:\/\/portosma.com.br\/index.php\/pagina-especial-da-soamar-brasil\/\"]}]},{\"@type\":\"ImageObject\",\"inLanguage\":\"pt-BR\",\"@id\":\"https:\/\/portosma.com.br\/index.php\/pagina-especial-da-soamar-brasil\/#primaryimage\",\"url\":\"https:\/\/portosma.com.br\/wp-content\/uploads\/2024\/12\/ANUARIO-SB-2024.jpg\",\"contentUrl\":\"https:\/\/portosma.com.br\/wp-content\/uploads\/2024\/12\/ANUARIO-SB-2024.jpg\",\"width\":900,\"height\":319},{\"@type\":\"BreadcrumbList\",\"@id\":\"https:\/\/portosma.com.br\/index.php\/pagina-especial-da-soamar-brasil\/#breadcrumb\",\"itemListElement\":[{\"@type\":\"ListItem\",\"position\":1,\"name\":\"In\u00edcio\",\"item\":\"https:\/\/portosma.com.br\/\"},{\"@type\":\"ListItem\",\"position\":2,\"name\":\"P\u00e1gina especial da Soamar Brasil\"}]},{\"@type\":\"WebSite\",\"@id\":\"https:\/\/portosma.com.br\/#website\",\"url\":\"https:\/\/portosma.com.br\/\",\"name\":\"Portosma\",\"description\":\"Um site de not\u00edcias\",\"publisher\":{\"@id\":\"https:\/\/portosma.com.br\/#organization\"},\"potentialAction\":[{\"@type\":\"SearchAction\",\"target\":{\"@type\":\"EntryPoint\",\"urlTemplate\":\"https:\/\/portosma.com.br\/?s={search_term_string}\"},\"query-input\":\"required name=search_term_string\"}],\"inLanguage\":\"pt-BR\"},{\"@type\":\"Organization\",\"@id\":\"https:\/\/portosma.com.br\/#organization\",\"name\":\"Portosma\",\"alternateName\":\"Portosma\",\"url\":\"https:\/\/portosma.com.br\/\",\"logo\":{\"@type\":\"ImageObject\",\"inLanguage\":\"pt-BR\",\"@id\":\"https:\/\/portosma.com.br\/#\/schema\/logo\/image\/\",\"url\":\"https:\/\/portosma.com.br\/wp-content\/uploads\/2026\/03\/cropped-AD-PORTOSMA.jpg\",\"contentUrl\":\"https:\/\/portosma.com.br\/wp-content\/uploads\/2026\/03\/cropped-AD-PORTOSMA.jpg\",\"width\":400,\"height\":115,\"caption\":\"Portosma\"},\"image\":{\"@id\":\"https:\/\/portosma.com.br\/#\/schema\/logo\/image\/\"}}]}<\/script>\n<!-- \/ Yoast SEO plugin. -->","yoast_head_json":{"title":"P\u00e1gina especial da Soamar Brasil - Portosma","robots":{"index":"index","follow":"follow","max-snippet":"max-snippet:-1","max-image-preview":"max-image-preview:large","max-video-preview":"max-video-preview:-1"},"canonical":"https:\/\/portosma.com.br\/index.php\/pagina-especial-da-soamar-brasil\/","og_locale":"pt_BR","og_type":"article","og_title":"P\u00e1gina especial da Soamar Brasil - Portosma","og_description":"Jorge Eduardo Pessoa Arag\u00e3o \u00e9 o novo presidente da Soamar Brasil O Soamarino da Soamar Recife, Jorge Eduardo Pessoa de Arag\u00e3o, recebeu a &#8220;Cana do Leme&#8221; das m\u00e3os de Orson Ant\u00f4nio Feres Moraes R\u00eago. A Sociedade Amigos do Brasil realizou no \u00faltimo dia 15\/11, no Audit\u00f3rio da Escola de Marinheiros do Estado de Pernambuco, a [&hellip;]","og_url":"https:\/\/portosma.com.br\/index.php\/pagina-especial-da-soamar-brasil\/","og_site_name":"Portosma","article_modified_time":"2024-12-01T14:10:51+00:00","og_image":[{"url":"https:\/\/portosma.com.br\/wp-content\/uploads\/2024\/12\/ANUARIO-SB-2024.jpg"}],"twitter_card":"summary_large_image","twitter_misc":{"Est. tempo de leitura":"114 minutos"},"schema":{"@context":"https:\/\/schema.org","@graph":[{"@type":"WebPage","@id":"https:\/\/portosma.com.br\/index.php\/pagina-especial-da-soamar-brasil\/","url":"https:\/\/portosma.com.br\/index.php\/pagina-especial-da-soamar-brasil\/","name":"P\u00e1gina especial da Soamar Brasil - Portosma","isPartOf":{"@id":"https:\/\/portosma.com.br\/#website"},"primaryImageOfPage":{"@id":"https:\/\/portosma.com.br\/index.php\/pagina-especial-da-soamar-brasil\/#primaryimage"},"image":{"@id":"https:\/\/portosma.com.br\/index.php\/pagina-especial-da-soamar-brasil\/#primaryimage"},"thumbnailUrl":"https:\/\/portosma.com.br\/wp-content\/uploads\/2024\/12\/ANUARIO-SB-2024.jpg","datePublished":"2023-07-30T00:03:36+00:00","dateModified":"2024-12-01T14:10:51+00:00","breadcrumb":{"@id":"https:\/\/portosma.com.br\/index.php\/pagina-especial-da-soamar-brasil\/#breadcrumb"},"inLanguage":"pt-BR","potentialAction":[{"@type":"ReadAction","target":["https:\/\/portosma.com.br\/index.php\/pagina-especial-da-soamar-brasil\/"]}]},{"@type":"ImageObject","inLanguage":"pt-BR","@id":"https:\/\/portosma.com.br\/index.php\/pagina-especial-da-soamar-brasil\/#primaryimage","url":"https:\/\/portosma.com.br\/wp-content\/uploads\/2024\/12\/ANUARIO-SB-2024.jpg","contentUrl":"https:\/\/portosma.com.br\/wp-content\/uploads\/2024\/12\/ANUARIO-SB-2024.jpg","width":900,"height":319},{"@type":"BreadcrumbList","@id":"https:\/\/portosma.com.br\/index.php\/pagina-especial-da-soamar-brasil\/#breadcrumb","itemListElement":[{"@type":"ListItem","position":1,"name":"In\u00edcio","item":"https:\/\/portosma.com.br\/"},{"@type":"ListItem","position":2,"name":"P\u00e1gina especial da Soamar Brasil"}]},{"@type":"WebSite","@id":"https:\/\/portosma.com.br\/#website","url":"https:\/\/portosma.com.br\/","name":"Portosma","description":"Um site de not\u00edcias","publisher":{"@id":"https:\/\/portosma.com.br\/#organization"},"potentialAction":[{"@type":"SearchAction","target":{"@type":"EntryPoint","urlTemplate":"https:\/\/portosma.com.br\/?s={search_term_string}"},"query-input":"required name=search_term_string"}],"inLanguage":"pt-BR"},{"@type":"Organization","@id":"https:\/\/portosma.com.br\/#organization","name":"Portosma","alternateName":"Portosma","url":"https:\/\/portosma.com.br\/","logo":{"@type":"ImageObject","inLanguage":"pt-BR","@id":"https:\/\/portosma.com.br\/#\/schema\/logo\/image\/","url":"https:\/\/portosma.com.br\/wp-content\/uploads\/2026\/03\/cropped-AD-PORTOSMA.jpg","contentUrl":"https:\/\/portosma.com.br\/wp-content\/uploads\/2026\/03\/cropped-AD-PORTOSMA.jpg","width":400,"height":115,"caption":"Portosma"},"image":{"@id":"https:\/\/portosma.com.br\/#\/schema\/logo\/image\/"}}]}},"_links":{"self":[{"href":"https:\/\/portosma.com.br\/index.php\/wp-json\/wp\/v2\/pages\/8201","targetHints":{"allow":["GET"]}}],"collection":[{"href":"https:\/\/portosma.com.br\/index.php\/wp-json\/wp\/v2\/pages"}],"about":[{"href":"https:\/\/portosma.com.br\/index.php\/wp-json\/wp\/v2\/types\/page"}],"author":[{"embeddable":true,"href":"https:\/\/portosma.com.br\/index.php\/wp-json\/wp\/v2\/users\/1"}],"replies":[{"embeddable":true,"href":"https:\/\/portosma.com.br\/index.php\/wp-json\/wp\/v2\/comments?post=8201"}],"version-history":[{"count":75,"href":"https:\/\/portosma.com.br\/index.php\/wp-json\/wp\/v2\/pages\/8201\/revisions"}],"predecessor-version":[{"id":19137,"href":"https:\/\/portosma.com.br\/index.php\/wp-json\/wp\/v2\/pages\/8201\/revisions\/19137"}],"wp:attachment":[{"href":"https:\/\/portosma.com.br\/index.php\/wp-json\/wp\/v2\/media?parent=8201"}],"curies":[{"name":"wp","href":"https:\/\/api.w.org\/{rel}","templated":true}]}}