{"id":3644,"date":"2023-02-01T18:46:31","date_gmt":"2023-02-01T18:46:31","guid":{"rendered":"https:\/\/portosma.com.br\/?page_id=3644"},"modified":"2023-02-23T12:34:47","modified_gmt":"2023-02-23T12:34:47","slug":"arquivos-cronologicos-portosma-banco-de-imagens","status":"publish","type":"page","link":"https:\/\/portosma.com.br\/index.php\/arquivos-cronologicos-portosma-banco-de-imagens\/","title":{"rendered":"Arquivo e cronologia portosma"},"content":{"rendered":"<p><img fetchpriority=\"high\" decoding=\"async\" class=\"alignnone wp-image-4922 size-full\" src=\"https:\/\/portosma.com.br\/wp-content\/uploads\/2023\/02\/ARQUIVO-56.jpg\" alt=\"\" width=\"900\" height=\"195\" srcset=\"https:\/\/portosma.com.br\/wp-content\/uploads\/2023\/02\/ARQUIVO-56.jpg 900w, https:\/\/portosma.com.br\/wp-content\/uploads\/2023\/02\/ARQUIVO-56-300x65.jpg 300w, https:\/\/portosma.com.br\/wp-content\/uploads\/2023\/02\/ARQUIVO-56-768x166.jpg 768w\" sizes=\"(max-width: 900px) 100vw, 900px\" \/><br \/>\n<span style=\"color: #993300;\"><strong>23.06.2021<\/strong><\/span> &#8211; Numa cerim\u00f4nia c\u00edvico-militar O ent\u00e3o presidente da Soamar, Jorge Afonso Guagliani Pereira passou a &#8220;cana do leme&#8221; ao novo presidente eleito Orson Ant\u00f4nio Feres de Moraes Rego.<\/p>\n<p><img decoding=\"async\" class=\"alignnone wp-image-3743 size-full\" src=\"https:\/\/portosma.com.br\/wp-content\/uploads\/2023\/02\/ARQUIVO-50.jpg\" alt=\"\" width=\"900\" height=\"227\" srcset=\"https:\/\/portosma.com.br\/wp-content\/uploads\/2023\/02\/ARQUIVO-50.jpg 900w, https:\/\/portosma.com.br\/wp-content\/uploads\/2023\/02\/ARQUIVO-50-300x76.jpg 300w, https:\/\/portosma.com.br\/wp-content\/uploads\/2023\/02\/ARQUIVO-50-768x194.jpg 768w\" sizes=\"(max-width: 900px) 100vw, 900px\" \/><span style=\"color: #993300;\"><strong>30.03.2018<\/strong><\/span> &#8211; Cerim\u00f4nia de inaugura\u00e7\u00e3o do Ber\u00e7o 108 do Porto do Itaqui. Placa descerrada pelo Presidente da Antaq Francisval Mendes, pelo Governador do Maranh\u00e3o Fl\u00e1vio Dino e ainda pelo diretor presidente da Emap, Ted Lago.&nbsp;<\/p>\n<p><strong><span style=\"color: #993300;\"><img decoding=\"async\" class=\"alignnone wp-image-3742 size-full\" src=\"https:\/\/portosma.com.br\/wp-content\/uploads\/2023\/02\/ARQUIVO-49.jpg\" alt=\"\" width=\"900\" height=\"177\" srcset=\"https:\/\/portosma.com.br\/wp-content\/uploads\/2023\/02\/ARQUIVO-49.jpg 900w, https:\/\/portosma.com.br\/wp-content\/uploads\/2023\/02\/ARQUIVO-49-300x59.jpg 300w, https:\/\/portosma.com.br\/wp-content\/uploads\/2023\/02\/ARQUIVO-49-768x151.jpg 768w\" sizes=\"(max-width: 900px) 100vw, 900px\" \/>19\/20.04.2013<\/span> <\/strong>&#8211; As fotos mostram momentos do Curso ministrado pelo professor Maur\u00edcio Onias, da Fenamar, em parceria com o Syngamar. Tema: Porto Sem Papel, ou PSP.<\/p>\n<p><span style=\"color: #993300;\"><strong><img loading=\"lazy\" decoding=\"async\" class=\"alignnone wp-image-3740 size-full\" src=\"https:\/\/portosma.com.br\/wp-content\/uploads\/2023\/02\/ARQUIVO-47.jpg\" alt=\"\" width=\"900\" height=\"176\" srcset=\"https:\/\/portosma.com.br\/wp-content\/uploads\/2023\/02\/ARQUIVO-47.jpg 900w, https:\/\/portosma.com.br\/wp-content\/uploads\/2023\/02\/ARQUIVO-47-300x59.jpg 300w, https:\/\/portosma.com.br\/wp-content\/uploads\/2023\/02\/ARQUIVO-47-768x150.jpg 768w\" sizes=\"(max-width: 900px) 100vw, 900px\" \/>15.06.2012<\/strong><\/span> &#8211; Festa de encerramento da XIV Semana de Preven\u00e7\u00e3o de Acidentes da Granel Qu\u00edmica &#8211; Granel Ofdjell Qu\u00edmica, que teve como tema este ano Educa\u00e7\u00e3o Ambiental.<\/p>\n<p><strong><span style=\"color: #993300;\"><img loading=\"lazy\" decoding=\"async\" class=\"alignnone wp-image-3739 size-full\" src=\"https:\/\/portosma.com.br\/wp-content\/uploads\/2023\/02\/ARQUIVO-46.jpg\" alt=\"\" width=\"900\" height=\"196\" srcset=\"https:\/\/portosma.com.br\/wp-content\/uploads\/2023\/02\/ARQUIVO-46.jpg 900w, https:\/\/portosma.com.br\/wp-content\/uploads\/2023\/02\/ARQUIVO-46-300x65.jpg 300w, https:\/\/portosma.com.br\/wp-content\/uploads\/2023\/02\/ARQUIVO-46-768x167.jpg 768w\" sizes=\"(max-width: 900px) 100vw, 900px\" \/>25.05.2011<\/span> <\/strong>&#8211; O navio Vale Brasil, maior mineraleiro do mundo, atraca na Ponta da Madeira e muda a hist\u00f3ria dos grandes carregamentos de min\u00e9rio de ferro.<\/p>\n<p><strong><span style=\"color: #993300;\"><img loading=\"lazy\" decoding=\"async\" class=\"alignnone wp-image-3741 size-full\" src=\"https:\/\/portosma.com.br\/wp-content\/uploads\/2023\/02\/ARQUIVO-48.jpg\" alt=\"\" width=\"900\" height=\"168\" srcset=\"https:\/\/portosma.com.br\/wp-content\/uploads\/2023\/02\/ARQUIVO-48.jpg 900w, https:\/\/portosma.com.br\/wp-content\/uploads\/2023\/02\/ARQUIVO-48-300x56.jpg 300w, https:\/\/portosma.com.br\/wp-content\/uploads\/2023\/02\/ARQUIVO-48-768x143.jpg 768w\" sizes=\"(max-width: 900px) 100vw, 900px\" \/>27.12.2010<\/span><\/strong> &#8211; Uma bonita festa de confraterniza\u00e7\u00e3o de Natal marcou os festejos de final de ano do Syngamar. Desta vez, em parceria com o Hotel Brisa Mar.<\/p>\n<p><span style=\"color: #993300;\"><strong><img loading=\"lazy\" decoding=\"async\" class=\"alignnone wp-image-3738 size-full\" src=\"https:\/\/portosma.com.br\/wp-content\/uploads\/2023\/02\/ARQUIVO-45.jpg\" alt=\"\" width=\"900\" height=\"202\" srcset=\"https:\/\/portosma.com.br\/wp-content\/uploads\/2023\/02\/ARQUIVO-45.jpg 900w, https:\/\/portosma.com.br\/wp-content\/uploads\/2023\/02\/ARQUIVO-45-300x67.jpg 300w, https:\/\/portosma.com.br\/wp-content\/uploads\/2023\/02\/ARQUIVO-45-768x172.jpg 768w\" sizes=\"(max-width: 900px) 100vw, 900px\" \/>13.12.2010 <\/strong><\/span>&#8211; O Capit\u00e3o dos Portos do Maranh\u00e3o, CMG Calmon Bahia realizou uma festa c\u00edvico militar, na Pra\u00e7a Maria Arag\u00e3o, para comemorar o Dia do Marinheiro.<\/p>\n<p><strong><span style=\"color: #993300;\"><img loading=\"lazy\" decoding=\"async\" class=\"alignnone wp-image-3737 size-full\" src=\"https:\/\/portosma.com.br\/wp-content\/uploads\/2023\/02\/ARQUIVO-44.jpg\" alt=\"\" width=\"900\" height=\"166\" srcset=\"https:\/\/portosma.com.br\/wp-content\/uploads\/2023\/02\/ARQUIVO-44.jpg 900w, https:\/\/portosma.com.br\/wp-content\/uploads\/2023\/02\/ARQUIVO-44-300x55.jpg 300w, https:\/\/portosma.com.br\/wp-content\/uploads\/2023\/02\/ARQUIVO-44-768x142.jpg 768w\" sizes=\"(max-width: 900px) 100vw, 900px\" \/>05.11.2010<\/span><\/strong> &#8211; A cerim\u00f4nia de entrega de Medalhas e Diplomas de Amigos da Marinha \u00e9 uma das mais importantes do calend\u00e1rio da CMPMA\/Soamar.<\/p>\n<p><strong><span style=\"color: #993300;\"><img loading=\"lazy\" decoding=\"async\" class=\"alignnone wp-image-3736 size-full\" src=\"https:\/\/portosma.com.br\/wp-content\/uploads\/2023\/02\/ARQUIVO-43.jpg\" alt=\"\" width=\"900\" height=\"218\" srcset=\"https:\/\/portosma.com.br\/wp-content\/uploads\/2023\/02\/ARQUIVO-43.jpg 900w, https:\/\/portosma.com.br\/wp-content\/uploads\/2023\/02\/ARQUIVO-43-300x73.jpg 300w, https:\/\/portosma.com.br\/wp-content\/uploads\/2023\/02\/ARQUIVO-43-768x186.jpg 768w\" sizes=\"(max-width: 900px) 100vw, 900px\" \/>24.09.2010<\/span> <\/strong>&#8211; Uma mulher fez hist\u00f3ria ao atracar, como comandante, o navio Carangola no porto do Itaqui. A Muniz Ag\u00eancia comemorou a data de modo especial.<\/p>\n<p><strong><span style=\"color: #993300;\"><img loading=\"lazy\" decoding=\"async\" class=\"alignnone wp-image-3735 size-full\" src=\"https:\/\/portosma.com.br\/wp-content\/uploads\/2023\/02\/ARQUIVO-42.jpg\" alt=\"\" width=\"900\" height=\"150\" srcset=\"https:\/\/portosma.com.br\/wp-content\/uploads\/2023\/02\/ARQUIVO-42.jpg 900w, https:\/\/portosma.com.br\/wp-content\/uploads\/2023\/02\/ARQUIVO-42-300x50.jpg 300w, https:\/\/portosma.com.br\/wp-content\/uploads\/2023\/02\/ARQUIVO-42-768x128.jpg 768w\" sizes=\"(max-width: 900px) 100vw, 900px\" \/>10.12.2009<\/span> <\/strong>&#8211; O presidente Lula e a governadora Roseana Sarney inauguram, em S\u00e3o Lu\u00eds do Maranh\u00e3o, a expans\u00e3o da f\u00e1brica de Alum\u00ednio da Alumar.<\/p>\n<p><span style=\"color: #993300;\"><strong><img loading=\"lazy\" decoding=\"async\" class=\"alignnone wp-image-3734 size-full\" src=\"https:\/\/portosma.com.br\/wp-content\/uploads\/2023\/02\/ARQUIVO-41.jpg\" alt=\"\" width=\"900\" height=\"170\" srcset=\"https:\/\/portosma.com.br\/wp-content\/uploads\/2023\/02\/ARQUIVO-41.jpg 900w, https:\/\/portosma.com.br\/wp-content\/uploads\/2023\/02\/ARQUIVO-41-300x57.jpg 300w, https:\/\/portosma.com.br\/wp-content\/uploads\/2023\/02\/ARQUIVO-41-768x145.jpg 768w\" sizes=\"(max-width: 900px) 100vw, 900px\" \/>30\/09\/2009<\/strong> <\/span>&#8211; Festa de batismo e lan\u00e7amento do rebocador Sossego pela Vale e Cons\u00f3rcio no Terminal da Ponta da Espera, em S\u00e3o Lu\u00eds\/MA.<\/p>\n<p><span style=\"color: #993300;\"><strong><img loading=\"lazy\" decoding=\"async\" class=\"alignnone wp-image-3724 size-full\" src=\"https:\/\/portosma.com.br\/wp-content\/uploads\/2023\/02\/ARQUIVO-40.jpg\" alt=\"\" width=\"900\" height=\"194\" srcset=\"https:\/\/portosma.com.br\/wp-content\/uploads\/2023\/02\/ARQUIVO-40.jpg 900w, https:\/\/portosma.com.br\/wp-content\/uploads\/2023\/02\/ARQUIVO-40-300x65.jpg 300w, https:\/\/portosma.com.br\/wp-content\/uploads\/2023\/02\/ARQUIVO-40-768x166.jpg 768w\" sizes=\"(max-width: 900px) 100vw, 900px\" \/>10.01.2010<\/strong><\/span> &#8211; As fotos registram mais um dia especial na vida de Jorge Afonso, presidente do Syngamar e da Soamar pela passagem do seu anivers\u00e1rio.<\/p>\n<p><span style=\"color: #993300;\"><strong><img loading=\"lazy\" decoding=\"async\" class=\"alignnone wp-image-3723 size-full\" src=\"https:\/\/portosma.com.br\/wp-content\/uploads\/2023\/02\/ARQUIVO-39.jpg\" alt=\"\" width=\"900\" height=\"160\" srcset=\"https:\/\/portosma.com.br\/wp-content\/uploads\/2023\/02\/ARQUIVO-39.jpg 900w, https:\/\/portosma.com.br\/wp-content\/uploads\/2023\/02\/ARQUIVO-39-300x53.jpg 300w, https:\/\/portosma.com.br\/wp-content\/uploads\/2023\/02\/ARQUIVO-39-768x137.jpg 768w\" sizes=\"(max-width: 900px) 100vw, 900px\" \/>12.06.2009<\/strong> <\/span>&#8211; Imagens contam um pouco da X SIPAT realizada pela empresa de tancagem e armazenamento Granel Ofdjell Qu\u00edmica. Um sucesso de participa\u00e7\u00e3o e de conscientiza\u00e7\u00e3o.<\/p>\n<p><span style=\"color: #993300;\"><strong><img loading=\"lazy\" decoding=\"async\" class=\"alignnone wp-image-3722 size-full\" src=\"https:\/\/portosma.com.br\/wp-content\/uploads\/2023\/02\/ARQUIVO-38.jpg\" alt=\"\" width=\"900\" height=\"170\" srcset=\"https:\/\/portosma.com.br\/wp-content\/uploads\/2023\/02\/ARQUIVO-38.jpg 900w, https:\/\/portosma.com.br\/wp-content\/uploads\/2023\/02\/ARQUIVO-38-300x57.jpg 300w, https:\/\/portosma.com.br\/wp-content\/uploads\/2023\/02\/ARQUIVO-38-768x145.jpg 768w\" sizes=\"(max-width: 900px) 100vw, 900px\" \/>02.03.2009<\/strong> <\/span>&#8211; A Ag\u00eancia de Navega\u00e7\u00e3o Muniz, atrav\u00e9s do seu diretor presidente Rocha Muniz, organiza um almo\u00e7o para comemorar a volta do navio Pirai ao porto do Itaqui.<\/p>\n<p><span style=\"color: #993300;\"><strong><img loading=\"lazy\" decoding=\"async\" class=\"alignnone wp-image-3721 size-full\" src=\"https:\/\/portosma.com.br\/wp-content\/uploads\/2023\/02\/ARQUIVO-37.jpg\" alt=\"\" width=\"900\" height=\"165\" srcset=\"https:\/\/portosma.com.br\/wp-content\/uploads\/2023\/02\/ARQUIVO-37.jpg 900w, https:\/\/portosma.com.br\/wp-content\/uploads\/2023\/02\/ARQUIVO-37-300x55.jpg 300w, https:\/\/portosma.com.br\/wp-content\/uploads\/2023\/02\/ARQUIVO-37-768x141.jpg 768w\" sizes=\"(max-width: 900px) 100vw, 900px\" \/>27.02 e 12.12.2008<\/strong> <\/span>&#8211; Solenidade c\u00edvico militar de entrega de Medalhas e &nbsp;Diploma aos novos Amigo da Marinha, na sede social da Soamar do Maranh\u00e3o.<\/p>\n<p><strong><span style=\"color: #993300;\"><img loading=\"lazy\" decoding=\"async\" class=\"alignnone wp-image-3720 size-full\" src=\"https:\/\/portosma.com.br\/wp-content\/uploads\/2023\/02\/ARQUIVO-36.jpg\" alt=\"\" width=\"900\" height=\"173\" srcset=\"https:\/\/portosma.com.br\/wp-content\/uploads\/2023\/02\/ARQUIVO-36.jpg 900w, https:\/\/portosma.com.br\/wp-content\/uploads\/2023\/02\/ARQUIVO-36-300x58.jpg 300w, https:\/\/portosma.com.br\/wp-content\/uploads\/2023\/02\/ARQUIVO-36-768x148.jpg 768w\" sizes=\"(max-width: 900px) 100vw, 900px\" \/>07.11.2007<\/span> <\/strong>&#8211; Imagens da solenidade de lan\u00e7amento do Rebocador Saturno, realizada pelo Cons\u00f3rcio de Rebocadores no terminal de Ponta da Madeira.<\/p>\n<p><span style=\"color: #993300;\"><strong><img loading=\"lazy\" decoding=\"async\" class=\"alignnone wp-image-3719 size-full\" src=\"https:\/\/portosma.com.br\/wp-content\/uploads\/2023\/02\/ARQUIVO-35.jpg\" alt=\"\" width=\"900\" height=\"169\" srcset=\"https:\/\/portosma.com.br\/wp-content\/uploads\/2023\/02\/ARQUIVO-35.jpg 900w, https:\/\/portosma.com.br\/wp-content\/uploads\/2023\/02\/ARQUIVO-35-300x56.jpg 300w, https:\/\/portosma.com.br\/wp-content\/uploads\/2023\/02\/ARQUIVO-35-768x144.jpg 768w\" sizes=\"(max-width: 900px) 100vw, 900px\" \/>11.06.2007<\/strong><\/span> &#8211; Festa de comemora\u00e7\u00e3o da Capitania e da Soamar do Maranh\u00e3o pelos 142 anos da Batalha Naval de Riachuelo e fotos da recondu\u00e7\u00e3o de Jorge Afonso como presidente da Soamar.<\/p>\n<p><strong><span style=\"color: #993300;\"><img loading=\"lazy\" decoding=\"async\" class=\"alignnone wp-image-3718 size-full\" src=\"https:\/\/portosma.com.br\/wp-content\/uploads\/2023\/02\/ARQUIVO-34.jpg\" alt=\"\" width=\"900\" height=\"181\" srcset=\"https:\/\/portosma.com.br\/wp-content\/uploads\/2023\/02\/ARQUIVO-34.jpg 900w, https:\/\/portosma.com.br\/wp-content\/uploads\/2023\/02\/ARQUIVO-34-300x60.jpg 300w, https:\/\/portosma.com.br\/wp-content\/uploads\/2023\/02\/ARQUIVO-34-768x154.jpg 768w\" sizes=\"(max-width: 900px) 100vw, 900px\" \/>29.09.2006<\/span> <\/strong>&#8211; Festa de Confraterniza\u00e7\u00e3o da Servprat realizada no Real Promo\u00e7\u00f5es. O evento faz parte do Calend\u00e1rio de a\u00e7\u00f5es sociais do Syngamar.<\/p>\n<p><span style=\"color: #993300;\"><strong><img loading=\"lazy\" decoding=\"async\" class=\"alignnone wp-image-3717 size-full\" src=\"https:\/\/portosma.com.br\/wp-content\/uploads\/2023\/02\/ARQUIVO-33.jpg\" alt=\"\" width=\"900\" height=\"159\" srcset=\"https:\/\/portosma.com.br\/wp-content\/uploads\/2023\/02\/ARQUIVO-33.jpg 900w, https:\/\/portosma.com.br\/wp-content\/uploads\/2023\/02\/ARQUIVO-33-300x53.jpg 300w, https:\/\/portosma.com.br\/wp-content\/uploads\/2023\/02\/ARQUIVO-33-768x136.jpg 768w\" sizes=\"(max-width: 900px) 100vw, 900px\" \/>04.08.2006<\/strong><\/span> &#8211; Festa de Confraterniza\u00e7\u00e3o do Cons\u00f3rcio de Rebocadores como parte das comemora\u00e7\u00f5es pelos 10 anos da empresa em S\u00e3o Lu\u00eds.<\/p>\n<p><span style=\"color: #993300;\"><strong><img loading=\"lazy\" decoding=\"async\" class=\"alignnone wp-image-3716 size-full\" src=\"https:\/\/portosma.com.br\/wp-content\/uploads\/2023\/02\/ARQUIVO-32.jpg\" alt=\"\" width=\"900\" height=\"172\" srcset=\"https:\/\/portosma.com.br\/wp-content\/uploads\/2023\/02\/ARQUIVO-32.jpg 900w, https:\/\/portosma.com.br\/wp-content\/uploads\/2023\/02\/ARQUIVO-32-300x57.jpg 300w, https:\/\/portosma.com.br\/wp-content\/uploads\/2023\/02\/ARQUIVO-32-768x147.jpg 768w\" sizes=\"(max-width: 900px) 100vw, 900px\" \/>03.08.2006<\/strong><\/span> &#8211; Galeria de imagens da cerim\u00f4nia oficial de inaugura\u00e7\u00e3o da Fase III do Cons\u00f3rcio Alumar, em S\u00e3o Lu\u00eds do Maranh\u00e3o.<\/p>\n<p><span style=\"color: #993300;\"><strong><img loading=\"lazy\" decoding=\"async\" class=\"alignnone wp-image-3715 size-full\" src=\"https:\/\/portosma.com.br\/wp-content\/uploads\/2023\/02\/ARQUIVO-31.jpg\" alt=\"\" width=\"900\" height=\"166\" srcset=\"https:\/\/portosma.com.br\/wp-content\/uploads\/2023\/02\/ARQUIVO-31.jpg 900w, https:\/\/portosma.com.br\/wp-content\/uploads\/2023\/02\/ARQUIVO-31-300x55.jpg 300w, https:\/\/portosma.com.br\/wp-content\/uploads\/2023\/02\/ARQUIVO-31-768x142.jpg 768w\" sizes=\"(max-width: 900px) 100vw, 900px\" \/>17.06.2006<\/strong> <\/span>&#8211; Encontro de Soamares da Regi\u00e3o Norte, em S\u00e3o Luis do Maranh\u00e3o, com a presen\u00e7a do Comandante do IV Distrito Naval.<\/p>\n<p><span style=\"color: #993300;\"><strong><img loading=\"lazy\" decoding=\"async\" class=\"alignnone wp-image-3690 size-full\" src=\"https:\/\/portosma.com.br\/wp-content\/uploads\/2023\/02\/ARQUIVO-30.jpg\" alt=\"\" width=\"900\" height=\"185\" srcset=\"https:\/\/portosma.com.br\/wp-content\/uploads\/2023\/02\/ARQUIVO-30.jpg 900w, https:\/\/portosma.com.br\/wp-content\/uploads\/2023\/02\/ARQUIVO-30-300x62.jpg 300w, https:\/\/portosma.com.br\/wp-content\/uploads\/2023\/02\/ARQUIVO-30-768x158.jpg 768w\" sizes=\"(max-width: 900px) 100vw, 900px\" \/>21.12.2005<\/strong> <\/span>&#8211; Confraterniza\u00e7\u00e3o natalina do Syngamar, fechando 2005 com fraternidade e paz no setor portu\u00e1rio do Maranh\u00e3o.<\/p>\n<p><span style=\"color: #993300;\"><strong><img loading=\"lazy\" decoding=\"async\" class=\"alignnone wp-image-3689 size-full\" src=\"https:\/\/portosma.com.br\/wp-content\/uploads\/2023\/02\/ARQUIVO-29.jpg\" alt=\"\" width=\"900\" height=\"171\" srcset=\"https:\/\/portosma.com.br\/wp-content\/uploads\/2023\/02\/ARQUIVO-29.jpg 900w, https:\/\/portosma.com.br\/wp-content\/uploads\/2023\/02\/ARQUIVO-29-300x57.jpg 300w, https:\/\/portosma.com.br\/wp-content\/uploads\/2023\/02\/ARQUIVO-29-768x146.jpg 768w\" sizes=\"(max-width: 900px) 100vw, 900px\" \/>27.11.2005<\/strong><\/span> &#8211; Festa de Confraterniza\u00e7\u00e3o do Grupo Petrobras como parte do calend\u00e1rio de eventos do Syngamar.<\/p>\n<p><span style=\"color: #993300;\"><strong><img loading=\"lazy\" decoding=\"async\" class=\"alignnone wp-image-3688 size-full\" src=\"https:\/\/portosma.com.br\/wp-content\/uploads\/2023\/02\/ARQUIVO-28.jpg\" alt=\"\" width=\"900\" height=\"166\" srcset=\"https:\/\/portosma.com.br\/wp-content\/uploads\/2023\/02\/ARQUIVO-28.jpg 900w, https:\/\/portosma.com.br\/wp-content\/uploads\/2023\/02\/ARQUIVO-28-300x55.jpg 300w, https:\/\/portosma.com.br\/wp-content\/uploads\/2023\/02\/ARQUIVO-28-768x142.jpg 768w\" sizes=\"(max-width: 900px) 100vw, 900px\" \/>30.07.2005<\/strong> <\/span>&#8211; Festa de Confraterniza\u00e7\u00e3o da Servprat como parte do calend\u00e1rio de eventos do Syngamar,<\/p>\n<p><span style=\"color: #993300;\"><strong><img loading=\"lazy\" decoding=\"async\" class=\"alignnone wp-image-3687 size-full\" src=\"https:\/\/portosma.com.br\/wp-content\/uploads\/2023\/02\/ARQUIVO-27.jpg\" alt=\"\" width=\"900\" height=\"192\" srcset=\"https:\/\/portosma.com.br\/wp-content\/uploads\/2023\/02\/ARQUIVO-27.jpg 900w, https:\/\/portosma.com.br\/wp-content\/uploads\/2023\/02\/ARQUIVO-27-300x64.jpg 300w, https:\/\/portosma.com.br\/wp-content\/uploads\/2023\/02\/ARQUIVO-27-768x164.jpg 768w\" sizes=\"(max-width: 900px) 100vw, 900px\" \/>28.08.2005<\/strong> <\/span>&#8211; Festa de Confraterniza\u00e7\u00e3o do Cons\u00f3rcio como parte do calend\u00e1rio de eventos do Syngamar.<\/p>\n<p><span style=\"color: #993300;\"><strong><img loading=\"lazy\" decoding=\"async\" class=\"alignnone wp-image-3686 size-full\" src=\"https:\/\/portosma.com.br\/wp-content\/uploads\/2023\/02\/ARQUIVO-26.jpg\" alt=\"\" width=\"900\" height=\"172\" srcset=\"https:\/\/portosma.com.br\/wp-content\/uploads\/2023\/02\/ARQUIVO-26.jpg 900w, https:\/\/portosma.com.br\/wp-content\/uploads\/2023\/02\/ARQUIVO-26-300x57.jpg 300w, https:\/\/portosma.com.br\/wp-content\/uploads\/2023\/02\/ARQUIVO-26-768x147.jpg 768w\" sizes=\"(max-width: 900px) 100vw, 900px\" \/>28.03.2005<\/strong><\/span> &#8211; Cobertura fotogr\u00e1fica do primeiro dia do Encontro de Entidades Portu\u00e1rias realizado em S\u00e3o Lu\u00eds.<\/p>\n<p><strong><span style=\"color: #993300;\"><img loading=\"lazy\" decoding=\"async\" class=\"alignnone wp-image-3685 size-full\" src=\"https:\/\/portosma.com.br\/wp-content\/uploads\/2023\/02\/ARQUIVO-25.jpg\" alt=\"\" width=\"900\" height=\"165\" srcset=\"https:\/\/portosma.com.br\/wp-content\/uploads\/2023\/02\/ARQUIVO-25.jpg 900w, https:\/\/portosma.com.br\/wp-content\/uploads\/2023\/02\/ARQUIVO-25-300x55.jpg 300w, https:\/\/portosma.com.br\/wp-content\/uploads\/2023\/02\/ARQUIVO-25-768x141.jpg 768w\" sizes=\"(max-width: 900px) 100vw, 900px\" \/>31.03.2005<\/span><\/strong> &#8211; Cobertura fotogr\u00e1fica do passeio mar\u00edtimo e portu\u00e1rio realizado no encerramento do Eneph em S\u00e3o Luis.<\/p>\n<p><img loading=\"lazy\" decoding=\"async\" class=\"alignnone wp-image-3684 size-full\" src=\"https:\/\/portosma.com.br\/wp-content\/uploads\/2023\/02\/ARQUIVO-24.jpg\" alt=\"\" width=\"900\" height=\"176\" srcset=\"https:\/\/portosma.com.br\/wp-content\/uploads\/2023\/02\/ARQUIVO-24.jpg 900w, https:\/\/portosma.com.br\/wp-content\/uploads\/2023\/02\/ARQUIVO-24-300x59.jpg 300w, https:\/\/portosma.com.br\/wp-content\/uploads\/2023\/02\/ARQUIVO-24-768x150.jpg 768w\" sizes=\"(max-width: 900px) 100vw, 900px\" \/><span style=\"color: #993300;\"><strong>30.03.2005<\/strong> <\/span>&#8211; Fotos do jantar de confraterniza\u00e7\u00e3o do Encontro de Entidades Portu\u00e1rias em S\u00e3o Lu\u00eds.<\/p>\n<p><span style=\"color: #993300;\"><strong><img loading=\"lazy\" decoding=\"async\" class=\"alignnone wp-image-3683 size-full\" src=\"https:\/\/portosma.com.br\/wp-content\/uploads\/2023\/02\/ARQUIVO-23.jpg\" alt=\"\" width=\"900\" height=\"154\" srcset=\"https:\/\/portosma.com.br\/wp-content\/uploads\/2023\/02\/ARQUIVO-23.jpg 900w, https:\/\/portosma.com.br\/wp-content\/uploads\/2023\/02\/ARQUIVO-23-300x51.jpg 300w, https:\/\/portosma.com.br\/wp-content\/uploads\/2023\/02\/ARQUIVO-23-768x131.jpg 768w\" sizes=\"(max-width: 900px) 100vw, 900px\" \/>28.07.2005<\/strong> <\/span>&#8211; Imagens da festa de confraterniza\u00e7\u00e3o realizada pelos159 anos da Capitania dos Portos do Maranh\u00e3o.<\/p>\n<p><span style=\"color: #993300;\"><strong><img loading=\"lazy\" decoding=\"async\" class=\"alignnone wp-image-3682 size-full\" src=\"https:\/\/portosma.com.br\/wp-content\/uploads\/2023\/02\/ARQUIVO-22.jpg\" alt=\"\" width=\"900\" height=\"171\" srcset=\"https:\/\/portosma.com.br\/wp-content\/uploads\/2023\/02\/ARQUIVO-22.jpg 900w, https:\/\/portosma.com.br\/wp-content\/uploads\/2023\/02\/ARQUIVO-22-300x57.jpg 300w, https:\/\/portosma.com.br\/wp-content\/uploads\/2023\/02\/ARQUIVO-22-768x146.jpg 768w\" sizes=\"(max-width: 900px) 100vw, 900px\" \/>28.07.2005<\/strong> <\/span>&#8211; Festa de confraterniza\u00e7\u00e3o realizada pela Brazshipping como parte dos eventos do Syngamar.<\/p>\n<p><span style=\"color: #993300;\"><strong><img loading=\"lazy\" decoding=\"async\" class=\"alignnone wp-image-3681 size-full\" src=\"https:\/\/portosma.com.br\/wp-content\/uploads\/2023\/02\/ARQUIVO-21.jpg\" alt=\"\" width=\"900\" height=\"164\" srcset=\"https:\/\/portosma.com.br\/wp-content\/uploads\/2023\/02\/ARQUIVO-21.jpg 900w, https:\/\/portosma.com.br\/wp-content\/uploads\/2023\/02\/ARQUIVO-21-300x55.jpg 300w, https:\/\/portosma.com.br\/wp-content\/uploads\/2023\/02\/ARQUIVO-21-768x140.jpg 768w\" sizes=\"(max-width: 900px) 100vw, 900px\" \/>24.09.2005<\/strong> <\/span>&#8211; Cobertura fotogr\u00e1fica da solenidade de inaugura\u00e7\u00e3o da filial de S\u00e3o Lu\u00eds da empresa Fertimport.<\/p>\n<p><span style=\"color: #993300;\"><strong><img loading=\"lazy\" decoding=\"async\" class=\"alignnone wp-image-3668 size-full\" src=\"https:\/\/portosma.com.br\/wp-content\/uploads\/2023\/02\/ARQUIVO-20.jpg\" alt=\"\" width=\"900\" height=\"173\" srcset=\"https:\/\/portosma.com.br\/wp-content\/uploads\/2023\/02\/ARQUIVO-20.jpg 900w, https:\/\/portosma.com.br\/wp-content\/uploads\/2023\/02\/ARQUIVO-20-300x58.jpg 300w, https:\/\/portosma.com.br\/wp-content\/uploads\/2023\/02\/ARQUIVO-20-768x148.jpg 768w\" sizes=\"(max-width: 900px) 100vw, 900px\" \/>28.07.2005<\/strong><\/span> &#8211; Capitania realiza torneio de futebol para comemorar o anivers\u00e1rio da Batalha Naval de Riachuello.<\/p>\n<p><span style=\"color: #993300;\"><strong><img loading=\"lazy\" decoding=\"async\" class=\"alignnone wp-image-3667 size-full\" src=\"https:\/\/portosma.com.br\/wp-content\/uploads\/2023\/02\/ARQUIVO-19.jpg\" alt=\"\" width=\"900\" height=\"165\" srcset=\"https:\/\/portosma.com.br\/wp-content\/uploads\/2023\/02\/ARQUIVO-19.jpg 900w, https:\/\/portosma.com.br\/wp-content\/uploads\/2023\/02\/ARQUIVO-19-300x55.jpg 300w, https:\/\/portosma.com.br\/wp-content\/uploads\/2023\/02\/ARQUIVO-19-768x141.jpg 768w\" sizes=\"(max-width: 900px) 100vw, 900px\" \/>22.12.2004<\/strong><\/span> &#8211; Jantar de Natal oferEcido pelo Syngamar aos agentes de navega\u00e7\u00e3o e representantes do setor portu\u00e1rio.<\/p>\n<p><span style=\"color: #993300;\"><strong><img loading=\"lazy\" decoding=\"async\" class=\"alignnone wp-image-3666 size-full\" src=\"https:\/\/portosma.com.br\/wp-content\/uploads\/2023\/02\/ARQUIVO-18.jpg\" alt=\"\" width=\"900\" height=\"133\" srcset=\"https:\/\/portosma.com.br\/wp-content\/uploads\/2023\/02\/ARQUIVO-18.jpg 900w, https:\/\/portosma.com.br\/wp-content\/uploads\/2023\/02\/ARQUIVO-18-300x44.jpg 300w, https:\/\/portosma.com.br\/wp-content\/uploads\/2023\/02\/ARQUIVO-18-768x113.jpg 768w\" sizes=\"(max-width: 900px) 100vw, 900px\" \/>25.11.2004<\/strong><\/span> &#8211; Um passeio \u00e0 cidade de Barreirinhas marcou o encontro de praticagem realizado em S\u00e3o Lu\u00eds.<\/p>\n<p><strong><span style=\"color: #993300;\"><img loading=\"lazy\" decoding=\"async\" class=\"alignnone wp-image-3665 size-full\" src=\"https:\/\/portosma.com.br\/wp-content\/uploads\/2023\/02\/ARQUIVO-17.jpg\" alt=\"\" width=\"900\" height=\"171\" srcset=\"https:\/\/portosma.com.br\/wp-content\/uploads\/2023\/02\/ARQUIVO-17.jpg 900w, https:\/\/portosma.com.br\/wp-content\/uploads\/2023\/02\/ARQUIVO-17-300x57.jpg 300w, https:\/\/portosma.com.br\/wp-content\/uploads\/2023\/02\/ARQUIVO-17-768x146.jpg 768w\" sizes=\"(max-width: 900px) 100vw, 900px\" \/>25.11.2004<\/span> <\/strong>&#8211; Um passeio \u00e0 cidade de Barreirinhas marcou o encontro de praticagem realizado em S\u00e3o Lu\u00eds.<\/p>\n<p><strong><span style=\"color: #993300;\"><img loading=\"lazy\" decoding=\"async\" class=\"alignnone wp-image-3664 size-full\" src=\"https:\/\/portosma.com.br\/wp-content\/uploads\/2023\/02\/ARQUIVO-16.jpg\" alt=\"\" width=\"900\" height=\"169\" srcset=\"https:\/\/portosma.com.br\/wp-content\/uploads\/2023\/02\/ARQUIVO-16.jpg 900w, https:\/\/portosma.com.br\/wp-content\/uploads\/2023\/02\/ARQUIVO-16-300x56.jpg 300w, https:\/\/portosma.com.br\/wp-content\/uploads\/2023\/02\/ARQUIVO-16-768x144.jpg 768w\" sizes=\"(max-width: 900px) 100vw, 900px\" \/>05.11.2004<\/span> <\/strong>&#8211; CBR batiza e faz a entrega, no Itaqui, do Rebocador Imperatriz ao setor portu\u00e1rio do Maranh\u00e3o.<\/p>\n<p><span style=\"color: #993300;\"><strong><img loading=\"lazy\" decoding=\"async\" class=\"alignnone wp-image-3663 size-full\" src=\"https:\/\/portosma.com.br\/wp-content\/uploads\/2023\/02\/ARQUIVO-15.jpg\" alt=\"\" width=\"900\" height=\"167\" srcset=\"https:\/\/portosma.com.br\/wp-content\/uploads\/2023\/02\/ARQUIVO-15.jpg 900w, https:\/\/portosma.com.br\/wp-content\/uploads\/2023\/02\/ARQUIVO-15-300x56.jpg 300w, https:\/\/portosma.com.br\/wp-content\/uploads\/2023\/02\/ARQUIVO-15-768x143.jpg 768w\" sizes=\"(max-width: 900px) 100vw, 900px\" \/>28.10.2004<\/strong><\/span> &#8211; Festa de Confraterniza\u00e7\u00e3o da COPI como parte do calend\u00e1rio de eventos do Syngamar.<\/p>\n<p>&nbsp;<\/p>\n<p><strong><span style=\"color: #993300;\"><img loading=\"lazy\" decoding=\"async\" class=\"alignnone wp-image-3662 size-full\" src=\"https:\/\/portosma.com.br\/wp-content\/uploads\/2023\/02\/ARQUIVO-14.jpg\" alt=\"\" width=\"900\" height=\"163\" srcset=\"https:\/\/portosma.com.br\/wp-content\/uploads\/2023\/02\/ARQUIVO-14.jpg 900w, https:\/\/portosma.com.br\/wp-content\/uploads\/2023\/02\/ARQUIVO-14-300x54.jpg 300w, https:\/\/portosma.com.br\/wp-content\/uploads\/2023\/02\/ARQUIVO-14-768x139.jpg 768w\" sizes=\"(max-width: 900px) 100vw, 900px\" \/>03.09.2004<\/span> <\/strong>&#8211; A Brazshipping promove o primeiro torneio de futebol entre equipes do setor portu\u00e1rio.<\/p>\n<p><span style=\"color: #993300;\"><strong><img loading=\"lazy\" decoding=\"async\" class=\"alignnone wp-image-3661 size-full\" src=\"https:\/\/portosma.com.br\/wp-content\/uploads\/2023\/02\/ARQUIVO-13.jpg\" alt=\"\" width=\"900\" height=\"163\" srcset=\"https:\/\/portosma.com.br\/wp-content\/uploads\/2023\/02\/ARQUIVO-13.jpg 900w, https:\/\/portosma.com.br\/wp-content\/uploads\/2023\/02\/ARQUIVO-13-300x54.jpg 300w, https:\/\/portosma.com.br\/wp-content\/uploads\/2023\/02\/ARQUIVO-13-768x139.jpg 768w\" sizes=\"(max-width: 900px) 100vw, 900px\" \/>28.09.2004<\/strong><\/span> &#8211; Festa de Confraterniza\u00e7\u00e3o da SERVPRAT como parte do calend\u00e1rio de eventos do Syngamar.<\/p>\n<p><span style=\"color: #993300;\"><strong><img loading=\"lazy\" decoding=\"async\" class=\"alignnone wp-image-3660 size-full\" src=\"https:\/\/portosma.com.br\/wp-content\/uploads\/2023\/02\/ARQUIVO-12.jpg\" alt=\"\" width=\"900\" height=\"165\" srcset=\"https:\/\/portosma.com.br\/wp-content\/uploads\/2023\/02\/ARQUIVO-12.jpg 900w, https:\/\/portosma.com.br\/wp-content\/uploads\/2023\/02\/ARQUIVO-12-300x55.jpg 300w, https:\/\/portosma.com.br\/wp-content\/uploads\/2023\/02\/ARQUIVO-12-768x141.jpg 768w\" sizes=\"(max-width: 900px) 100vw, 900px\" \/>24.07.2005<\/strong> <\/span>\u2013 Confraterniza\u00e7\u00e3o da Alumar como parte do calend\u00e1rio de eventos do Syngamar.<\/p>\n<p><span style=\"color: #993300;\"><strong><img loading=\"lazy\" decoding=\"async\" class=\"alignnone wp-image-3659 size-full\" src=\"https:\/\/portosma.com.br\/wp-content\/uploads\/2023\/02\/ARQUIVO-11.jpg\" alt=\"\" width=\"900\" height=\"166\" srcset=\"https:\/\/portosma.com.br\/wp-content\/uploads\/2023\/02\/ARQUIVO-11.jpg 900w, https:\/\/portosma.com.br\/wp-content\/uploads\/2023\/02\/ARQUIVO-11-300x55.jpg 300w, https:\/\/portosma.com.br\/wp-content\/uploads\/2023\/02\/ARQUIVO-11-768x142.jpg 768w\" sizes=\"(max-width: 900px) 100vw, 900px\" \/>30.07.2005<\/strong><\/span> &#8211; Galeria de imagens da festa pelos 158 anos da Capitania dos Portos do Estado do Maranh\u00e3o.<\/p>\n<p><span style=\"color: #993300;\"><strong><img loading=\"lazy\" decoding=\"async\" class=\"alignnone wp-image-3654 size-full\" src=\"https:\/\/portosma.com.br\/wp-content\/uploads\/2023\/02\/ARQUIVO-10.jpg\" alt=\"\" width=\"900\" height=\"128\" srcset=\"https:\/\/portosma.com.br\/wp-content\/uploads\/2023\/02\/ARQUIVO-10.jpg 900w, https:\/\/portosma.com.br\/wp-content\/uploads\/2023\/02\/ARQUIVO-10-300x43.jpg 300w, https:\/\/portosma.com.br\/wp-content\/uploads\/2023\/02\/ARQUIVO-10-768x109.jpg 768w\" sizes=\"(max-width: 900px) 100vw, 900px\" \/>24.07.2005<\/strong> <\/span>&#8211; Solenidade de lan\u00e7amento do rebocador Alc\u00e2ntara, da CBR, realizada no cais do porto do Itaqui.<\/p>\n<p><span style=\"color: #993300;\"><strong><img loading=\"lazy\" decoding=\"async\" class=\"alignnone wp-image-3653 size-full\" src=\"https:\/\/portosma.com.br\/wp-content\/uploads\/2023\/02\/ARQUIVO-09.jpg\" alt=\"\" width=\"900\" height=\"97\" srcset=\"https:\/\/portosma.com.br\/wp-content\/uploads\/2023\/02\/ARQUIVO-09.jpg 900w, https:\/\/portosma.com.br\/wp-content\/uploads\/2023\/02\/ARQUIVO-09-300x32.jpg 300w, https:\/\/portosma.com.br\/wp-content\/uploads\/2023\/02\/ARQUIVO-09-768x83.jpg 768w\" sizes=\"(max-width: 900px) 100vw, 900px\" \/>06.12.2004<\/strong><\/span> &#8211; Imagens da inaugura\u00e7\u00e3o da nova sede da Emap, pelo Governador Jos\u00e9 Reinaldo Tavares.<\/p>\n<p><strong><span style=\"color: #993300;\"><img loading=\"lazy\" decoding=\"async\" class=\"alignnone wp-image-3652 size-full\" src=\"https:\/\/portosma.com.br\/wp-content\/uploads\/2023\/02\/ARQUIVO-08.jpg\" alt=\"\" width=\"900\" height=\"174\" srcset=\"https:\/\/portosma.com.br\/wp-content\/uploads\/2023\/02\/ARQUIVO-08.jpg 900w, https:\/\/portosma.com.br\/wp-content\/uploads\/2023\/02\/ARQUIVO-08-300x58.jpg 300w, https:\/\/portosma.com.br\/wp-content\/uploads\/2023\/02\/ARQUIVO-08-768x148.jpg 768w\" sizes=\"(max-width: 900px) 100vw, 900px\" \/>28.08.2004<\/span> <\/strong>&#8211; Festa de Confraterniza\u00e7\u00e3o da Petrobras como parte do calend\u00e1rio de eventos do Syngamar.<\/p>\n<p><span style=\"color: #993300;\"><strong><img loading=\"lazy\" decoding=\"async\" class=\"alignnone wp-image-3651 size-full\" src=\"https:\/\/portosma.com.br\/wp-content\/uploads\/2023\/02\/ARQUIVO-07.jpg\" alt=\"\" width=\"900\" height=\"134\" srcset=\"https:\/\/portosma.com.br\/wp-content\/uploads\/2023\/02\/ARQUIVO-07.jpg 900w, https:\/\/portosma.com.br\/wp-content\/uploads\/2023\/02\/ARQUIVO-07-300x45.jpg 300w, https:\/\/portosma.com.br\/wp-content\/uploads\/2023\/02\/ARQUIVO-07-768x114.jpg 768w\" sizes=\"(max-width: 900px) 100vw, 900px\" \/>01.05.2004<\/strong><\/span> &#8211; Festa de Confraterniza\u00e7\u00e3o da Internacional como parte do calend\u00e1rio de eventos do Syngamar.<\/p>\n<p><strong><span style=\"color: #993300;\"><img loading=\"lazy\" decoding=\"async\" class=\"alignnone wp-image-3650 size-full\" src=\"https:\/\/portosma.com.br\/wp-content\/uploads\/2023\/02\/ARQUIVO-06.jpg\" alt=\"\" width=\"900\" height=\"119\" srcset=\"https:\/\/portosma.com.br\/wp-content\/uploads\/2023\/02\/ARQUIVO-06.jpg 900w, https:\/\/portosma.com.br\/wp-content\/uploads\/2023\/02\/ARQUIVO-06-300x40.jpg 300w, https:\/\/portosma.com.br\/wp-content\/uploads\/2023\/02\/ARQUIVO-06-768x102.jpg 768w\" sizes=\"(max-width: 900px) 100vw, 900px\" \/>20.10.2003<\/span> <\/strong>&#8211; Festa de Confraterniza\u00e7\u00e3o da COPI como parte do calend\u00e1rio de eventos do Syngamar.<\/p>\n<p><span style=\"color: #993300;\"><strong><img loading=\"lazy\" decoding=\"async\" class=\"alignnone wp-image-3649 size-full\" src=\"https:\/\/portosma.com.br\/wp-content\/uploads\/2023\/02\/ARQUIVO-05.jpg\" alt=\"\" width=\"900\" height=\"163\" srcset=\"https:\/\/portosma.com.br\/wp-content\/uploads\/2023\/02\/ARQUIVO-05.jpg 900w, https:\/\/portosma.com.br\/wp-content\/uploads\/2023\/02\/ARQUIVO-05-300x54.jpg 300w, https:\/\/portosma.com.br\/wp-content\/uploads\/2023\/02\/ARQUIVO-05-768x139.jpg 768w\" sizes=\"(max-width: 900px) 100vw, 900px\" \/>27.09.2003<\/strong><\/span> &#8211; Festa de Confraterniza\u00e7\u00e3o da SERVPRAT como parte do calend\u00e1rio de eventos do Syngamar.<\/p>\n<p><span style=\"color: #993300;\"><strong><img loading=\"lazy\" decoding=\"async\" class=\"alignnone wp-image-3648 size-full\" src=\"https:\/\/portosma.com.br\/wp-content\/uploads\/2023\/02\/ARQUIVO-04.jpg\" alt=\"\" width=\"900\" height=\"153\" srcset=\"https:\/\/portosma.com.br\/wp-content\/uploads\/2023\/02\/ARQUIVO-04.jpg 900w, https:\/\/portosma.com.br\/wp-content\/uploads\/2023\/02\/ARQUIVO-04-300x51.jpg 300w, https:\/\/portosma.com.br\/wp-content\/uploads\/2023\/02\/ARQUIVO-04-768x131.jpg 768w\" sizes=\"(max-width: 900px) 100vw, 900px\" \/>22.09.2003<\/strong><\/span> &#8211; Lan\u00e7amento da Lancha S\u00e3o Jos\u00e9, da Servprat que se integra a praticagem da baia de S\u00e3o Marcos.<\/p>\n<p><span style=\"color: #993300;\"><strong><img loading=\"lazy\" decoding=\"async\" class=\"alignnone wp-image-3646 size-full\" src=\"https:\/\/portosma.com.br\/wp-content\/uploads\/2023\/02\/ARQUIVO-02.jpg\" alt=\"\" width=\"900\" height=\"170\" srcset=\"https:\/\/portosma.com.br\/wp-content\/uploads\/2023\/02\/ARQUIVO-02.jpg 900w, https:\/\/portosma.com.br\/wp-content\/uploads\/2023\/02\/ARQUIVO-02-300x57.jpg 300w, https:\/\/portosma.com.br\/wp-content\/uploads\/2023\/02\/ARQUIVO-02-768x145.jpg 768w\" sizes=\"(max-width: 900px) 100vw, 900px\" \/>28.11.2003<\/strong> <\/span>&#8211; Festa de Confraterniza\u00e7\u00e3o da Alumar como parte do calend\u00e1rio de eventos do Syngamar.<\/p>\n<p><strong><span style=\"color: #993300;\"><img loading=\"lazy\" decoding=\"async\" class=\"alignnone wp-image-3645 size-full\" src=\"https:\/\/portosma.com.br\/wp-content\/uploads\/2023\/02\/ARQUIVO-01.jpg\" alt=\"\" width=\"900\" height=\"154\" srcset=\"https:\/\/portosma.com.br\/wp-content\/uploads\/2023\/02\/ARQUIVO-01.jpg 900w, https:\/\/portosma.com.br\/wp-content\/uploads\/2023\/02\/ARQUIVO-01-300x51.jpg 300w, https:\/\/portosma.com.br\/wp-content\/uploads\/2023\/02\/ARQUIVO-01-768x131.jpg 768w\" sizes=\"(max-width: 900px) 100vw, 900px\" \/>31.08.2003<\/span> <\/strong>&#8211; Festa de Confraterniza\u00e7\u00e3o da Petrobras como parte do calend\u00e1rio de eventos do Syngamar.<\/p>\n","protected":false},"excerpt":{"rendered":"<p>23.06.2021 &#8211; Numa cerim\u00f4nia c\u00edvico-militar O ent\u00e3o presidente da Soamar, Jorge Afonso Guagliani Pereira passou a &#8220;cana do leme&#8221; ao novo presidente eleito Orson Ant\u00f4nio Feres de Moraes Rego. 30.03.2018 &#8211; Cerim\u00f4nia de inaugura\u00e7\u00e3o do Ber\u00e7o 108 do Porto do Itaqui. Placa descerrada pelo Presidente da Antaq Francisval Mendes, pelo Governador do Maranh\u00e3o Fl\u00e1vio Dino [&hellip;]<\/p>\n","protected":false},"author":1,"featured_media":0,"parent":0,"menu_order":0,"comment_status":"closed","ping_status":"closed","template":"","meta":{"_editorskit_title_hidden":false,"_editorskit_reading_time":0,"_editorskit_is_block_options_detached":false,"_editorskit_block_options_position":"{}","ngg_post_thumbnail":0,"footnotes":""},"class_list":["post-3644","page","type-page","status-publish","hentry"],"yoast_head":"<!-- This site is optimized with the Yoast SEO plugin v22.5 - https:\/\/yoast.com\/wordpress\/plugins\/seo\/ -->\n<title>Arquivo e cronologia portosma - Portosma<\/title>\n<meta name=\"robots\" content=\"index, follow, max-snippet:-1, max-image-preview:large, max-video-preview:-1\" \/>\n<link rel=\"canonical\" href=\"https:\/\/portosma.com.br\/index.php\/arquivos-cronologicos-portosma-banco-de-imagens\/\" \/>\n<meta property=\"og:locale\" content=\"pt_BR\" \/>\n<meta property=\"og:type\" content=\"article\" \/>\n<meta property=\"og:title\" content=\"Arquivo e cronologia portosma - Portosma\" \/>\n<meta property=\"og:description\" content=\"23.06.2021 &#8211; Numa cerim\u00f4nia c\u00edvico-militar O ent\u00e3o presidente da Soamar, Jorge Afonso Guagliani Pereira passou a &#8220;cana do leme&#8221; ao novo presidente eleito Orson Ant\u00f4nio Feres de Moraes Rego. 30.03.2018 &#8211; Cerim\u00f4nia de inaugura\u00e7\u00e3o do Ber\u00e7o 108 do Porto do Itaqui. Placa descerrada pelo Presidente da Antaq Francisval Mendes, pelo Governador do Maranh\u00e3o Fl\u00e1vio Dino [&hellip;]\" \/>\n<meta property=\"og:url\" content=\"https:\/\/portosma.com.br\/index.php\/arquivos-cronologicos-portosma-banco-de-imagens\/\" \/>\n<meta property=\"og:site_name\" content=\"Portosma\" \/>\n<meta property=\"article:modified_time\" content=\"2023-02-23T12:34:47+00:00\" \/>\n<meta property=\"og:image\" content=\"https:\/\/portosma.com.br\/wp-content\/uploads\/2023\/02\/ARQUIVO-56.jpg\" \/>\n<meta name=\"twitter:card\" content=\"summary_large_image\" \/>\n<meta name=\"twitter:label1\" content=\"Est. tempo de leitura\" \/>\n\t<meta name=\"twitter:data1\" content=\"5 minutos\" \/>\n<script type=\"application\/ld+json\" class=\"yoast-schema-graph\">{\"@context\":\"https:\/\/schema.org\",\"@graph\":[{\"@type\":\"WebPage\",\"@id\":\"https:\/\/portosma.com.br\/index.php\/arquivos-cronologicos-portosma-banco-de-imagens\/\",\"url\":\"https:\/\/portosma.com.br\/index.php\/arquivos-cronologicos-portosma-banco-de-imagens\/\",\"name\":\"Arquivo e cronologia portosma - Portosma\",\"isPartOf\":{\"@id\":\"https:\/\/portosma.com.br\/#website\"},\"primaryImageOfPage\":{\"@id\":\"https:\/\/portosma.com.br\/index.php\/arquivos-cronologicos-portosma-banco-de-imagens\/#primaryimage\"},\"image\":{\"@id\":\"https:\/\/portosma.com.br\/index.php\/arquivos-cronologicos-portosma-banco-de-imagens\/#primaryimage\"},\"thumbnailUrl\":\"https:\/\/portosma.com.br\/wp-content\/uploads\/2023\/02\/ARQUIVO-56.jpg\",\"datePublished\":\"2023-02-01T18:46:31+00:00\",\"dateModified\":\"2023-02-23T12:34:47+00:00\",\"breadcrumb\":{\"@id\":\"https:\/\/portosma.com.br\/index.php\/arquivos-cronologicos-portosma-banco-de-imagens\/#breadcrumb\"},\"inLanguage\":\"pt-BR\",\"potentialAction\":[{\"@type\":\"ReadAction\",\"target\":[\"https:\/\/portosma.com.br\/index.php\/arquivos-cronologicos-portosma-banco-de-imagens\/\"]}]},{\"@type\":\"ImageObject\",\"inLanguage\":\"pt-BR\",\"@id\":\"https:\/\/portosma.com.br\/index.php\/arquivos-cronologicos-portosma-banco-de-imagens\/#primaryimage\",\"url\":\"https:\/\/portosma.com.br\/wp-content\/uploads\/2023\/02\/ARQUIVO-56.jpg\",\"contentUrl\":\"https:\/\/portosma.com.br\/wp-content\/uploads\/2023\/02\/ARQUIVO-56.jpg\",\"width\":900,\"height\":195},{\"@type\":\"BreadcrumbList\",\"@id\":\"https:\/\/portosma.com.br\/index.php\/arquivos-cronologicos-portosma-banco-de-imagens\/#breadcrumb\",\"itemListElement\":[{\"@type\":\"ListItem\",\"position\":1,\"name\":\"In\u00edcio\",\"item\":\"https:\/\/portosma.com.br\/\"},{\"@type\":\"ListItem\",\"position\":2,\"name\":\"Arquivo e cronologia portosma\"}]},{\"@type\":\"WebSite\",\"@id\":\"https:\/\/portosma.com.br\/#website\",\"url\":\"https:\/\/portosma.com.br\/\",\"name\":\"Portosma\",\"description\":\"Um site de not\u00edcias\",\"publisher\":{\"@id\":\"https:\/\/portosma.com.br\/#organization\"},\"potentialAction\":[{\"@type\":\"SearchAction\",\"target\":{\"@type\":\"EntryPoint\",\"urlTemplate\":\"https:\/\/portosma.com.br\/?s={search_term_string}\"},\"query-input\":\"required name=search_term_string\"}],\"inLanguage\":\"pt-BR\"},{\"@type\":\"Organization\",\"@id\":\"https:\/\/portosma.com.br\/#organization\",\"name\":\"Portosma\",\"alternateName\":\"Portosma\",\"url\":\"https:\/\/portosma.com.br\/\",\"logo\":{\"@type\":\"ImageObject\",\"inLanguage\":\"pt-BR\",\"@id\":\"https:\/\/portosma.com.br\/#\/schema\/logo\/image\/\",\"url\":\"https:\/\/portosma.com.br\/wp-content\/uploads\/2026\/03\/cropped-AD-PORTOSMA.jpg\",\"contentUrl\":\"https:\/\/portosma.com.br\/wp-content\/uploads\/2026\/03\/cropped-AD-PORTOSMA.jpg\",\"width\":400,\"height\":115,\"caption\":\"Portosma\"},\"image\":{\"@id\":\"https:\/\/portosma.com.br\/#\/schema\/logo\/image\/\"}}]}<\/script>\n<!-- \/ Yoast SEO plugin. -->","yoast_head_json":{"title":"Arquivo e cronologia portosma - Portosma","robots":{"index":"index","follow":"follow","max-snippet":"max-snippet:-1","max-image-preview":"max-image-preview:large","max-video-preview":"max-video-preview:-1"},"canonical":"https:\/\/portosma.com.br\/index.php\/arquivos-cronologicos-portosma-banco-de-imagens\/","og_locale":"pt_BR","og_type":"article","og_title":"Arquivo e cronologia portosma - Portosma","og_description":"23.06.2021 &#8211; Numa cerim\u00f4nia c\u00edvico-militar O ent\u00e3o presidente da Soamar, Jorge Afonso Guagliani Pereira passou a &#8220;cana do leme&#8221; ao novo presidente eleito Orson Ant\u00f4nio Feres de Moraes Rego. 30.03.2018 &#8211; Cerim\u00f4nia de inaugura\u00e7\u00e3o do Ber\u00e7o 108 do Porto do Itaqui. Placa descerrada pelo Presidente da Antaq Francisval Mendes, pelo Governador do Maranh\u00e3o Fl\u00e1vio Dino [&hellip;]","og_url":"https:\/\/portosma.com.br\/index.php\/arquivos-cronologicos-portosma-banco-de-imagens\/","og_site_name":"Portosma","article_modified_time":"2023-02-23T12:34:47+00:00","og_image":[{"url":"https:\/\/portosma.com.br\/wp-content\/uploads\/2023\/02\/ARQUIVO-56.jpg"}],"twitter_card":"summary_large_image","twitter_misc":{"Est. tempo de leitura":"5 minutos"},"schema":{"@context":"https:\/\/schema.org","@graph":[{"@type":"WebPage","@id":"https:\/\/portosma.com.br\/index.php\/arquivos-cronologicos-portosma-banco-de-imagens\/","url":"https:\/\/portosma.com.br\/index.php\/arquivos-cronologicos-portosma-banco-de-imagens\/","name":"Arquivo e cronologia portosma - Portosma","isPartOf":{"@id":"https:\/\/portosma.com.br\/#website"},"primaryImageOfPage":{"@id":"https:\/\/portosma.com.br\/index.php\/arquivos-cronologicos-portosma-banco-de-imagens\/#primaryimage"},"image":{"@id":"https:\/\/portosma.com.br\/index.php\/arquivos-cronologicos-portosma-banco-de-imagens\/#primaryimage"},"thumbnailUrl":"https:\/\/portosma.com.br\/wp-content\/uploads\/2023\/02\/ARQUIVO-56.jpg","datePublished":"2023-02-01T18:46:31+00:00","dateModified":"2023-02-23T12:34:47+00:00","breadcrumb":{"@id":"https:\/\/portosma.com.br\/index.php\/arquivos-cronologicos-portosma-banco-de-imagens\/#breadcrumb"},"inLanguage":"pt-BR","potentialAction":[{"@type":"ReadAction","target":["https:\/\/portosma.com.br\/index.php\/arquivos-cronologicos-portosma-banco-de-imagens\/"]}]},{"@type":"ImageObject","inLanguage":"pt-BR","@id":"https:\/\/portosma.com.br\/index.php\/arquivos-cronologicos-portosma-banco-de-imagens\/#primaryimage","url":"https:\/\/portosma.com.br\/wp-content\/uploads\/2023\/02\/ARQUIVO-56.jpg","contentUrl":"https:\/\/portosma.com.br\/wp-content\/uploads\/2023\/02\/ARQUIVO-56.jpg","width":900,"height":195},{"@type":"BreadcrumbList","@id":"https:\/\/portosma.com.br\/index.php\/arquivos-cronologicos-portosma-banco-de-imagens\/#breadcrumb","itemListElement":[{"@type":"ListItem","position":1,"name":"In\u00edcio","item":"https:\/\/portosma.com.br\/"},{"@type":"ListItem","position":2,"name":"Arquivo e cronologia portosma"}]},{"@type":"WebSite","@id":"https:\/\/portosma.com.br\/#website","url":"https:\/\/portosma.com.br\/","name":"Portosma","description":"Um site de not\u00edcias","publisher":{"@id":"https:\/\/portosma.com.br\/#organization"},"potentialAction":[{"@type":"SearchAction","target":{"@type":"EntryPoint","urlTemplate":"https:\/\/portosma.com.br\/?s={search_term_string}"},"query-input":"required name=search_term_string"}],"inLanguage":"pt-BR"},{"@type":"Organization","@id":"https:\/\/portosma.com.br\/#organization","name":"Portosma","alternateName":"Portosma","url":"https:\/\/portosma.com.br\/","logo":{"@type":"ImageObject","inLanguage":"pt-BR","@id":"https:\/\/portosma.com.br\/#\/schema\/logo\/image\/","url":"https:\/\/portosma.com.br\/wp-content\/uploads\/2026\/03\/cropped-AD-PORTOSMA.jpg","contentUrl":"https:\/\/portosma.com.br\/wp-content\/uploads\/2026\/03\/cropped-AD-PORTOSMA.jpg","width":400,"height":115,"caption":"Portosma"},"image":{"@id":"https:\/\/portosma.com.br\/#\/schema\/logo\/image\/"}}]}},"_links":{"self":[{"href":"https:\/\/portosma.com.br\/index.php\/wp-json\/wp\/v2\/pages\/3644","targetHints":{"allow":["GET"]}}],"collection":[{"href":"https:\/\/portosma.com.br\/index.php\/wp-json\/wp\/v2\/pages"}],"about":[{"href":"https:\/\/portosma.com.br\/index.php\/wp-json\/wp\/v2\/types\/page"}],"author":[{"embeddable":true,"href":"https:\/\/portosma.com.br\/index.php\/wp-json\/wp\/v2\/users\/1"}],"replies":[{"embeddable":true,"href":"https:\/\/portosma.com.br\/index.php\/wp-json\/wp\/v2\/comments?post=3644"}],"version-history":[{"count":13,"href":"https:\/\/portosma.com.br\/index.php\/wp-json\/wp\/v2\/pages\/3644\/revisions"}],"predecessor-version":[{"id":4923,"href":"https:\/\/portosma.com.br\/index.php\/wp-json\/wp\/v2\/pages\/3644\/revisions\/4923"}],"wp:attachment":[{"href":"https:\/\/portosma.com.br\/index.php\/wp-json\/wp\/v2\/media?parent=3644"}],"curies":[{"name":"wp","href":"https:\/\/api.w.org\/{rel}","templated":true}]}}